    {"id":40170,"date":"2026-09-01T11:24:24","date_gmt":"2026-09-01T15:24:24","guid":{"rendered":"https:\/\/www.fbdm-mcaf.ca\/?post_type=tribe_events&#038;p=40170"},"modified":"2026-09-01T11:24:24","modified_gmt":"2026-09-01T15:24:24","slug":"fr-lancement-bd-les-glaces-yoakim-belanger-et-rebecca-deraspe","status":"publish","type":"tribe_events","link":"https:\/\/www.fbdm-mcaf.ca\/en\/event\/fr-lancement-bd-les-glaces-yoakim-belanger-et-rebecca-deraspe\/","title":{"rendered":"FR | Lancement | BD Les glaces (Yoakim B\u00e9langer et R\u00e9becca D\u00e9raspe)"},"content":{"rendered":"<div class=\"xdj266r x14z9mp xat24cr x1lziwak x1vvkbs\">Les \u00c9ditions \u00c9cosoci\u00e9t\u00e9 sont heureuses de vous inviter au lancement de la BD <em>Les glaces<\/em>, de Yoakim B\u00e9langer et R\u00e9becca D\u00e9raspe, le 16 septembre \u00e0 17h30 \u00e0 la Livrerie (1289 Rue Ontario E, Montr\u00e9al). Pour l&#8217;occasion, les deux auteur\u00b7ices prendront la parole pour nous parler du processus de cr\u00e9ation et de l&#8217;impact que cette oeuvre peut avoir sur ceux et celles qui la lisent.<\/div>\n<div><\/div>\n<div class=\"x14z9mp xat24cr x1lziwak x1vvkbs xtlvy1s\">\u00c0 propos de la BD \/\/<\/div>\n<div class=\"x14z9mp xat24cr x1lziwak x1vvkbs xtlvy1s\">\u00ab Travailler sur LES GLACES m&#8217;a amen\u00e9 \u00e0 me poser \u00e9norm\u00e9ment de questions sur mon propre parcours. Sur moi, comme homme. Sur les erreurs que j&#8217;ai pu faire, sur les comportements que j&#8217;ai pu et peux encore avoir, sur mes angles morts. \u00bb<\/div>\n<div class=\"x14z9mp xat24cr x1lziwak x1vvkbs xtlvy1s\">Quand l\u2019illustrateur et b\u00e9d\u00e9iste Yoakim B\u00e9langer a d\u00e9couvert le texte de la pi\u00e8ce de th\u00e9\u00e2tre LES GLACES de R\u00e9becca D\u00e9raspe (Les \u00e9ditions de Ta M\u00e8re, 2023), il l\u2019a lu d\u2019un trait. Secou\u00e9, il a tout de suite voulu l&#8217;adapter en bande dessin\u00e9e. Cette rencontre litt\u00e9raire l\u2019a plong\u00e9 dans une grande r\u00e9flexion personnelle.<\/div>\n<div class=\"x14z9mp xat24cr x1lziwak x1vvkbs xtlvy1s\">Si LES GLACES a eu tant d\u2019impact sur lui, c\u2019est bien parce qu\u2019il s\u2019agit d\u2019une histoire pleine de sensibilit\u00e9, de courage et de nuances : lorsque No\u00e9mie apprend que son fils est accus\u00e9 d\u2019agression sexuelle, elle est aspir\u00e9e par la vague et forc\u00e9e de replonger dans ses traumas. Parce que si la t\u00eate peut faire croire \u00e0 l\u2019exil de la souffrance, le corps, lui, n\u2019oublie jamais. De la fonte de ses propres glaces na\u00eet alors une certitude : elle doit confronter les deux hommes qui, il y a vingt ans, l\u2019ont elle-m\u00eame agress\u00e9e. Le ressac des questions qui \u00e9mergent bouscule alors les trajectoires de plusieurs personnes.<\/div>\n<div class=\"x14z9mp xat24cr x1lziwak x1vvkbs xtlvy1s\">Dans ses dessins, Yoakim se met lui-m\u00eame en sc\u00e8ne, avec son p\u00e8re, incarnant des personnages d&#8217;hommes qui acceptent de remettre en question leur rapport \u00e0 leur propre \u00e9ducation. Cette BD poursuit ainsi un dialogue n\u00e9cessaire sur les violences sexuelles.<\/div>\n<div class=\"x14z9mp xat24cr x1lziwak x1vvkbs xtlvy1s\">\u00ab En voyant les premi\u00e8res esquisses j&#8217;ai \u00e9t\u00e9 renvers\u00e9e, tant par la justesse de son \u0153il que par celle de son c\u0153ur. Mais ce qui m&#8217;a le plus touch\u00e9e, \u00e7a l\u2019a \u00e9t\u00e9 de l&#8217;entendre me parler de ce qui s&#8217;est transform\u00e9 en lui au contact de cette mati\u00e8re.\u00bb, nous dit R\u00e9becca D\u00e9raspe.<\/div>\n<div><\/div>\n<div class=\"x14z9mp xat24cr x1lziwak x1vvkbs xtlvy1s\">M\u00eame avec un sujet d\u00e9licat, cette BD parvient \u00e0 nous faire rire, pleurer, et laisse place \u00e0 de grands moments de douceur. Un tour de force.<\/div>\n<div><\/div>\n<div class=\"x14z9mp xat24cr x1lziwak x1vvkbs xtlvy1s\">\u00c0 propos des auteur\u00b7ices \/\/<\/div>\n<div class=\"x14z9mp xat24cr x1lziwak x1vvkbs xtlvy1s\">Artiste peintre multidisciplinaire, Yoakim B\u00e9langer expose partout au Canada et dans de nombreuses foires internationales. Il vit \u00e0 Montr\u00e9al, dans le quartier Hochelaga-Maisonneuve.<\/div>\n<div class=\"x14z9mp xat24cr x1lziwak x1vvkbs xtlvy1s\">R\u00e9becca D\u00e9raspe est l\u2019autrice de plusieurs pi\u00e8ces de th\u00e9\u00e2tre jou\u00e9es \u00e0 travers le monde. En 2023, <em>Les glaces<\/em> a \u00e9t\u00e9 finaliste au Prix du Gouverneur g\u00e9n\u00e9ral et r\u00e9cipiendaire du Prix Michel-Tremblay.<\/div>\n","protected":false},"excerpt":{"rendered":"<p class=\"post-excerpt\">Les \u00c9ditions \u00c9cosoci\u00e9t\u00e9 sont heureuses de vous inviter au lancement de la BD <em>Les glaces<\/em>, de Yoakim B\u00e9langer et R\u00e9becca D\u00e9raspe, le 16 septembre \u00e0 17h30 \u00e0 la Livrerie (1289 Rue Ontario E, Montr\u00e9al). Pour l&#8217;occasion, les deux auteur\u00b7ices prendront la parole pour nous parler du processus de cr\u00e9ation et de l&#8217;impact que cette oeuvre peut avoir sur ceux et celles qui la lisent&#8230;.<\/p>\n<p><a class=\"post-learn-more\" href=\"https:\/\/www.fbdm-mcaf.ca\/en\/event\/fr-lancement-bd-les-glaces-yoakim-belanger-et-rebecca-deraspe\/\">Read more<span>&nbsp;><\/span><\/a><\/p><\/p>\n","protected":false},"author":15,"featured_media":40171,"template":"","meta":{"_acf_changed":false,"_price":"","_stock":"","_tribe_ticket_header":"","_tribe_default_ticket_provider":"","_tribe_ticket_capacity":"0","_ticket_start_date":"","_ticket_end_date":"","_tribe_ticket_show_description":"","_tribe_ticket_show_not_going":false,"_tribe_ticket_use_global_stock":"","_tribe_ticket_global_stock_level":"","_global_stock_mode":"","_global_stock_cap":"","_tribe_rsvp_for_event":"","_tribe_ticket_going_count":"","_tribe_ticket_not_going_count":"","_tribe_tickets_list":"[]","_tribe_ticket_has_attendee_info_fields":false,"_tribe_events_status":"","_tribe_events_status_reason":"","_tribe_events_is_hybrid":"","_tribe_events_is_virtual":"","_tribe_events_virtual_video_source":"","_tribe_events_virtual_embed_video":"","_tribe_events_virtual_linked_button_text":"","_tribe_events_virtual_linked_button":"","_tribe_events_virtual_show_embed_at":"","_tribe_events_virtual_show_embed_to":[],"_tribe_events_virtual_show_on_event":"","_tribe_events_virtual_show_on_views":"","_tribe_events_virtual_url":"","footnotes":"","_tec_slr_enabled":"","_tec_slr_layout":""},"tags":[],"tribe_events_cat":[315],"class_list":["post-40170","tribe_events","type-tribe_events","status-publish","has-post-thumbnail","hentry","tribe_events_cat-launch","cat_launch"],"acf":[],"yoast_head":"<!-- This site is optimized with the Yoast SEO plugin v28.4 - https:\/\/yoast.com\/product\/yoast-seo-wordpress\/ -->\n<title>FR | Lancement | BD Les glaces (Yoakim B\u00e9langer et R\u00e9becca D\u00e9raspe) &#8226; MCAF<\/title>\n<meta name=\"robots\" content=\"index, follow, max-snippet:-1, max-image-preview:large, max-video-preview:-1\" \/>\n<link rel=\"canonical\" href=\"https:\/\/www.fbdm-mcaf.ca\/en\/event\/fr-lancement-bd-les-glaces-yoakim-belanger-et-rebecca-deraspe\/\" \/>\n<meta property=\"og:locale\" content=\"en_US\" \/>\n<meta property=\"og:type\" content=\"article\" \/>\n<meta property=\"og:title\" content=\"FR | Lancement | BD Les glaces (Yoakim B\u00e9langer et R\u00e9becca D\u00e9raspe) &#8226; MCAF\" \/>\n<meta property=\"og:description\" content=\"Les \u00c9ditions \u00c9cosoci\u00e9t\u00e9 sont heureuses de vous inviter au lancement de la BD Les glaces, de Yoakim B\u00e9langer et R\u00e9becca D\u00e9raspe, le 16 septembre \u00e0 17h30 \u00e0 la Livrerie (1289 Rue Ontario E, Montr\u00e9al). Pour l&#8217;occasion, les deux auteur\u00b7ices prendront la parole pour nous parler du processus de cr\u00e9ation et de l&#8217;impact que cette oeuvre peut avoir sur ceux et celles qui la lisent....Read more&nbsp;&gt;\" \/>\n<meta property=\"og:url\" content=\"https:\/\/www.fbdm-mcaf.ca\/en\/event\/fr-lancement-bd-les-glaces-yoakim-belanger-et-rebecca-deraspe\/\" \/>\n<meta property=\"og:site_name\" content=\"MCAF\" \/>\n<meta property=\"article:publisher\" content=\"https:\/\/www.facebook.com\/FestivalBDMontreal\/\" \/>\n<meta property=\"og:image\" content=\"https:\/\/www.fbdm-mcaf.ca\/wp-content\/uploads\/Lancement_LesGlaces.jpeg\" \/>\n\t<meta property=\"og:image:width\" content=\"1093\" \/>\n\t<meta property=\"og:image:height\" content=\"615\" \/>\n\t<meta property=\"og:image:type\" content=\"image\/jpeg\" \/>\n<meta name=\"twitter:card\" content=\"summary_large_image\" \/>\n<meta name=\"twitter:site\" content=\"@fbdm_mtl\" \/>\n<meta name=\"twitter:label1\" content=\"Est. reading time\" \/>\n\t<meta name=\"twitter:data1\" content=\"3 minutes\" \/>\n<script type=\"application\/ld+json\" class=\"yoast-schema-graph\">{\"@context\":\"https:\\\/\\\/schema.org\",\"@graph\":[{\"@type\":\"WebPage\",\"@id\":\"https:\\\/\\\/www.fbdm-mcaf.ca\\\/en\\\/event\\\/fr-lancement-bd-les-glaces-yoakim-belanger-et-rebecca-deraspe\\\/\",\"url\":\"https:\\\/\\\/www.fbdm-mcaf.ca\\\/en\\\/event\\\/fr-lancement-bd-les-glaces-yoakim-belanger-et-rebecca-deraspe\\\/\",\"name\":\"FR | Lancement | BD Les glaces (Yoakim B\u00e9langer et R\u00e9becca D\u00e9raspe) &#8226; MCAF\",\"isPartOf\":{\"@id\":\"https:\\\/\\\/www.fbdm-mcaf.ca\\\/en\\\/#website\"},\"primaryImageOfPage\":{\"@id\":\"https:\\\/\\\/www.fbdm-mcaf.ca\\\/en\\\/event\\\/fr-lancement-bd-les-glaces-yoakim-belanger-et-rebecca-deraspe\\\/#primaryimage\"},\"image\":{\"@id\":\"https:\\\/\\\/www.fbdm-mcaf.ca\\\/en\\\/event\\\/fr-lancement-bd-les-glaces-yoakim-belanger-et-rebecca-deraspe\\\/#primaryimage\"},\"thumbnailUrl\":\"https:\\\/\\\/www.fbdm-mcaf.ca\\\/wp-content\\\/uploads\\\/Lancement_LesGlaces.jpeg\",\"datePublished\":\"2026-09-01T15:24:24+00:00\",\"breadcrumb\":{\"@id\":\"https:\\\/\\\/www.fbdm-mcaf.ca\\\/en\\\/event\\\/fr-lancement-bd-les-glaces-yoakim-belanger-et-rebecca-deraspe\\\/#breadcrumb\"},\"inLanguage\":\"en-US\",\"potentialAction\":[{\"@type\":\"ReadAction\",\"target\":[\"https:\\\/\\\/www.fbdm-mcaf.ca\\\/en\\\/event\\\/fr-lancement-bd-les-glaces-yoakim-belanger-et-rebecca-deraspe\\\/\"]}]},{\"@type\":\"ImageObject\",\"inLanguage\":\"en-US\",\"@id\":\"https:\\\/\\\/www.fbdm-mcaf.ca\\\/en\\\/event\\\/fr-lancement-bd-les-glaces-yoakim-belanger-et-rebecca-deraspe\\\/#primaryimage\",\"url\":\"https:\\\/\\\/www.fbdm-mcaf.ca\\\/wp-content\\\/uploads\\\/Lancement_LesGlaces.jpeg\",\"contentUrl\":\"https:\\\/\\\/www.fbdm-mcaf.ca\\\/wp-content\\\/uploads\\\/Lancement_LesGlaces.jpeg\",\"width\":1093,\"height\":615},{\"@type\":\"BreadcrumbList\",\"@id\":\"https:\\\/\\\/www.fbdm-mcaf.ca\\\/en\\\/event\\\/fr-lancement-bd-les-glaces-yoakim-belanger-et-rebecca-deraspe\\\/#breadcrumb\",\"itemListElement\":[{\"@type\":\"ListItem\",\"position\":1,\"name\":\"Home\",\"item\":\"https:\\\/\\\/www.fbdm-mcaf.ca\\\/en\\\/\"},{\"@type\":\"ListItem\",\"position\":2,\"name\":\"Events\",\"item\":\"https:\\\/\\\/www.fbdm-mcaf.ca\\\/en\\\/events\\\/\"},{\"@type\":\"ListItem\",\"position\":3,\"name\":\"FR | Lancement | BD Les glaces (Yoakim B\u00e9langer et R\u00e9becca D\u00e9raspe)\"}]},{\"@type\":\"WebSite\",\"@id\":\"https:\\\/\\\/www.fbdm-mcaf.ca\\\/en\\\/#website\",\"url\":\"https:\\\/\\\/www.fbdm-mcaf.ca\\\/en\\\/\",\"name\":\"MCAF\",\"description\":\"Montreal Comic Arts Festival\",\"potentialAction\":[{\"@type\":\"SearchAction\",\"target\":{\"@type\":\"EntryPoint\",\"urlTemplate\":\"https:\\\/\\\/www.fbdm-mcaf.ca\\\/en\\\/?s={search_term_string}\"},\"query-input\":{\"@type\":\"PropertyValueSpecification\",\"valueRequired\":true,\"valueName\":\"search_term_string\"}}],\"inLanguage\":\"en-US\"}]}<\/script>\n<!-- \/ Yoast SEO plugin. -->","yoast_head_json":{"title":"FR | Lancement | BD Les glaces (Yoakim B\u00e9langer et R\u00e9becca D\u00e9raspe) &#8226; MCAF","robots":{"index":"index","follow":"follow","max-snippet":"max-snippet:-1","max-image-preview":"max-image-preview:large","max-video-preview":"max-video-preview:-1"},"canonical":"https:\/\/www.fbdm-mcaf.ca\/en\/event\/fr-lancement-bd-les-glaces-yoakim-belanger-et-rebecca-deraspe\/","og_locale":"en_US","og_type":"article","og_title":"FR | Lancement | BD Les glaces (Yoakim B\u00e9langer et R\u00e9becca D\u00e9raspe) &#8226; MCAF","og_description":"Les \u00c9ditions \u00c9cosoci\u00e9t\u00e9 sont heureuses de vous inviter au lancement de la BD Les glaces, de Yoakim B\u00e9langer et R\u00e9becca D\u00e9raspe, le 16 septembre \u00e0 17h30 \u00e0 la Livrerie (1289 Rue Ontario E, Montr\u00e9al). Pour l&#8217;occasion, les deux auteur\u00b7ices prendront la parole pour nous parler du processus de cr\u00e9ation et de l&#8217;impact que cette oeuvre peut avoir sur ceux et celles qui la lisent....Read more&nbsp;>","og_url":"https:\/\/www.fbdm-mcaf.ca\/en\/event\/fr-lancement-bd-les-glaces-yoakim-belanger-et-rebecca-deraspe\/","og_site_name":"MCAF","article_publisher":"https:\/\/www.facebook.com\/FestivalBDMontreal\/","og_image":[{"width":1093,"height":615,"url":"https:\/\/www.fbdm-mcaf.ca\/wp-content\/uploads\/Lancement_LesGlaces.jpeg","type":"image\/jpeg"}],"twitter_card":"summary_large_image","twitter_site":"@fbdm_mtl","twitter_misc":{"Est. reading time":"3 minutes"},"schema":{"@context":"https:\/\/schema.org","@graph":[{"@type":"WebPage","@id":"https:\/\/www.fbdm-mcaf.ca\/en\/event\/fr-lancement-bd-les-glaces-yoakim-belanger-et-rebecca-deraspe\/","url":"https:\/\/www.fbdm-mcaf.ca\/en\/event\/fr-lancement-bd-les-glaces-yoakim-belanger-et-rebecca-deraspe\/","name":"FR | Lancement | BD Les glaces (Yoakim B\u00e9langer et R\u00e9becca D\u00e9raspe) &#8226; MCAF","isPartOf":{"@id":"https:\/\/www.fbdm-mcaf.ca\/en\/#website"},"primaryImageOfPage":{"@id":"https:\/\/www.fbdm-mcaf.ca\/en\/event\/fr-lancement-bd-les-glaces-yoakim-belanger-et-rebecca-deraspe\/#primaryimage"},"image":{"@id":"https:\/\/www.fbdm-mcaf.ca\/en\/event\/fr-lancement-bd-les-glaces-yoakim-belanger-et-rebecca-deraspe\/#primaryimage"},"thumbnailUrl":"https:\/\/www.fbdm-mcaf.ca\/wp-content\/uploads\/Lancement_LesGlaces.jpeg","datePublished":"2026-09-01T15:24:24+00:00","breadcrumb":{"@id":"https:\/\/www.fbdm-mcaf.ca\/en\/event\/fr-lancement-bd-les-glaces-yoakim-belanger-et-rebecca-deraspe\/#breadcrumb"},"inLanguage":"en-US","potentialAction":[{"@type":"ReadAction","target":["https:\/\/www.fbdm-mcaf.ca\/en\/event\/fr-lancement-bd-les-glaces-yoakim-belanger-et-rebecca-deraspe\/"]}]},{"@type":"ImageObject","inLanguage":"en-US","@id":"https:\/\/www.fbdm-mcaf.ca\/en\/event\/fr-lancement-bd-les-glaces-yoakim-belanger-et-rebecca-deraspe\/#primaryimage","url":"https:\/\/www.fbdm-mcaf.ca\/wp-content\/uploads\/Lancement_LesGlaces.jpeg","contentUrl":"https:\/\/www.fbdm-mcaf.ca\/wp-content\/uploads\/Lancement_LesGlaces.jpeg","width":1093,"height":615},{"@type":"BreadcrumbList","@id":"https:\/\/www.fbdm-mcaf.ca\/en\/event\/fr-lancement-bd-les-glaces-yoakim-belanger-et-rebecca-deraspe\/#breadcrumb","itemListElement":[{"@type":"ListItem","position":1,"name":"Home","item":"https:\/\/www.fbdm-mcaf.ca\/en\/"},{"@type":"ListItem","position":2,"name":"Events","item":"https:\/\/www.fbdm-mcaf.ca\/en\/events\/"},{"@type":"ListItem","position":3,"name":"FR | Lancement | BD Les glaces (Yoakim B\u00e9langer et R\u00e9becca D\u00e9raspe)"}]},{"@type":"WebSite","@id":"https:\/\/www.fbdm-mcaf.ca\/en\/#website","url":"https:\/\/www.fbdm-mcaf.ca\/en\/","name":"MCAF","description":"Montreal Comic Arts Festival","potentialAction":[{"@type":"SearchAction","target":{"@type":"EntryPoint","urlTemplate":"https:\/\/www.fbdm-mcaf.ca\/en\/?s={search_term_string}"},"query-input":{"@type":"PropertyValueSpecification","valueRequired":true,"valueName":"search_term_string"}}],"inLanguage":"en-US"}]}},"ticketed":false,"_links":{"self":[{"href":"https:\/\/www.fbdm-mcaf.ca\/en\/wp-json\/wp\/v2\/tribe_events\/40170","targetHints":{"allow":["GET"]}}],"collection":[{"href":"https:\/\/www.fbdm-mcaf.ca\/en\/wp-json\/wp\/v2\/tribe_events"}],"about":[{"href":"https:\/\/www.fbdm-mcaf.ca\/en\/wp-json\/wp\/v2\/types\/tribe_events"}],"author":[{"embeddable":true,"href":"https:\/\/www.fbdm-mcaf.ca\/en\/wp-json\/wp\/v2\/users\/15"}],"version-history":[{"count":1,"href":"https:\/\/www.fbdm-mcaf.ca\/en\/wp-json\/wp\/v2\/tribe_events\/40170\/revisions"}],"predecessor-version":[{"id":40172,"href":"https:\/\/www.fbdm-mcaf.ca\/en\/wp-json\/wp\/v2\/tribe_events\/40170\/revisions\/40172"}],"wp:featuredmedia":[{"embeddable":true,"href":"https:\/\/www.fbdm-mcaf.ca\/en\/wp-json\/wp\/v2\/media\/40171"}],"wp:attachment":[{"href":"https:\/\/www.fbdm-mcaf.ca\/en\/wp-json\/wp\/v2\/media?parent=40170"}],"wp:term":[{"taxonomy":"post_tag","embeddable":true,"href":"https:\/\/www.fbdm-mcaf.ca\/en\/wp-json\/wp\/v2\/tags?post=40170"},{"taxonomy":"tribe_events_cat","embeddable":true,"href":"https:\/\/www.fbdm-mcaf.ca\/en\/wp-json\/wp\/v2\/tribe_events_cat?post=40170"}],"curies":[{"name":"wp","href":"https:\/\/api.w.org\/{rel}","templated":true}]}}