{"id":39324,"date":"2026-04-28T11:18:55","date_gmt":"2026-04-28T15:18:55","guid":{"rendered":"https:\/\/www.fbdm-mcaf.ca\/?post_type=tribe_events&#038;p=39324"},"modified":"2026-04-28T11:25:41","modified_gmt":"2026-04-28T15:25:41","slug":"le-15e-festival-bd-de-montreal-15th-montreal-comic-arts-festival","status":"publish","type":"tribe_events","link":"https:\/\/www.fbdm-mcaf.ca\/en\/event\/le-15e-festival-bd-de-montreal-15th-montreal-comic-arts-festival\/","title":{"rendered":"Le 15e Festival BD de Montr\u00e9al | 15th Montreal Comic Arts Festival"},"content":{"rendered":"<div class=\"xdj266r x14z9mp xat24cr x1lziwak x1vvkbs\">Pr\u00e9sent\u00e9 en collaboration avec la SDC rue Saint-Denis et T\u00e9l\u00e9-Qu\u00e9bec.<\/div>\n<div class=\"x14z9mp xat24cr x1lziwak x1vvkbs xtlvy1s\">Pour sa 15e \u00e9dition sous le th\u00e8me \u00ab VIVANTE! \u00bb, le Festival BD de Montr\u00e9al (FBDM) propose une programmation compl\u00e8tement gratuite. Venez d\u00e9couvrir et rencontrer plus de 350 artistes et 190 exposant\u00b7es sous les chapiteaux!<\/div>\n<div class=\"x14z9mp xat24cr x1lziwak x1vvkbs xtlvy1s\">Le FBDM, c\u2019est la plus grande c\u00e9l\u00e9bration de la bande dessin\u00e9e au Canada avec 1,2 km de rue pi\u00e9tonne ponctu\u00e9 d\u2019activit\u00e9s, d\u2019expositions et de rencontres, beau temps, mauvais temps. Situ\u00e9 \u00e0 proximit\u00e9 des stations de m\u00e9tro Laurier, Mont-Royal et Sherbrooke, le site du Festival est facilement accessible en transport en commun ou en v\u00e9lo.<\/div>\n<div class=\"x14z9mp xat24cr x1lziwak x1vvkbs xtlvy1s\">Merci \u00e0 nos partenaires : la SDC Rue Saint-Denis, T\u00e9l\u00e9-Qu\u00e9bec, la SODEC, le Minist\u00e8re du Tourisme du Qu\u00e9bec, le Minist\u00e8re de la Culture et des Communications, Patrimoine canadien, le Conseil des arts du Canada, le Service de la culture de la Ville de Montr\u00e9al, le Conseil des arts de Montr\u00e9al, Tourisme Montr\u00e9al, l\u2019Arrondissement Plateau\u2013Mont-Royal, la Caisse Desjardins du Plateau-Mont-Royal, La Presse, la Librairie Plan\u00e8te BD et Copibec.<\/div>\n<div class=\"x14z9mp xat24cr x1lziwak x1vvkbs xtlvy1s\"><span class=\"html-span xexx8yu xyri2b x18d9i69 x1c1uobl x1hl2dhg x16tdsg8 x1vvkbs x3nfvp2 x1j61x8r x1fcty0u xdj266r xat24cr xm2jcoa x1mpyi22 xxymvpz xlup9mm x1kky2od\"><img loading=\"lazy\" decoding=\"async\" class=\"xz74otr x15mokao x1ga7v0g x16uus16 xbiv7yw\" src=\"https:\/\/static.xx.fbcdn.net\/images\/emoji.php\/v9\/tcc\/2\/16\/1f4cd.png\" alt=\"&#x1f4cd;\" width=\"16\" height=\"16\" \/><\/span>\u00a0O\u00f9 : Sur la rue Saint-Denis, entre les rues Gilford et Roy<br class=\"html-br\" \/><span class=\"html-span xexx8yu xyri2b x18d9i69 x1c1uobl x1hl2dhg x16tdsg8 x1vvkbs x3nfvp2 x1j61x8r x1fcty0u xdj266r xat24cr xm2jcoa x1mpyi22 xxymvpz xlup9mm x1kky2od\"><img loading=\"lazy\" decoding=\"async\" class=\"xz74otr x15mokao x1ga7v0g x16uus16 xbiv7yw\" src=\"https:\/\/static.xx.fbcdn.net\/images\/emoji.php\/v9\/t9e\/2\/16\/1f4c6.png\" alt=\"&#x1f4c6;\" width=\"16\" height=\"16\" \/><\/span>\u00a0Quand : du 15 au 17 mai<br class=\"html-br\" \/><span class=\"html-span xexx8yu xyri2b x18d9i69 x1c1uobl x1hl2dhg x16tdsg8 x1vvkbs x3nfvp2 x1j61x8r x1fcty0u xdj266r xat24cr xm2jcoa x1mpyi22 xxymvpz xlup9mm x1kky2od\"><img loading=\"lazy\" decoding=\"async\" class=\"xz74otr x15mokao x1ga7v0g x16uus16 xbiv7yw\" src=\"https:\/\/static.xx.fbcdn.net\/images\/emoji.php\/v9\/t77\/2\/16\/1f39f.png\" alt=\"&#x1f39f;&#xfe0f;\" width=\"16\" height=\"16\" \/><\/span>\u00a0Prix : Gratuit!<br class=\"html-br\" \/><span class=\"html-span xexx8yu xyri2b x18d9i69 x1c1uobl x1hl2dhg x16tdsg8 x1vvkbs x3nfvp2 x1j61x8r x1fcty0u xdj266r xat24cr xm2jcoa x1mpyi22 xxymvpz xlup9mm x1kky2od\"><img loading=\"lazy\" decoding=\"async\" class=\"xz74otr x15mokao x1ga7v0g x16uus16 xbiv7yw\" src=\"https:\/\/static.xx.fbcdn.net\/images\/emoji.php\/v9\/td\/2\/16\/1f4ac.png\" alt=\"&#x1f4ac;\" width=\"16\" height=\"16\" \/><\/span>\u00a0Plus d\u2019infos :\u00a0<a class=\"x1i10hfl xjbqb8w x1ejq31n x18oe1m7 x1sy0etr xstzfhl x972fbf x10w94by x1qhh985 x14e42zd x9f619 x1ypdohk xt0psk2 x3ct3a4 xdj266r x14z9mp xat24cr x1lziwak xexx8yu xyri2b x18d9i69 x1c1uobl x16tdsg8 x1hl2dhg xggy1nq x1a2a7pz xkrqix3 x1sur9pj x1fey0fg x1s688f\" tabindex=\"0\" role=\"link\" href=\"https:\/\/l.facebook.com\/l.php?u=http%3A%2F%2Ffbdm-mcaf.ca%2F%3Ffbclid%3DIwZXh0bgNhZW0CMTAAYnJpZBExaDBIS0plTnhuRWdta3ROWXNydGMGYXBwX2lkEDIyMjAzOTE3ODgyMDA4OTIAAR7rbCliFar-wlLxSRKPjFoex-DRImppcy_5WC4jsnLIJbabuuingXvh2Oswww_aem_GfMEJxSkVKohmMfE7EILlA&amp;h=AT41GT3Tg4yFE_lMrJX6VlzNqhdHn_opGYWefuK_WF4mfCm1Jvc_T6bDQEC6NgcGD0PkliL_OtNyEoho9mBVJwrc18XUmmMw2ejFp7pgl3ifLnh96bjOWZifvuKS_OhUd_aX9lZl2ggccNlRkGoTog&amp;__tn__=q&amp;c[0]=AT5xf95S6AJ9NeNB8F3h2LBZssewmFa_YlojQjdUjjqoTJ4MSj-Ndj3I0eZxCvXOfmCKcEzW4BVMHdQwxGr-btJa4deQz0Ubs0wpB2pVAkl0_D_rXrP1byqrW5GAhetaxj8FdYX_1irdDGHCn9FuyEvPxX4lbkW5KPQ\" target=\"_blank\" rel=\"nofollow noopener noreferrer\">fbdm-mcaf.ca<\/a><\/div>\n<div class=\"x14z9mp xat24cr x1lziwak x1vvkbs xtlvy1s\">***<\/div>\n<div class=\"x14z9mp xat24cr x1lziwak x1vvkbs xtlvy1s\">Presented in collaboration with SDC rue Saint-Denis and T\u00e9l\u00e9-Qu\u00e9bec.<\/div>\n<div class=\"x14z9mp xat24cr x1lziwak x1vvkbs xtlvy1s\">For its 15th edition under the theme \u201cALIVE!\u201d, the Montreal Comic Arts Festival (MCAF) offers a completely free program. Come and discover over 350 artists and 190 exhibitors under the tents!<\/div>\n<div class=\"x14z9mp xat24cr x1lziwak x1vvkbs xtlvy1s\">MCAF is Canada\u2019s largest comic book festival, featuring a 1.2 km pedestrian street lined with activities, exhibitions, and encounters, rain or shine. Located near Laurier, Mont-Royal and Sherbrooke metro stations, the Festival site is easily accessible by public transit or bicycle.<\/div>\n<div class=\"x14z9mp xat24cr x1lziwak x1vvkbs xtlvy1s\">Thanks to our partners : SDC Rue Saint-Saint-Denis, T\u00e9l\u00e9-Qu\u00e9bec, SODEC, Minist\u00e8re du Tourisme, Minist\u00e8re de la Culture et des Communications, Canadian Heritage, Canada Council for the Arts, Service de la culture de la Ville de Montr\u00e9al, Conseil des arts de Montr\u00e9al, Tourisme Montr\u00e9al, Plateau\u2013Mont-Royal borough, Caisse Desjardins du Plateau-Mont-Royal, La Presse, Librairie Plan\u00e8te BD and Copibec.<\/div>\n<div class=\"x14z9mp xat24cr x1lziwak x1vvkbs xtlvy1s\"><span class=\"html-span xexx8yu xyri2b x18d9i69 x1c1uobl x1hl2dhg x16tdsg8 x1vvkbs x3nfvp2 x1j61x8r x1fcty0u xdj266r xat24cr xm2jcoa x1mpyi22 xxymvpz xlup9mm x1kky2od\"><img loading=\"lazy\" decoding=\"async\" class=\"xz74otr x15mokao x1ga7v0g x16uus16 xbiv7yw\" src=\"https:\/\/static.xx.fbcdn.net\/images\/emoji.php\/v9\/tcc\/2\/16\/1f4cd.png\" alt=\"&#x1f4cd;\" width=\"16\" height=\"16\" \/><\/span>\u00a0Where: On Saint-Denis Street, between Gilford and Roy<br class=\"html-br\" \/><span class=\"html-span xexx8yu xyri2b x18d9i69 x1c1uobl x1hl2dhg x16tdsg8 x1vvkbs x3nfvp2 x1j61x8r x1fcty0u xdj266r xat24cr xm2jcoa x1mpyi22 xxymvpz xlup9mm x1kky2od\"><img loading=\"lazy\" decoding=\"async\" class=\"xz74otr x15mokao x1ga7v0g x16uus16 xbiv7yw\" src=\"https:\/\/static.xx.fbcdn.net\/images\/emoji.php\/v9\/t1d\/2\/16\/1f4c5.png\" alt=\"&#x1f4c5;\" width=\"16\" height=\"16\" \/><\/span>\u00a0When: May 15-17<br class=\"html-br\" \/><span class=\"html-span xexx8yu xyri2b x18d9i69 x1c1uobl x1hl2dhg x16tdsg8 x1vvkbs x3nfvp2 x1j61x8r x1fcty0u xdj266r xat24cr xm2jcoa x1mpyi22 xxymvpz xlup9mm x1kky2od\"><img loading=\"lazy\" decoding=\"async\" class=\"xz74otr x15mokao x1ga7v0g x16uus16 xbiv7yw\" src=\"https:\/\/static.xx.fbcdn.net\/images\/emoji.php\/v9\/t77\/2\/16\/1f39f.png\" alt=\"&#x1f39f;&#xfe0f;\" width=\"16\" height=\"16\" \/><\/span>\u00a0How much: Free!<br class=\"html-br\" \/><span class=\"html-span xexx8yu xyri2b x18d9i69 x1c1uobl x1hl2dhg x16tdsg8 x1vvkbs x3nfvp2 x1j61x8r x1fcty0u xdj266r xat24cr xm2jcoa x1mpyi22 xxymvpz xlup9mm x1kky2od\"><img loading=\"lazy\" decoding=\"async\" class=\"xz74otr x15mokao x1ga7v0g x16uus16 xbiv7yw\" src=\"https:\/\/static.xx.fbcdn.net\/images\/emoji.php\/v9\/td\/2\/16\/1f4ac.png\" alt=\"&#x1f4ac;\" width=\"16\" height=\"16\" \/><\/span>\u00a0More info:\u00a0<a class=\"x1i10hfl xjbqb8w x1ejq31n x18oe1m7 x1sy0etr xstzfhl x972fbf x10w94by x1qhh985 x14e42zd x9f619 x1ypdohk xt0psk2 x3ct3a4 xdj266r x14z9mp xat24cr x1lziwak xexx8yu xyri2b x18d9i69 x1c1uobl x16tdsg8 x1hl2dhg xggy1nq x1a2a7pz xkrqix3 x1sur9pj x1fey0fg x1s688f\" tabindex=\"0\" role=\"link\" href=\"https:\/\/l.facebook.com\/l.php?u=http%3A%2F%2Ffbdm-mcaf.ca%2Fen%3Ffbclid%3DIwZXh0bgNhZW0CMTAAYnJpZBExaDBIS0plTnhuRWdta3ROWXNydGMGYXBwX2lkEDIyMjAzOTE3ODgyMDA4OTIAAR5jb1nQ0JCF8PtLbH6qEq_JLTBCcciCWM2QTzLBgIQQXyZpmjKxy3QaPwOCdw_aem_FL-uucanCkv23vZX1C1R9A&amp;h=AT5VjxnEqOpzFG8TPBIqwrHDYNhlspn4hlopaN1nm17ZUNgGOp5TKwWBbqnNYQlyZSVphNb8YUzQOZYkAi3yF7RJ3BH17V-lxnItquKtiWH42aTz0acdamt42RzITTytc7Ac7Hn4aVvEDj0CkZFZXw&amp;__tn__=q&amp;c[0]=AT5xf95S6AJ9NeNB8F3h2LBZssewmFa_YlojQjdUjjqoTJ4MSj-Ndj3I0eZxCvXOfmCKcEzW4BVMHdQwxGr-btJa4deQz0Ubs0wpB2pVAkl0_D_rXrP1byqrW5GAhetaxj8FdYX_1irdDGHCn9FuyEvPxX4lbkW5KPQ\" target=\"_blank\" rel=\"nofollow noopener noreferrer\">fbdm-mcaf.ca\/en<\/a><\/div>\n","protected":false},"excerpt":{"rendered":"<p class=\"post-excerpt\">Pr\u00e9sent\u00e9 en collaboration avec la SDC rue Saint-Denis et T\u00e9l\u00e9-Qu\u00e9bec.<br \/>\nPour sa 15e \u00e9dition sous le th\u00e8me \u00ab VIVANTE! \u00bb, le Festival BD de Montr\u00e9al (FBDM) propose une programmation compl\u00e8tement gratuite. Venez d\u00e9couvrir et rencontrer plus de 350 artistes et 190 exposant\u00b7es sous les chapiteaux!<br \/>\nLe FBDM, c\u2019est la plus grande c\u00e9l\u00e9bration de la bande dessin\u00e9e au Canada avec 1,2 km de rue pi\u00e9tonne ponctu\u00e9 d\u2019activit\u00e9s,&#8230;<\/p>\n<p><a class=\"post-learn-more\" href=\"https:\/\/www.fbdm-mcaf.ca\/en\/event\/le-15e-festival-bd-de-montreal-15th-montreal-comic-arts-festival\/\">Read more<span>&nbsp;><\/span><\/a><\/p><\/p>\n","protected":false},"author":18,"featured_media":38309,"template":"","meta":{"_acf_changed":false,"_price":"","_stock":"","_tribe_ticket_header":"","_tribe_default_ticket_provider":"","_tribe_ticket_capacity":"0","_ticket_start_date":"","_ticket_end_date":"","_tribe_ticket_show_description":"","_tribe_ticket_show_not_going":false,"_tribe_ticket_use_global_stock":"","_tribe_ticket_global_stock_level":"","_global_stock_mode":"","_global_stock_cap":"","_tribe_rsvp_for_event":"","_tribe_ticket_going_count":"","_tribe_ticket_not_going_count":"","_tribe_tickets_list":"[]","_tribe_ticket_has_attendee_info_fields":false,"_tribe_events_status":"","_tribe_events_status_reason":"","_tribe_events_is_hybrid":"","_tribe_events_is_virtual":"","_tribe_events_virtual_video_source":"","_tribe_events_virtual_embed_video":"","_tribe_events_virtual_linked_button_text":"","_tribe_events_virtual_linked_button":"","_tribe_events_virtual_show_embed_at":"","_tribe_events_virtual_show_embed_to":[],"_tribe_events_virtual_show_on_event":"","_tribe_events_virtual_show_on_views":"","_tribe_events_virtual_url":"","footnotes":"","_tec_slr_enabled":"","_tec_slr_layout":""},"tags":[],"tribe_events_cat":[320,298],"class_list":["post-39324","tribe_events","type-tribe_events","status-publish","has-post-thumbnail","hentry","tribe_events_cat-festival-en","tribe_events_cat-mai-mois-bd-en","cat_festival-en","cat_mai-mois-bd-en"],"acf":[],"yoast_head":"<!-- This site is optimized with the Yoast SEO plugin v27.5 - https:\/\/yoast.com\/product\/yoast-seo-wordpress\/ -->\n<title>Le 15e Festival BD de Montr\u00e9al | 15th Montreal Comic Arts Festival &#8226; MCAF<\/title>\n<meta name=\"robots\" content=\"index, follow, max-snippet:-1, max-image-preview:large, max-video-preview:-1\" \/>\n<link rel=\"canonical\" href=\"https:\/\/www.fbdm-mcaf.ca\/en\/event\/le-15e-festival-bd-de-montreal-15th-montreal-comic-arts-festival\/\" \/>\n<meta property=\"og:locale\" content=\"en_US\" \/>\n<meta property=\"og:type\" content=\"article\" \/>\n<meta property=\"og:title\" content=\"Le 15e Festival BD de Montr\u00e9al | 15th Montreal Comic Arts Festival &#8226; MCAF\" \/>\n<meta property=\"og:description\" content=\"Pr\u00e9sent\u00e9 en collaboration avec la SDC rue Saint-Denis et T\u00e9l\u00e9-Qu\u00e9bec. Pour sa 15e \u00e9dition sous le th\u00e8me \u00ab VIVANTE! \u00bb, le Festival BD de Montr\u00e9al (FBDM) propose une programmation compl\u00e8tement gratuite. Venez d\u00e9couvrir et rencontrer plus de 350 artistes et 190 exposant\u00b7es sous les chapiteaux! Le FBDM, c\u2019est la plus grande c\u00e9l\u00e9bration de la bande dessin\u00e9e au Canada avec 1,2 km de rue pi\u00e9tonne ponctu\u00e9 d\u2019activit\u00e9s,...Read more&nbsp;&gt;\" \/>\n<meta property=\"og:url\" content=\"https:\/\/www.fbdm-mcaf.ca\/en\/event\/le-15e-festival-bd-de-montreal-15th-montreal-comic-arts-festival\/\" \/>\n<meta property=\"og:site_name\" content=\"MCAF\" \/>\n<meta property=\"article:publisher\" content=\"https:\/\/www.facebook.com\/FestivalBDMontreal\/\" \/>\n<meta property=\"article:modified_time\" content=\"2026-04-28T15:25:41+00:00\" \/>\n<meta property=\"og:image\" content=\"https:\/\/www.fbdm-mcaf.ca\/wp-content\/uploads\/FBDM-2026_Bandeau_article-site-web_800x300-copie.png\" \/>\n\t<meta property=\"og:image:width\" content=\"800\" \/>\n\t<meta property=\"og:image:height\" content=\"300\" \/>\n\t<meta property=\"og:image:type\" content=\"image\/png\" \/>\n<meta name=\"twitter:card\" content=\"summary_large_image\" \/>\n<meta name=\"twitter:site\" content=\"@fbdm_mtl\" \/>\n<meta name=\"twitter:label1\" content=\"Est. reading time\" \/>\n\t<meta name=\"twitter:data1\" content=\"4 minutes\" \/>\n<script type=\"application\/ld+json\" class=\"yoast-schema-graph\">{\"@context\":\"https:\\\/\\\/schema.org\",\"@graph\":[{\"@type\":\"WebPage\",\"@id\":\"https:\\\/\\\/www.fbdm-mcaf.ca\\\/en\\\/event\\\/le-15e-festival-bd-de-montreal-15th-montreal-comic-arts-festival\\\/\",\"url\":\"https:\\\/\\\/www.fbdm-mcaf.ca\\\/en\\\/event\\\/le-15e-festival-bd-de-montreal-15th-montreal-comic-arts-festival\\\/\",\"name\":\"Le 15e Festival BD de Montr\u00e9al | 15th Montreal Comic Arts Festival &#8226; MCAF\",\"isPartOf\":{\"@id\":\"https:\\\/\\\/www.fbdm-mcaf.ca\\\/en\\\/#website\"},\"primaryImageOfPage\":{\"@id\":\"https:\\\/\\\/www.fbdm-mcaf.ca\\\/en\\\/event\\\/le-15e-festival-bd-de-montreal-15th-montreal-comic-arts-festival\\\/#primaryimage\"},\"image\":{\"@id\":\"https:\\\/\\\/www.fbdm-mcaf.ca\\\/en\\\/event\\\/le-15e-festival-bd-de-montreal-15th-montreal-comic-arts-festival\\\/#primaryimage\"},\"thumbnailUrl\":\"https:\\\/\\\/www.fbdm-mcaf.ca\\\/wp-content\\\/uploads\\\/FBDM-2026_Bandeau_article-site-web_800x300-copie.png\",\"datePublished\":\"2026-04-28T15:18:55+00:00\",\"dateModified\":\"2026-04-28T15:25:41+00:00\",\"breadcrumb\":{\"@id\":\"https:\\\/\\\/www.fbdm-mcaf.ca\\\/en\\\/event\\\/le-15e-festival-bd-de-montreal-15th-montreal-comic-arts-festival\\\/#breadcrumb\"},\"inLanguage\":\"en-US\",\"potentialAction\":[{\"@type\":\"ReadAction\",\"target\":[\"https:\\\/\\\/www.fbdm-mcaf.ca\\\/en\\\/event\\\/le-15e-festival-bd-de-montreal-15th-montreal-comic-arts-festival\\\/\"]}]},{\"@type\":\"ImageObject\",\"inLanguage\":\"en-US\",\"@id\":\"https:\\\/\\\/www.fbdm-mcaf.ca\\\/en\\\/event\\\/le-15e-festival-bd-de-montreal-15th-montreal-comic-arts-festival\\\/#primaryimage\",\"url\":\"https:\\\/\\\/www.fbdm-mcaf.ca\\\/wp-content\\\/uploads\\\/FBDM-2026_Bandeau_article-site-web_800x300-copie.png\",\"contentUrl\":\"https:\\\/\\\/www.fbdm-mcaf.ca\\\/wp-content\\\/uploads\\\/FBDM-2026_Bandeau_article-site-web_800x300-copie.png\",\"width\":800,\"height\":300},{\"@type\":\"BreadcrumbList\",\"@id\":\"https:\\\/\\\/www.fbdm-mcaf.ca\\\/en\\\/event\\\/le-15e-festival-bd-de-montreal-15th-montreal-comic-arts-festival\\\/#breadcrumb\",\"itemListElement\":[{\"@type\":\"ListItem\",\"position\":1,\"name\":\"Home\",\"item\":\"https:\\\/\\\/www.fbdm-mcaf.ca\\\/en\\\/\"},{\"@type\":\"ListItem\",\"position\":2,\"name\":\"Events\",\"item\":\"https:\\\/\\\/www.fbdm-mcaf.ca\\\/en\\\/events\\\/\"},{\"@type\":\"ListItem\",\"position\":3,\"name\":\"Le 15e Festival BD de Montr\u00e9al | 15th Montreal Comic Arts Festival\"}]},{\"@type\":\"WebSite\",\"@id\":\"https:\\\/\\\/www.fbdm-mcaf.ca\\\/en\\\/#website\",\"url\":\"https:\\\/\\\/www.fbdm-mcaf.ca\\\/en\\\/\",\"name\":\"MCAF\",\"description\":\"Montreal Comic Arts Festival\",\"potentialAction\":[{\"@type\":\"SearchAction\",\"target\":{\"@type\":\"EntryPoint\",\"urlTemplate\":\"https:\\\/\\\/www.fbdm-mcaf.ca\\\/en\\\/?s={search_term_string}\"},\"query-input\":{\"@type\":\"PropertyValueSpecification\",\"valueRequired\":true,\"valueName\":\"search_term_string\"}}],\"inLanguage\":\"en-US\"}]}<\/script>\n<!-- \/ Yoast SEO plugin. -->","yoast_head_json":{"title":"Le 15e Festival BD de Montr\u00e9al | 15th Montreal Comic Arts Festival &#8226; MCAF","robots":{"index":"index","follow":"follow","max-snippet":"max-snippet:-1","max-image-preview":"max-image-preview:large","max-video-preview":"max-video-preview:-1"},"canonical":"https:\/\/www.fbdm-mcaf.ca\/en\/event\/le-15e-festival-bd-de-montreal-15th-montreal-comic-arts-festival\/","og_locale":"en_US","og_type":"article","og_title":"Le 15e Festival BD de Montr\u00e9al | 15th Montreal Comic Arts Festival &#8226; MCAF","og_description":"Pr\u00e9sent\u00e9 en collaboration avec la SDC rue Saint-Denis et T\u00e9l\u00e9-Qu\u00e9bec. Pour sa 15e \u00e9dition sous le th\u00e8me \u00ab VIVANTE! \u00bb, le Festival BD de Montr\u00e9al (FBDM) propose une programmation compl\u00e8tement gratuite. Venez d\u00e9couvrir et rencontrer plus de 350 artistes et 190 exposant\u00b7es sous les chapiteaux! Le FBDM, c\u2019est la plus grande c\u00e9l\u00e9bration de la bande dessin\u00e9e au Canada avec 1,2 km de rue pi\u00e9tonne ponctu\u00e9 d\u2019activit\u00e9s,...Read more&nbsp;>","og_url":"https:\/\/www.fbdm-mcaf.ca\/en\/event\/le-15e-festival-bd-de-montreal-15th-montreal-comic-arts-festival\/","og_site_name":"MCAF","article_publisher":"https:\/\/www.facebook.com\/FestivalBDMontreal\/","article_modified_time":"2026-04-28T15:25:41+00:00","og_image":[{"width":800,"height":300,"url":"https:\/\/www.fbdm-mcaf.ca\/wp-content\/uploads\/FBDM-2026_Bandeau_article-site-web_800x300-copie.png","type":"image\/png"}],"twitter_card":"summary_large_image","twitter_site":"@fbdm_mtl","twitter_misc":{"Est. reading time":"4 minutes"},"schema":{"@context":"https:\/\/schema.org","@graph":[{"@type":"WebPage","@id":"https:\/\/www.fbdm-mcaf.ca\/en\/event\/le-15e-festival-bd-de-montreal-15th-montreal-comic-arts-festival\/","url":"https:\/\/www.fbdm-mcaf.ca\/en\/event\/le-15e-festival-bd-de-montreal-15th-montreal-comic-arts-festival\/","name":"Le 15e Festival BD de Montr\u00e9al | 15th Montreal Comic Arts Festival &#8226; MCAF","isPartOf":{"@id":"https:\/\/www.fbdm-mcaf.ca\/en\/#website"},"primaryImageOfPage":{"@id":"https:\/\/www.fbdm-mcaf.ca\/en\/event\/le-15e-festival-bd-de-montreal-15th-montreal-comic-arts-festival\/#primaryimage"},"image":{"@id":"https:\/\/www.fbdm-mcaf.ca\/en\/event\/le-15e-festival-bd-de-montreal-15th-montreal-comic-arts-festival\/#primaryimage"},"thumbnailUrl":"https:\/\/www.fbdm-mcaf.ca\/wp-content\/uploads\/FBDM-2026_Bandeau_article-site-web_800x300-copie.png","datePublished":"2026-04-28T15:18:55+00:00","dateModified":"2026-04-28T15:25:41+00:00","breadcrumb":{"@id":"https:\/\/www.fbdm-mcaf.ca\/en\/event\/le-15e-festival-bd-de-montreal-15th-montreal-comic-arts-festival\/#breadcrumb"},"inLanguage":"en-US","potentialAction":[{"@type":"ReadAction","target":["https:\/\/www.fbdm-mcaf.ca\/en\/event\/le-15e-festival-bd-de-montreal-15th-montreal-comic-arts-festival\/"]}]},{"@type":"ImageObject","inLanguage":"en-US","@id":"https:\/\/www.fbdm-mcaf.ca\/en\/event\/le-15e-festival-bd-de-montreal-15th-montreal-comic-arts-festival\/#primaryimage","url":"https:\/\/www.fbdm-mcaf.ca\/wp-content\/uploads\/FBDM-2026_Bandeau_article-site-web_800x300-copie.png","contentUrl":"https:\/\/www.fbdm-mcaf.ca\/wp-content\/uploads\/FBDM-2026_Bandeau_article-site-web_800x300-copie.png","width":800,"height":300},{"@type":"BreadcrumbList","@id":"https:\/\/www.fbdm-mcaf.ca\/en\/event\/le-15e-festival-bd-de-montreal-15th-montreal-comic-arts-festival\/#breadcrumb","itemListElement":[{"@type":"ListItem","position":1,"name":"Home","item":"https:\/\/www.fbdm-mcaf.ca\/en\/"},{"@type":"ListItem","position":2,"name":"Events","item":"https:\/\/www.fbdm-mcaf.ca\/en\/events\/"},{"@type":"ListItem","position":3,"name":"Le 15e Festival BD de Montr\u00e9al | 15th Montreal Comic Arts Festival"}]},{"@type":"WebSite","@id":"https:\/\/www.fbdm-mcaf.ca\/en\/#website","url":"https:\/\/www.fbdm-mcaf.ca\/en\/","name":"MCAF","description":"Montreal Comic Arts Festival","potentialAction":[{"@type":"SearchAction","target":{"@type":"EntryPoint","urlTemplate":"https:\/\/www.fbdm-mcaf.ca\/en\/?s={search_term_string}"},"query-input":{"@type":"PropertyValueSpecification","valueRequired":true,"valueName":"search_term_string"}}],"inLanguage":"en-US"}]}},"ticketed":false,"_links":{"self":[{"href":"https:\/\/www.fbdm-mcaf.ca\/en\/wp-json\/wp\/v2\/tribe_events\/39324","targetHints":{"allow":["GET"]}}],"collection":[{"href":"https:\/\/www.fbdm-mcaf.ca\/en\/wp-json\/wp\/v2\/tribe_events"}],"about":[{"href":"https:\/\/www.fbdm-mcaf.ca\/en\/wp-json\/wp\/v2\/types\/tribe_events"}],"author":[{"embeddable":true,"href":"https:\/\/www.fbdm-mcaf.ca\/en\/wp-json\/wp\/v2\/users\/18"}],"version-history":[{"count":1,"href":"https:\/\/www.fbdm-mcaf.ca\/en\/wp-json\/wp\/v2\/tribe_events\/39324\/revisions"}],"predecessor-version":[{"id":39326,"href":"https:\/\/www.fbdm-mcaf.ca\/en\/wp-json\/wp\/v2\/tribe_events\/39324\/revisions\/39326"}],"wp:featuredmedia":[{"embeddable":true,"href":"https:\/\/www.fbdm-mcaf.ca\/en\/wp-json\/wp\/v2\/media\/38309"}],"wp:attachment":[{"href":"https:\/\/www.fbdm-mcaf.ca\/en\/wp-json\/wp\/v2\/media?parent=39324"}],"wp:term":[{"taxonomy":"post_tag","embeddable":true,"href":"https:\/\/www.fbdm-mcaf.ca\/en\/wp-json\/wp\/v2\/tags?post=39324"},{"taxonomy":"tribe_events_cat","embeddable":true,"href":"https:\/\/www.fbdm-mcaf.ca\/en\/wp-json\/wp\/v2\/tribe_events_cat?post=39324"}],"curies":[{"name":"wp","href":"https:\/\/api.w.org\/{rel}","templated":true}]}}