{"id":38589,"date":"2026-03-10T18:38:50","date_gmt":"2026-03-10T22:38:50","guid":{"rendered":"https:\/\/www.fbdm-mcaf.ca\/event\/fr-lancement-le-livre-qui-ne-tenait-qua-un-fil\/"},"modified":"2026-03-10T18:38:50","modified_gmt":"2026-03-10T22:38:50","slug":"fr-lancement-le-livre-qui-ne-tenait-qua-un-fil","status":"publish","type":"tribe_events","link":"https:\/\/www.fbdm-mcaf.ca\/en\/event\/fr-lancement-le-livre-qui-ne-tenait-qua-un-fil\/","title":{"rendered":"FR LANCEMENT \u2013 Le livre qui ne tenait qu\u2019\u00e0 un fil"},"content":{"rendered":"<div class=\"xdj266r x14z9mp xat24cr x1lziwak x1vvkbs\">Nous avons le bonheur de vous inviter au lancement du LIVRE QUI NE TENAIT QU&#8217;\u00c0 UN FIL, une superbe bande dessin\u00e9e qui sera pr\u00e9sent\u00e9e par ses auteurices Julie Rocheleau et Jocelyn Boiverts. Vous \u00eates attendu\u00b7es en grand nombre le 26 mars d\u00e8s 17 h \u00e0 la librairie La maison des feuilles, dans leurs nouveaux locaux, au 1349, rue Beaubien Est. Nous sommes impatientes de c\u00e9l\u00e9brer cette parution avec vous !<\/div>\n<div class=\"x14z9mp xat24cr x1lziwak x1vvkbs xtlvy1s\">&#8212; LE LIVRE &#8212;<\/div>\n<div class=\"x14z9mp xat24cr x1lziwak x1vvkbs xtlvy1s\">Dans la chambre d&#8217;Alice se trouve une vaste biblioth\u00e8que parsem\u00e9e de livres enchant\u00e9s. Chaque fois que la jeune fille en choisit un, c&#8217;est la m\u00eame histoire&#8230; Elle ne sait jamais ce qu&#8217;il va lui arriver!<\/div>\n<div class=\"x14z9mp xat24cr x1lziwak x1vvkbs xtlvy1s\">Aujourd&#8217;hui, en parcourant les \u00e9tag\u00e8res, Alice d\u00e9couvre LE LIVRE QUI NE TENAIT QU&#8217;A UN FIL. Une \u00e9trange corde d\u00e9passe du bouquin. L&#8217;intr\u00e9pide lectrice tire dessus, mais c&#8217;est elle qui est entra\u00een\u00e9e \u00e0 l&#8217;int\u00e9rieur du livre&#8230; encore une fois! En tombant, elle assomme le h\u00e9ros de l&#8217;histoire. Le pauvre! Lui qui r\u00eavait d&#8217;une vie d&#8217;aventures, il est bloqu\u00e9 \u00e0 la page 7. Et si le myst\u00e9rieux fil \u00e9tait la cl\u00e9 pour faire avancer l&#8217;intrigue?<\/div>\n<div class=\"x14z9mp xat24cr x1lziwak x1vvkbs xtlvy1s\">&#8212; LES AUTEURICES &#8212;<\/div>\n<div class=\"x14z9mp xat24cr x1lziwak x1vvkbs xtlvy1s\">JOCELYN BOISVERT a publi\u00e9 plus de 85 titres pour la jeunesse : des romans dr\u00f4les et interactifs, des histoires d\u2019\u00e9pouvante, des albums illustr\u00e9s et des bandes dessin\u00e9es. Il a parfois l\u2019impression que sa vie est un livre g\u00e9ant qu\u2019il parcourt au jour le jour, curieux de d\u00e9couvrir les prochains chapitres. Pour lui, la page blanche est un espace infini o\u00f9 il peut explorer de nouveaux mondes. Jocelyn inaugure aux \u00c9ditions Michel Quintin une nouvelle collection intitul\u00e9e La biblioth\u00e8que enchant\u00e9e, dans laquelle il peut laisser libre cours \u00e0 son imagination d\u00e9lirante.<\/div>\n<div class=\"x14z9mp xat24cr x1lziwak x1vvkbs xtlvy1s\">JULIE ROCHELEAU est une dessinatrice montr\u00e9alaise. Depuis 2010, elle collabore avec des sc\u00e9naristes sur des albums de bande dessin\u00e9e, explorant des th\u00e8mes et des univers vari\u00e9s. Elle a entre autres illustr\u00e9 La petite patrie (2015), Betty Boob (2017) et Globe-trotteuses (2025). Elle illustre \u00e9galement des romans pour la jeunesse, des affiches, des projets \u00e9ditoriaux et des fanzines. Le livre qui ne tenait qu\u2019\u00e0 un fil est son premier ouvrage publi\u00e9 aux \u00c9ditions Michel Quintin.<\/div>\n","protected":false},"excerpt":{"rendered":"<p class=\"post-excerpt\">Nous avons le bonheur de vous inviter au lancement du LIVRE QUI NE TENAIT QU&#8217;\u00c0 UN FIL, une superbe bande dessin\u00e9e qui sera pr\u00e9sent\u00e9e par ses auteurices Julie Rocheleau et Jocelyn Boiverts. Vous \u00eates attendu\u00b7es en grand nombre le 26 mars d\u00e8s 17 h \u00e0 la librairie La maison des feuilles,&#8230;<\/p>\n<p><a class=\"post-learn-more\" href=\"https:\/\/www.fbdm-mcaf.ca\/en\/event\/fr-lancement-le-livre-qui-ne-tenait-qua-un-fil\/\">Read more<span>&nbsp;><\/span><\/a><\/p><\/p>\n","protected":false},"author":18,"featured_media":38588,"template":"","meta":{"_acf_changed":false,"_price":"","_stock":"","_tribe_ticket_header":"","_tribe_default_ticket_provider":"","_tribe_ticket_capacity":"0","_ticket_start_date":"","_ticket_end_date":"","_tribe_ticket_show_description":"","_tribe_ticket_show_not_going":false,"_tribe_ticket_use_global_stock":"","_tribe_ticket_global_stock_level":"","_global_stock_mode":"","_global_stock_cap":"","_tribe_rsvp_for_event":"","_tribe_ticket_going_count":"","_tribe_ticket_not_going_count":"","_tribe_tickets_list":"[]","_tribe_ticket_has_attendee_info_fields":false,"_tribe_events_status":"","_tribe_events_status_reason":"","_tribe_events_is_hybrid":"","_tribe_events_is_virtual":"","_tribe_events_virtual_video_source":"","_tribe_events_virtual_embed_video":"","_tribe_events_virtual_linked_button_text":"","_tribe_events_virtual_linked_button":"","_tribe_events_virtual_show_embed_at":"","_tribe_events_virtual_show_embed_to":[],"_tribe_events_virtual_show_on_event":"","_tribe_events_virtual_show_on_views":"","_tribe_events_virtual_url":"","footnotes":"","_tec_slr_enabled":"","_tec_slr_layout":""},"tags":[],"tribe_events_cat":[315],"class_list":["post-38589","tribe_events","type-tribe_events","status-publish","has-post-thumbnail","hentry","tribe_events_cat-launch","cat_launch"],"acf":[],"yoast_head":"<!-- This site is optimized with the Yoast SEO plugin v27.5 - https:\/\/yoast.com\/product\/yoast-seo-wordpress\/ -->\n<title>FR LANCEMENT \u2013 Le livre qui ne tenait qu\u2019\u00e0 un fil &#8226; MCAF<\/title>\n<meta name=\"robots\" content=\"index, follow, max-snippet:-1, max-image-preview:large, max-video-preview:-1\" \/>\n<link rel=\"canonical\" href=\"https:\/\/www.fbdm-mcaf.ca\/en\/event\/fr-lancement-le-livre-qui-ne-tenait-qua-un-fil\/\" \/>\n<meta property=\"og:locale\" content=\"en_US\" \/>\n<meta property=\"og:type\" content=\"article\" \/>\n<meta property=\"og:title\" content=\"FR LANCEMENT \u2013 Le livre qui ne tenait qu\u2019\u00e0 un fil &#8226; MCAF\" \/>\n<meta property=\"og:description\" content=\"Nous avons le bonheur de vous inviter au lancement du LIVRE QUI NE TENAIT QU&#8217;\u00c0 UN FIL, une superbe bande dessin\u00e9e qui sera pr\u00e9sent\u00e9e par ses auteurices Julie Rocheleau et Jocelyn Boiverts. Vous \u00eates attendu\u00b7es en grand nombre le 26 mars d\u00e8s 17 h \u00e0 la librairie La maison des feuilles,...Read more&nbsp;&gt;\" \/>\n<meta property=\"og:url\" content=\"https:\/\/www.fbdm-mcaf.ca\/en\/event\/fr-lancement-le-livre-qui-ne-tenait-qua-un-fil\/\" \/>\n<meta property=\"og:site_name\" content=\"MCAF\" \/>\n<meta property=\"article:publisher\" content=\"https:\/\/www.facebook.com\/FestivalBDMontreal\/\" \/>\n<meta property=\"og:image\" content=\"https:\/\/www.fbdm-mcaf.ca\/wp-content\/uploads\/649149731_1477859861021011_3810481879640500849_n.jpg\" \/>\n\t<meta property=\"og:image:width\" content=\"2050\" \/>\n\t<meta property=\"og:image:height\" content=\"900\" \/>\n\t<meta property=\"og:image:type\" content=\"image\/jpeg\" \/>\n<meta name=\"twitter:card\" content=\"summary_large_image\" \/>\n<meta name=\"twitter:site\" content=\"@fbdm_mtl\" \/>\n<meta name=\"twitter:label1\" content=\"Est. reading time\" \/>\n\t<meta name=\"twitter:data1\" content=\"2 minutes\" \/>\n<script type=\"application\/ld+json\" class=\"yoast-schema-graph\">{\"@context\":\"https:\\\/\\\/schema.org\",\"@graph\":[{\"@type\":\"WebPage\",\"@id\":\"https:\\\/\\\/www.fbdm-mcaf.ca\\\/en\\\/event\\\/fr-lancement-le-livre-qui-ne-tenait-qua-un-fil\\\/\",\"url\":\"https:\\\/\\\/www.fbdm-mcaf.ca\\\/en\\\/event\\\/fr-lancement-le-livre-qui-ne-tenait-qua-un-fil\\\/\",\"name\":\"FR LANCEMENT \u2013 Le livre qui ne tenait qu\u2019\u00e0 un fil &#8226; MCAF\",\"isPartOf\":{\"@id\":\"https:\\\/\\\/www.fbdm-mcaf.ca\\\/en\\\/#website\"},\"primaryImageOfPage\":{\"@id\":\"https:\\\/\\\/www.fbdm-mcaf.ca\\\/en\\\/event\\\/fr-lancement-le-livre-qui-ne-tenait-qua-un-fil\\\/#primaryimage\"},\"image\":{\"@id\":\"https:\\\/\\\/www.fbdm-mcaf.ca\\\/en\\\/event\\\/fr-lancement-le-livre-qui-ne-tenait-qua-un-fil\\\/#primaryimage\"},\"thumbnailUrl\":\"https:\\\/\\\/www.fbdm-mcaf.ca\\\/wp-content\\\/uploads\\\/649149731_1477859861021011_3810481879640500849_n.jpg\",\"datePublished\":\"2026-03-10T22:38:50+00:00\",\"breadcrumb\":{\"@id\":\"https:\\\/\\\/www.fbdm-mcaf.ca\\\/en\\\/event\\\/fr-lancement-le-livre-qui-ne-tenait-qua-un-fil\\\/#breadcrumb\"},\"inLanguage\":\"en-US\",\"potentialAction\":[{\"@type\":\"ReadAction\",\"target\":[\"https:\\\/\\\/www.fbdm-mcaf.ca\\\/en\\\/event\\\/fr-lancement-le-livre-qui-ne-tenait-qua-un-fil\\\/\"]}]},{\"@type\":\"ImageObject\",\"inLanguage\":\"en-US\",\"@id\":\"https:\\\/\\\/www.fbdm-mcaf.ca\\\/en\\\/event\\\/fr-lancement-le-livre-qui-ne-tenait-qua-un-fil\\\/#primaryimage\",\"url\":\"https:\\\/\\\/www.fbdm-mcaf.ca\\\/wp-content\\\/uploads\\\/649149731_1477859861021011_3810481879640500849_n.jpg\",\"contentUrl\":\"https:\\\/\\\/www.fbdm-mcaf.ca\\\/wp-content\\\/uploads\\\/649149731_1477859861021011_3810481879640500849_n.jpg\",\"width\":2050,\"height\":900},{\"@type\":\"BreadcrumbList\",\"@id\":\"https:\\\/\\\/www.fbdm-mcaf.ca\\\/en\\\/event\\\/fr-lancement-le-livre-qui-ne-tenait-qua-un-fil\\\/#breadcrumb\",\"itemListElement\":[{\"@type\":\"ListItem\",\"position\":1,\"name\":\"Home\",\"item\":\"https:\\\/\\\/www.fbdm-mcaf.ca\\\/en\\\/\"},{\"@type\":\"ListItem\",\"position\":2,\"name\":\"Events\",\"item\":\"https:\\\/\\\/www.fbdm-mcaf.ca\\\/en\\\/events\\\/\"},{\"@type\":\"ListItem\",\"position\":3,\"name\":\"FR LANCEMENT \u2013 Le livre qui ne tenait qu\u2019\u00e0 un fil\"}]},{\"@type\":\"WebSite\",\"@id\":\"https:\\\/\\\/www.fbdm-mcaf.ca\\\/en\\\/#website\",\"url\":\"https:\\\/\\\/www.fbdm-mcaf.ca\\\/en\\\/\",\"name\":\"MCAF\",\"description\":\"Montreal Comic Arts Festival\",\"potentialAction\":[{\"@type\":\"SearchAction\",\"target\":{\"@type\":\"EntryPoint\",\"urlTemplate\":\"https:\\\/\\\/www.fbdm-mcaf.ca\\\/en\\\/?s={search_term_string}\"},\"query-input\":{\"@type\":\"PropertyValueSpecification\",\"valueRequired\":true,\"valueName\":\"search_term_string\"}}],\"inLanguage\":\"en-US\"}]}<\/script>\n<!-- \/ Yoast SEO plugin. -->","yoast_head_json":{"title":"FR LANCEMENT \u2013 Le livre qui ne tenait qu\u2019\u00e0 un fil &#8226; MCAF","robots":{"index":"index","follow":"follow","max-snippet":"max-snippet:-1","max-image-preview":"max-image-preview:large","max-video-preview":"max-video-preview:-1"},"canonical":"https:\/\/www.fbdm-mcaf.ca\/en\/event\/fr-lancement-le-livre-qui-ne-tenait-qua-un-fil\/","og_locale":"en_US","og_type":"article","og_title":"FR LANCEMENT \u2013 Le livre qui ne tenait qu\u2019\u00e0 un fil &#8226; MCAF","og_description":"Nous avons le bonheur de vous inviter au lancement du LIVRE QUI NE TENAIT QU&#8217;\u00c0 UN FIL, une superbe bande dessin\u00e9e qui sera pr\u00e9sent\u00e9e par ses auteurices Julie Rocheleau et Jocelyn Boiverts. Vous \u00eates attendu\u00b7es en grand nombre le 26 mars d\u00e8s 17 h \u00e0 la librairie La maison des feuilles,...Read more&nbsp;>","og_url":"https:\/\/www.fbdm-mcaf.ca\/en\/event\/fr-lancement-le-livre-qui-ne-tenait-qua-un-fil\/","og_site_name":"MCAF","article_publisher":"https:\/\/www.facebook.com\/FestivalBDMontreal\/","og_image":[{"width":2050,"height":900,"url":"https:\/\/www.fbdm-mcaf.ca\/wp-content\/uploads\/649149731_1477859861021011_3810481879640500849_n.jpg","type":"image\/jpeg"}],"twitter_card":"summary_large_image","twitter_site":"@fbdm_mtl","twitter_misc":{"Est. reading time":"2 minutes"},"schema":{"@context":"https:\/\/schema.org","@graph":[{"@type":"WebPage","@id":"https:\/\/www.fbdm-mcaf.ca\/en\/event\/fr-lancement-le-livre-qui-ne-tenait-qua-un-fil\/","url":"https:\/\/www.fbdm-mcaf.ca\/en\/event\/fr-lancement-le-livre-qui-ne-tenait-qua-un-fil\/","name":"FR LANCEMENT \u2013 Le livre qui ne tenait qu\u2019\u00e0 un fil &#8226; MCAF","isPartOf":{"@id":"https:\/\/www.fbdm-mcaf.ca\/en\/#website"},"primaryImageOfPage":{"@id":"https:\/\/www.fbdm-mcaf.ca\/en\/event\/fr-lancement-le-livre-qui-ne-tenait-qua-un-fil\/#primaryimage"},"image":{"@id":"https:\/\/www.fbdm-mcaf.ca\/en\/event\/fr-lancement-le-livre-qui-ne-tenait-qua-un-fil\/#primaryimage"},"thumbnailUrl":"https:\/\/www.fbdm-mcaf.ca\/wp-content\/uploads\/649149731_1477859861021011_3810481879640500849_n.jpg","datePublished":"2026-03-10T22:38:50+00:00","breadcrumb":{"@id":"https:\/\/www.fbdm-mcaf.ca\/en\/event\/fr-lancement-le-livre-qui-ne-tenait-qua-un-fil\/#breadcrumb"},"inLanguage":"en-US","potentialAction":[{"@type":"ReadAction","target":["https:\/\/www.fbdm-mcaf.ca\/en\/event\/fr-lancement-le-livre-qui-ne-tenait-qua-un-fil\/"]}]},{"@type":"ImageObject","inLanguage":"en-US","@id":"https:\/\/www.fbdm-mcaf.ca\/en\/event\/fr-lancement-le-livre-qui-ne-tenait-qua-un-fil\/#primaryimage","url":"https:\/\/www.fbdm-mcaf.ca\/wp-content\/uploads\/649149731_1477859861021011_3810481879640500849_n.jpg","contentUrl":"https:\/\/www.fbdm-mcaf.ca\/wp-content\/uploads\/649149731_1477859861021011_3810481879640500849_n.jpg","width":2050,"height":900},{"@type":"BreadcrumbList","@id":"https:\/\/www.fbdm-mcaf.ca\/en\/event\/fr-lancement-le-livre-qui-ne-tenait-qua-un-fil\/#breadcrumb","itemListElement":[{"@type":"ListItem","position":1,"name":"Home","item":"https:\/\/www.fbdm-mcaf.ca\/en\/"},{"@type":"ListItem","position":2,"name":"Events","item":"https:\/\/www.fbdm-mcaf.ca\/en\/events\/"},{"@type":"ListItem","position":3,"name":"FR LANCEMENT \u2013 Le livre qui ne tenait qu\u2019\u00e0 un fil"}]},{"@type":"WebSite","@id":"https:\/\/www.fbdm-mcaf.ca\/en\/#website","url":"https:\/\/www.fbdm-mcaf.ca\/en\/","name":"MCAF","description":"Montreal Comic Arts Festival","potentialAction":[{"@type":"SearchAction","target":{"@type":"EntryPoint","urlTemplate":"https:\/\/www.fbdm-mcaf.ca\/en\/?s={search_term_string}"},"query-input":{"@type":"PropertyValueSpecification","valueRequired":true,"valueName":"search_term_string"}}],"inLanguage":"en-US"}]}},"ticketed":false,"_links":{"self":[{"href":"https:\/\/www.fbdm-mcaf.ca\/en\/wp-json\/wp\/v2\/tribe_events\/38589","targetHints":{"allow":["GET"]}}],"collection":[{"href":"https:\/\/www.fbdm-mcaf.ca\/en\/wp-json\/wp\/v2\/tribe_events"}],"about":[{"href":"https:\/\/www.fbdm-mcaf.ca\/en\/wp-json\/wp\/v2\/types\/tribe_events"}],"author":[{"embeddable":true,"href":"https:\/\/www.fbdm-mcaf.ca\/en\/wp-json\/wp\/v2\/users\/18"}],"version-history":[{"count":0,"href":"https:\/\/www.fbdm-mcaf.ca\/en\/wp-json\/wp\/v2\/tribe_events\/38589\/revisions"}],"wp:featuredmedia":[{"embeddable":true,"href":"https:\/\/www.fbdm-mcaf.ca\/en\/wp-json\/wp\/v2\/media\/38588"}],"wp:attachment":[{"href":"https:\/\/www.fbdm-mcaf.ca\/en\/wp-json\/wp\/v2\/media?parent=38589"}],"wp:term":[{"taxonomy":"post_tag","embeddable":true,"href":"https:\/\/www.fbdm-mcaf.ca\/en\/wp-json\/wp\/v2\/tags?post=38589"},{"taxonomy":"tribe_events_cat","embeddable":true,"href":"https:\/\/www.fbdm-mcaf.ca\/en\/wp-json\/wp\/v2\/tribe_events_cat?post=38589"}],"curies":[{"name":"wp","href":"https:\/\/api.w.org\/{rel}","templated":true}]}}