{"id":38047,"date":"2025-10-24T12:06:47","date_gmt":"2025-10-24T16:06:47","guid":{"rendered":"https:\/\/www.fbdm-mcaf.ca\/event\/lancement-collectif-a-la-pasteque\/"},"modified":"2025-10-24T12:08:49","modified_gmt":"2025-10-24T16:08:49","slug":"lancement-collectif-a-la-pasteque","status":"publish","type":"tribe_events","link":"https:\/\/www.fbdm-mcaf.ca\/en\/event\/lancement-collectif-a-la-pasteque\/","title":{"rendered":"FR Lancement collectif \u00e0 La Past\u00e8que"},"content":{"rendered":"<div class=\"xdj266r x14z9mp xat24cr x1lziwak x1vvkbs\">\u00c0 vos agendas! Retrouvez Francis Desharnais, Jean-Paul Eid, Isabelle Lareau, Claude Paiement et Jimmy Suzan au lancement festif du jeudi 6 novembre \u00e0 La Past\u00e8que, pour f\u00eater la sortie de leurs derniers livres!<\/div>\n<div class=\"x14z9mp xat24cr x1lziwak x1vvkbs xtlvy1s\">Cet automne 2025 est riche en bandes dessin\u00e9es adultes fortes, poignantes et surtout importantes. Pour les d\u00e9couvrir, nous vous convions \u00e0 un lancement collectif le jeudi 6 novembre, pour un 5 \u00e0 7 festif.<\/div>\n<div class=\"x14z9mp xat24cr x1lziwak x1vvkbs xtlvy1s\">Les artistes pr\u00e9sent\u00b7e\u00b7s seront heureux\u00b7ses d&#8217;\u00e9changer avec vous, et de vous laisser en souvenirs quelques d\u00e9dicaces :<\/div>\n<div class=\"x14z9mp xat24cr x1lziwak x1vvkbs xtlvy1s\">&#8211; Francis Desharnais et Isabelle Lareau pour CHASSEURS DE TR\u00c9SORS, publi\u00e9 en collaboration avec Atelier 10<br class=\"html-br\" \/>&#8211; Jean-Paul Eid et Claude Paiement pour CRUE<br class=\"html-br\" \/>&#8211; Jimmy Suzan pour MIGRASYON.<\/div>\n<div class=\"x14z9mp xat24cr x1lziwak x1vvkbs xtlvy1s\">Cette soir\u00e9e s&#8217;annonce douce et joyeuse, alors venez trinquer avec nous!<br class=\"html-br\" \/>Rendez-vous \u00e0 la boutique de La Past\u00e8que, au 102 avenue Laurier Ouest, \u00e0 partir de 17h!<\/div>\n","protected":false},"excerpt":{"rendered":"<p class=\"post-excerpt\">\u00c0 vos agendas! Retrouvez Francis Desharnais, Jean-Paul Eid, Isabelle Lareau, Claude Paiement et Jimmy Suzan au lancement festif du jeudi 6 novembre \u00e0 La Past\u00e8que, pour f\u00eater la sortie de leurs derniers livres!<br \/>\nCet automne 2025 est riche en bandes dessin\u00e9es adultes fortes, poignantes et surtout importantes. Pour les d\u00e9couvrir, nous vous convions \u00e0 un lancement collectif le jeudi 6 novembre,&#8230;<\/p>\n<p><a class=\"post-learn-more\" href=\"https:\/\/www.fbdm-mcaf.ca\/en\/event\/lancement-collectif-a-la-pasteque\/\">Read more<span>&nbsp;><\/span><\/a><\/p><\/p>\n","protected":false},"author":18,"featured_media":38048,"template":"","meta":{"_acf_changed":false,"_price":"","_stock":"","_tribe_ticket_header":"","_tribe_default_ticket_provider":"","_tribe_ticket_capacity":"0","_ticket_start_date":"","_ticket_end_date":"","_tribe_ticket_show_description":"","_tribe_ticket_show_not_going":false,"_tribe_ticket_use_global_stock":"","_tribe_ticket_global_stock_level":"","_global_stock_mode":"","_global_stock_cap":"","_tribe_rsvp_for_event":"","_tribe_ticket_going_count":"","_tribe_ticket_not_going_count":"","_tribe_tickets_list":"[]","_tribe_ticket_has_attendee_info_fields":false,"_tribe_events_status":"","_tribe_events_status_reason":"","_tribe_events_is_hybrid":"","_tribe_events_is_virtual":"","_tribe_events_virtual_video_source":"","_tribe_events_virtual_embed_video":"","_tribe_events_virtual_linked_button_text":"","_tribe_events_virtual_linked_button":"","_tribe_events_virtual_show_embed_at":"","_tribe_events_virtual_show_embed_to":[],"_tribe_events_virtual_show_on_event":"","_tribe_events_virtual_show_on_views":"","_tribe_events_virtual_url":"","footnotes":"","_tec_slr_enabled":"","_tec_slr_layout":""},"tags":[],"tribe_events_cat":[315],"class_list":["post-38047","tribe_events","type-tribe_events","status-publish","has-post-thumbnail","hentry","tribe_events_cat-launch","cat_launch"],"acf":[],"yoast_head":"<!-- This site is optimized with the Yoast SEO plugin v27.5 - https:\/\/yoast.com\/product\/yoast-seo-wordpress\/ -->\n<title>FR Lancement collectif \u00e0 La Past\u00e8que &#8226; MCAF<\/title>\n<meta name=\"robots\" content=\"index, follow, max-snippet:-1, max-image-preview:large, max-video-preview:-1\" \/>\n<link rel=\"canonical\" href=\"https:\/\/www.fbdm-mcaf.ca\/en\/event\/lancement-collectif-a-la-pasteque\/\" \/>\n<meta property=\"og:locale\" content=\"en_US\" \/>\n<meta property=\"og:type\" content=\"article\" \/>\n<meta property=\"og:title\" content=\"FR Lancement collectif \u00e0 La Past\u00e8que &#8226; MCAF\" \/>\n<meta property=\"og:description\" content=\"\u00c0 vos agendas! Retrouvez Francis Desharnais, Jean-Paul Eid, Isabelle Lareau, Claude Paiement et Jimmy Suzan au lancement festif du jeudi 6 novembre \u00e0 La Past\u00e8que, pour f\u00eater la sortie de leurs derniers livres! Cet automne 2025 est riche en bandes dessin\u00e9es adultes fortes, poignantes et surtout importantes. Pour les d\u00e9couvrir, nous vous convions \u00e0 un lancement collectif le jeudi 6 novembre,...Read more&nbsp;&gt;\" \/>\n<meta property=\"og:url\" content=\"https:\/\/www.fbdm-mcaf.ca\/en\/event\/lancement-collectif-a-la-pasteque\/\" \/>\n<meta property=\"og:site_name\" content=\"MCAF\" \/>\n<meta property=\"article:publisher\" content=\"https:\/\/www.facebook.com\/FestivalBDMontreal\/\" \/>\n<meta property=\"article:modified_time\" content=\"2025-10-24T16:08:49+00:00\" \/>\n<meta property=\"og:image\" content=\"https:\/\/www.fbdm-mcaf.ca\/wp-content\/uploads\/lapasteque_lancementcollectif.jpg\" \/>\n\t<meta property=\"og:image:width\" content=\"1920\" \/>\n\t<meta property=\"og:image:height\" content=\"1005\" \/>\n\t<meta property=\"og:image:type\" content=\"image\/jpeg\" \/>\n<meta name=\"twitter:card\" content=\"summary_large_image\" \/>\n<meta name=\"twitter:site\" content=\"@fbdm_mtl\" \/>\n<meta name=\"twitter:label1\" content=\"Est. reading time\" \/>\n\t<meta name=\"twitter:data1\" content=\"1 minute\" \/>\n<script type=\"application\/ld+json\" class=\"yoast-schema-graph\">{\"@context\":\"https:\\\/\\\/schema.org\",\"@graph\":[{\"@type\":\"WebPage\",\"@id\":\"https:\\\/\\\/www.fbdm-mcaf.ca\\\/en\\\/event\\\/lancement-collectif-a-la-pasteque\\\/\",\"url\":\"https:\\\/\\\/www.fbdm-mcaf.ca\\\/en\\\/event\\\/lancement-collectif-a-la-pasteque\\\/\",\"name\":\"FR Lancement collectif \u00e0 La Past\u00e8que &#8226; MCAF\",\"isPartOf\":{\"@id\":\"https:\\\/\\\/www.fbdm-mcaf.ca\\\/en\\\/#website\"},\"primaryImageOfPage\":{\"@id\":\"https:\\\/\\\/www.fbdm-mcaf.ca\\\/en\\\/event\\\/lancement-collectif-a-la-pasteque\\\/#primaryimage\"},\"image\":{\"@id\":\"https:\\\/\\\/www.fbdm-mcaf.ca\\\/en\\\/event\\\/lancement-collectif-a-la-pasteque\\\/#primaryimage\"},\"thumbnailUrl\":\"https:\\\/\\\/www.fbdm-mcaf.ca\\\/wp-content\\\/uploads\\\/lapasteque_lancementcollectif.jpg\",\"datePublished\":\"2025-10-24T16:06:47+00:00\",\"dateModified\":\"2025-10-24T16:08:49+00:00\",\"breadcrumb\":{\"@id\":\"https:\\\/\\\/www.fbdm-mcaf.ca\\\/en\\\/event\\\/lancement-collectif-a-la-pasteque\\\/#breadcrumb\"},\"inLanguage\":\"en-US\",\"potentialAction\":[{\"@type\":\"ReadAction\",\"target\":[\"https:\\\/\\\/www.fbdm-mcaf.ca\\\/en\\\/event\\\/lancement-collectif-a-la-pasteque\\\/\"]}]},{\"@type\":\"ImageObject\",\"inLanguage\":\"en-US\",\"@id\":\"https:\\\/\\\/www.fbdm-mcaf.ca\\\/en\\\/event\\\/lancement-collectif-a-la-pasteque\\\/#primaryimage\",\"url\":\"https:\\\/\\\/www.fbdm-mcaf.ca\\\/wp-content\\\/uploads\\\/lapasteque_lancementcollectif.jpg\",\"contentUrl\":\"https:\\\/\\\/www.fbdm-mcaf.ca\\\/wp-content\\\/uploads\\\/lapasteque_lancementcollectif.jpg\",\"width\":1920,\"height\":1005},{\"@type\":\"BreadcrumbList\",\"@id\":\"https:\\\/\\\/www.fbdm-mcaf.ca\\\/en\\\/event\\\/lancement-collectif-a-la-pasteque\\\/#breadcrumb\",\"itemListElement\":[{\"@type\":\"ListItem\",\"position\":1,\"name\":\"Home\",\"item\":\"https:\\\/\\\/www.fbdm-mcaf.ca\\\/en\\\/\"},{\"@type\":\"ListItem\",\"position\":2,\"name\":\"Events\",\"item\":\"https:\\\/\\\/www.fbdm-mcaf.ca\\\/en\\\/events\\\/\"},{\"@type\":\"ListItem\",\"position\":3,\"name\":\"FR Lancement collectif \u00e0 La Past\u00e8que\"}]},{\"@type\":\"WebSite\",\"@id\":\"https:\\\/\\\/www.fbdm-mcaf.ca\\\/en\\\/#website\",\"url\":\"https:\\\/\\\/www.fbdm-mcaf.ca\\\/en\\\/\",\"name\":\"MCAF\",\"description\":\"Montreal Comic Arts Festival\",\"potentialAction\":[{\"@type\":\"SearchAction\",\"target\":{\"@type\":\"EntryPoint\",\"urlTemplate\":\"https:\\\/\\\/www.fbdm-mcaf.ca\\\/en\\\/?s={search_term_string}\"},\"query-input\":{\"@type\":\"PropertyValueSpecification\",\"valueRequired\":true,\"valueName\":\"search_term_string\"}}],\"inLanguage\":\"en-US\"}]}<\/script>\n<!-- \/ Yoast SEO plugin. -->","yoast_head_json":{"title":"FR Lancement collectif \u00e0 La Past\u00e8que &#8226; MCAF","robots":{"index":"index","follow":"follow","max-snippet":"max-snippet:-1","max-image-preview":"max-image-preview:large","max-video-preview":"max-video-preview:-1"},"canonical":"https:\/\/www.fbdm-mcaf.ca\/en\/event\/lancement-collectif-a-la-pasteque\/","og_locale":"en_US","og_type":"article","og_title":"FR Lancement collectif \u00e0 La Past\u00e8que &#8226; MCAF","og_description":"\u00c0 vos agendas! Retrouvez Francis Desharnais, Jean-Paul Eid, Isabelle Lareau, Claude Paiement et Jimmy Suzan au lancement festif du jeudi 6 novembre \u00e0 La Past\u00e8que, pour f\u00eater la sortie de leurs derniers livres! Cet automne 2025 est riche en bandes dessin\u00e9es adultes fortes, poignantes et surtout importantes. Pour les d\u00e9couvrir, nous vous convions \u00e0 un lancement collectif le jeudi 6 novembre,...Read more&nbsp;>","og_url":"https:\/\/www.fbdm-mcaf.ca\/en\/event\/lancement-collectif-a-la-pasteque\/","og_site_name":"MCAF","article_publisher":"https:\/\/www.facebook.com\/FestivalBDMontreal\/","article_modified_time":"2025-10-24T16:08:49+00:00","og_image":[{"width":1920,"height":1005,"url":"https:\/\/www.fbdm-mcaf.ca\/wp-content\/uploads\/lapasteque_lancementcollectif.jpg","type":"image\/jpeg"}],"twitter_card":"summary_large_image","twitter_site":"@fbdm_mtl","twitter_misc":{"Est. reading time":"1 minute"},"schema":{"@context":"https:\/\/schema.org","@graph":[{"@type":"WebPage","@id":"https:\/\/www.fbdm-mcaf.ca\/en\/event\/lancement-collectif-a-la-pasteque\/","url":"https:\/\/www.fbdm-mcaf.ca\/en\/event\/lancement-collectif-a-la-pasteque\/","name":"FR Lancement collectif \u00e0 La Past\u00e8que &#8226; MCAF","isPartOf":{"@id":"https:\/\/www.fbdm-mcaf.ca\/en\/#website"},"primaryImageOfPage":{"@id":"https:\/\/www.fbdm-mcaf.ca\/en\/event\/lancement-collectif-a-la-pasteque\/#primaryimage"},"image":{"@id":"https:\/\/www.fbdm-mcaf.ca\/en\/event\/lancement-collectif-a-la-pasteque\/#primaryimage"},"thumbnailUrl":"https:\/\/www.fbdm-mcaf.ca\/wp-content\/uploads\/lapasteque_lancementcollectif.jpg","datePublished":"2025-10-24T16:06:47+00:00","dateModified":"2025-10-24T16:08:49+00:00","breadcrumb":{"@id":"https:\/\/www.fbdm-mcaf.ca\/en\/event\/lancement-collectif-a-la-pasteque\/#breadcrumb"},"inLanguage":"en-US","potentialAction":[{"@type":"ReadAction","target":["https:\/\/www.fbdm-mcaf.ca\/en\/event\/lancement-collectif-a-la-pasteque\/"]}]},{"@type":"ImageObject","inLanguage":"en-US","@id":"https:\/\/www.fbdm-mcaf.ca\/en\/event\/lancement-collectif-a-la-pasteque\/#primaryimage","url":"https:\/\/www.fbdm-mcaf.ca\/wp-content\/uploads\/lapasteque_lancementcollectif.jpg","contentUrl":"https:\/\/www.fbdm-mcaf.ca\/wp-content\/uploads\/lapasteque_lancementcollectif.jpg","width":1920,"height":1005},{"@type":"BreadcrumbList","@id":"https:\/\/www.fbdm-mcaf.ca\/en\/event\/lancement-collectif-a-la-pasteque\/#breadcrumb","itemListElement":[{"@type":"ListItem","position":1,"name":"Home","item":"https:\/\/www.fbdm-mcaf.ca\/en\/"},{"@type":"ListItem","position":2,"name":"Events","item":"https:\/\/www.fbdm-mcaf.ca\/en\/events\/"},{"@type":"ListItem","position":3,"name":"FR Lancement collectif \u00e0 La Past\u00e8que"}]},{"@type":"WebSite","@id":"https:\/\/www.fbdm-mcaf.ca\/en\/#website","url":"https:\/\/www.fbdm-mcaf.ca\/en\/","name":"MCAF","description":"Montreal Comic Arts Festival","potentialAction":[{"@type":"SearchAction","target":{"@type":"EntryPoint","urlTemplate":"https:\/\/www.fbdm-mcaf.ca\/en\/?s={search_term_string}"},"query-input":{"@type":"PropertyValueSpecification","valueRequired":true,"valueName":"search_term_string"}}],"inLanguage":"en-US"}]}},"ticketed":false,"_links":{"self":[{"href":"https:\/\/www.fbdm-mcaf.ca\/en\/wp-json\/wp\/v2\/tribe_events\/38047","targetHints":{"allow":["GET"]}}],"collection":[{"href":"https:\/\/www.fbdm-mcaf.ca\/en\/wp-json\/wp\/v2\/tribe_events"}],"about":[{"href":"https:\/\/www.fbdm-mcaf.ca\/en\/wp-json\/wp\/v2\/types\/tribe_events"}],"author":[{"embeddable":true,"href":"https:\/\/www.fbdm-mcaf.ca\/en\/wp-json\/wp\/v2\/users\/18"}],"version-history":[{"count":1,"href":"https:\/\/www.fbdm-mcaf.ca\/en\/wp-json\/wp\/v2\/tribe_events\/38047\/revisions"}],"predecessor-version":[{"id":38049,"href":"https:\/\/www.fbdm-mcaf.ca\/en\/wp-json\/wp\/v2\/tribe_events\/38047\/revisions\/38049"}],"wp:featuredmedia":[{"embeddable":true,"href":"https:\/\/www.fbdm-mcaf.ca\/en\/wp-json\/wp\/v2\/media\/38048"}],"wp:attachment":[{"href":"https:\/\/www.fbdm-mcaf.ca\/en\/wp-json\/wp\/v2\/media?parent=38047"}],"wp:term":[{"taxonomy":"post_tag","embeddable":true,"href":"https:\/\/www.fbdm-mcaf.ca\/en\/wp-json\/wp\/v2\/tags?post=38047"},{"taxonomy":"tribe_events_cat","embeddable":true,"href":"https:\/\/www.fbdm-mcaf.ca\/en\/wp-json\/wp\/v2\/tribe_events_cat?post=38047"}],"curies":[{"name":"wp","href":"https:\/\/api.w.org\/{rel}","templated":true}]}}