{"id":38007,"date":"2025-10-16T17:47:48","date_gmt":"2025-10-16T21:47:48","guid":{"rendered":"https:\/\/www.fbdm-mcaf.ca\/event\/ces-memoires-archivees-en-bd-une-education-orientale\/"},"modified":"2025-10-16T17:49:38","modified_gmt":"2025-10-16T21:49:38","slug":"ces-memoires-archivees-en-bd-une-education-orientale","status":"publish","type":"tribe_events","link":"https:\/\/www.fbdm-mcaf.ca\/en\/event\/ces-memoires-archivees-en-bd-une-education-orientale\/","title":{"rendered":"FR Ces m\u00e9moires archiv\u00e9es en BD : Une \u00e9ducation orientale"},"content":{"rendered":"<p>Et si les bandes dessin\u00e9es \u00e9taient avant tout des vaisseaux de m\u00e9moire et d\u2019archives ? Ce club de lecture propose un nouveau regard sur la transmission orale et \u00e9crite des histoires gr\u00e2ce \u00e0 la bande dessin\u00e9e. Un livre par mois \u00e0 lire, et une rencontre pour \u00e9changer en petit groupe.<\/p>\n<p>Inscrivez-vous aux s\u00e9ances de votre choix.<\/p>\n","protected":false},"excerpt":{"rendered":"<p class=\"post-excerpt\">\n<p>Et si les bandes dessin\u00e9es \u00e9taient avant tout des vaisseaux de m\u00e9moire et d\u2019archives ? Ce club de lecture propose un nouveau regard sur la transmission orale et \u00e9crite des histoires gr\u00e2ce \u00e0 la bande dessin\u00e9e. Un livre par mois \u00e0 lire, et une rencontre pour \u00e9changer en petit groupe.<\/p>\n<p>&#8230;<\/p>\n<p><a class=\"post-learn-more\" href=\"https:\/\/www.fbdm-mcaf.ca\/en\/event\/ces-memoires-archivees-en-bd-une-education-orientale\/\">Read more<span>&nbsp;><\/span><\/a><\/p><\/p>\n","protected":false},"author":18,"featured_media":37999,"template":"","meta":{"_acf_changed":false,"_price":"","_stock":"","_tribe_ticket_header":"","_tribe_default_ticket_provider":"","_tribe_ticket_capacity":"0","_ticket_start_date":"","_ticket_end_date":"","_tribe_ticket_show_description":"","_tribe_ticket_show_not_going":false,"_tribe_ticket_use_global_stock":"","_tribe_ticket_global_stock_level":"","_global_stock_mode":"","_global_stock_cap":"","_tribe_rsvp_for_event":"","_tribe_ticket_going_count":"","_tribe_ticket_not_going_count":"","_tribe_tickets_list":"[]","_tribe_ticket_has_attendee_info_fields":false,"_tribe_events_status":"","_tribe_events_status_reason":"","_tribe_events_is_hybrid":"","_tribe_events_is_virtual":"","_tribe_events_virtual_video_source":"","_tribe_events_virtual_embed_video":"","_tribe_events_virtual_linked_button_text":"","_tribe_events_virtual_linked_button":"","_tribe_events_virtual_show_embed_at":"","_tribe_events_virtual_show_embed_to":[],"_tribe_events_virtual_show_on_event":"","_tribe_events_virtual_show_on_views":"","_tribe_events_virtual_url":"","footnotes":"","_tec_slr_enabled":"","_tec_slr_layout":""},"tags":[],"tribe_events_cat":[319],"class_list":["post-38007","tribe_events","type-tribe_events","status-publish","has-post-thumbnail","hentry","tribe_events_cat-book-club","cat_book-club"],"acf":[],"yoast_head":"<!-- This site is optimized with the Yoast SEO plugin v27.5 - https:\/\/yoast.com\/product\/yoast-seo-wordpress\/ -->\n<title>FR Ces m\u00e9moires archiv\u00e9es en BD : Une \u00e9ducation orientale &#8226; MCAF<\/title>\n<meta name=\"robots\" content=\"index, follow, max-snippet:-1, max-image-preview:large, max-video-preview:-1\" \/>\n<link rel=\"canonical\" href=\"https:\/\/www.fbdm-mcaf.ca\/en\/event\/ces-memoires-archivees-en-bd-une-education-orientale\/\" \/>\n<meta property=\"og:locale\" content=\"en_US\" \/>\n<meta property=\"og:type\" content=\"article\" \/>\n<meta property=\"og:title\" content=\"FR Ces m\u00e9moires archiv\u00e9es en BD : Une \u00e9ducation orientale &#8226; MCAF\" \/>\n<meta property=\"og:description\" content=\"Et si les bandes dessin\u00e9es \u00e9taient avant tout des vaisseaux de m\u00e9moire et d\u2019archives ? Ce club de lecture propose un nouveau regard sur la transmission orale et \u00e9crite des histoires gr\u00e2ce \u00e0 la bande dessin\u00e9e. Un livre par mois \u00e0 lire, et une rencontre pour \u00e9changer en petit groupe....Read more&nbsp;&gt;\" \/>\n<meta property=\"og:url\" content=\"https:\/\/www.fbdm-mcaf.ca\/en\/event\/ces-memoires-archivees-en-bd-une-education-orientale\/\" \/>\n<meta property=\"og:site_name\" content=\"MCAF\" \/>\n<meta property=\"article:publisher\" content=\"https:\/\/www.facebook.com\/FestivalBDMontreal\/\" \/>\n<meta property=\"article:modified_time\" content=\"2025-10-16T21:49:38+00:00\" \/>\n<meta property=\"og:image\" content=\"https:\/\/www.fbdm-mcaf.ca\/wp-content\/uploads\/p8u250925001-640x360-fr-m-6880fb2b.png\" \/>\n\t<meta property=\"og:image:width\" content=\"640\" \/>\n\t<meta property=\"og:image:height\" content=\"360\" \/>\n\t<meta property=\"og:image:type\" content=\"image\/png\" \/>\n<meta name=\"twitter:card\" content=\"summary_large_image\" \/>\n<meta name=\"twitter:site\" content=\"@fbdm_mtl\" \/>\n<script type=\"application\/ld+json\" class=\"yoast-schema-graph\">{\"@context\":\"https:\\\/\\\/schema.org\",\"@graph\":[{\"@type\":\"WebPage\",\"@id\":\"https:\\\/\\\/www.fbdm-mcaf.ca\\\/en\\\/event\\\/ces-memoires-archivees-en-bd-une-education-orientale\\\/\",\"url\":\"https:\\\/\\\/www.fbdm-mcaf.ca\\\/en\\\/event\\\/ces-memoires-archivees-en-bd-une-education-orientale\\\/\",\"name\":\"FR Ces m\u00e9moires archiv\u00e9es en BD : Une \u00e9ducation orientale &#8226; MCAF\",\"isPartOf\":{\"@id\":\"https:\\\/\\\/www.fbdm-mcaf.ca\\\/en\\\/#website\"},\"primaryImageOfPage\":{\"@id\":\"https:\\\/\\\/www.fbdm-mcaf.ca\\\/en\\\/event\\\/ces-memoires-archivees-en-bd-une-education-orientale\\\/#primaryimage\"},\"image\":{\"@id\":\"https:\\\/\\\/www.fbdm-mcaf.ca\\\/en\\\/event\\\/ces-memoires-archivees-en-bd-une-education-orientale\\\/#primaryimage\"},\"thumbnailUrl\":\"https:\\\/\\\/www.fbdm-mcaf.ca\\\/wp-content\\\/uploads\\\/p8u250925001-640x360-fr-m-6880fb2b.png\",\"datePublished\":\"2025-10-16T21:47:48+00:00\",\"dateModified\":\"2025-10-16T21:49:38+00:00\",\"breadcrumb\":{\"@id\":\"https:\\\/\\\/www.fbdm-mcaf.ca\\\/en\\\/event\\\/ces-memoires-archivees-en-bd-une-education-orientale\\\/#breadcrumb\"},\"inLanguage\":\"en-US\",\"potentialAction\":[{\"@type\":\"ReadAction\",\"target\":[\"https:\\\/\\\/www.fbdm-mcaf.ca\\\/en\\\/event\\\/ces-memoires-archivees-en-bd-une-education-orientale\\\/\"]}]},{\"@type\":\"ImageObject\",\"inLanguage\":\"en-US\",\"@id\":\"https:\\\/\\\/www.fbdm-mcaf.ca\\\/en\\\/event\\\/ces-memoires-archivees-en-bd-une-education-orientale\\\/#primaryimage\",\"url\":\"https:\\\/\\\/www.fbdm-mcaf.ca\\\/wp-content\\\/uploads\\\/p8u250925001-640x360-fr-m-6880fb2b.png\",\"contentUrl\":\"https:\\\/\\\/www.fbdm-mcaf.ca\\\/wp-content\\\/uploads\\\/p8u250925001-640x360-fr-m-6880fb2b.png\",\"width\":640,\"height\":360},{\"@type\":\"BreadcrumbList\",\"@id\":\"https:\\\/\\\/www.fbdm-mcaf.ca\\\/en\\\/event\\\/ces-memoires-archivees-en-bd-une-education-orientale\\\/#breadcrumb\",\"itemListElement\":[{\"@type\":\"ListItem\",\"position\":1,\"name\":\"Home\",\"item\":\"https:\\\/\\\/www.fbdm-mcaf.ca\\\/en\\\/\"},{\"@type\":\"ListItem\",\"position\":2,\"name\":\"Events\",\"item\":\"https:\\\/\\\/www.fbdm-mcaf.ca\\\/en\\\/events\\\/\"},{\"@type\":\"ListItem\",\"position\":3,\"name\":\"FR Ces m\u00e9moires archiv\u00e9es en BD : Une \u00e9ducation orientale\"}]},{\"@type\":\"WebSite\",\"@id\":\"https:\\\/\\\/www.fbdm-mcaf.ca\\\/en\\\/#website\",\"url\":\"https:\\\/\\\/www.fbdm-mcaf.ca\\\/en\\\/\",\"name\":\"MCAF\",\"description\":\"Montreal Comic Arts Festival\",\"potentialAction\":[{\"@type\":\"SearchAction\",\"target\":{\"@type\":\"EntryPoint\",\"urlTemplate\":\"https:\\\/\\\/www.fbdm-mcaf.ca\\\/en\\\/?s={search_term_string}\"},\"query-input\":{\"@type\":\"PropertyValueSpecification\",\"valueRequired\":true,\"valueName\":\"search_term_string\"}}],\"inLanguage\":\"en-US\"}]}<\/script>\n<!-- \/ Yoast SEO plugin. -->","yoast_head_json":{"title":"FR Ces m\u00e9moires archiv\u00e9es en BD : Une \u00e9ducation orientale &#8226; MCAF","robots":{"index":"index","follow":"follow","max-snippet":"max-snippet:-1","max-image-preview":"max-image-preview:large","max-video-preview":"max-video-preview:-1"},"canonical":"https:\/\/www.fbdm-mcaf.ca\/en\/event\/ces-memoires-archivees-en-bd-une-education-orientale\/","og_locale":"en_US","og_type":"article","og_title":"FR Ces m\u00e9moires archiv\u00e9es en BD : Une \u00e9ducation orientale &#8226; MCAF","og_description":"Et si les bandes dessin\u00e9es \u00e9taient avant tout des vaisseaux de m\u00e9moire et d\u2019archives ? Ce club de lecture propose un nouveau regard sur la transmission orale et \u00e9crite des histoires gr\u00e2ce \u00e0 la bande dessin\u00e9e. Un livre par mois \u00e0 lire, et une rencontre pour \u00e9changer en petit groupe....Read more&nbsp;>","og_url":"https:\/\/www.fbdm-mcaf.ca\/en\/event\/ces-memoires-archivees-en-bd-une-education-orientale\/","og_site_name":"MCAF","article_publisher":"https:\/\/www.facebook.com\/FestivalBDMontreal\/","article_modified_time":"2025-10-16T21:49:38+00:00","og_image":[{"width":640,"height":360,"url":"https:\/\/www.fbdm-mcaf.ca\/wp-content\/uploads\/p8u250925001-640x360-fr-m-6880fb2b.png","type":"image\/png"}],"twitter_card":"summary_large_image","twitter_site":"@fbdm_mtl","schema":{"@context":"https:\/\/schema.org","@graph":[{"@type":"WebPage","@id":"https:\/\/www.fbdm-mcaf.ca\/en\/event\/ces-memoires-archivees-en-bd-une-education-orientale\/","url":"https:\/\/www.fbdm-mcaf.ca\/en\/event\/ces-memoires-archivees-en-bd-une-education-orientale\/","name":"FR Ces m\u00e9moires archiv\u00e9es en BD : Une \u00e9ducation orientale &#8226; MCAF","isPartOf":{"@id":"https:\/\/www.fbdm-mcaf.ca\/en\/#website"},"primaryImageOfPage":{"@id":"https:\/\/www.fbdm-mcaf.ca\/en\/event\/ces-memoires-archivees-en-bd-une-education-orientale\/#primaryimage"},"image":{"@id":"https:\/\/www.fbdm-mcaf.ca\/en\/event\/ces-memoires-archivees-en-bd-une-education-orientale\/#primaryimage"},"thumbnailUrl":"https:\/\/www.fbdm-mcaf.ca\/wp-content\/uploads\/p8u250925001-640x360-fr-m-6880fb2b.png","datePublished":"2025-10-16T21:47:48+00:00","dateModified":"2025-10-16T21:49:38+00:00","breadcrumb":{"@id":"https:\/\/www.fbdm-mcaf.ca\/en\/event\/ces-memoires-archivees-en-bd-une-education-orientale\/#breadcrumb"},"inLanguage":"en-US","potentialAction":[{"@type":"ReadAction","target":["https:\/\/www.fbdm-mcaf.ca\/en\/event\/ces-memoires-archivees-en-bd-une-education-orientale\/"]}]},{"@type":"ImageObject","inLanguage":"en-US","@id":"https:\/\/www.fbdm-mcaf.ca\/en\/event\/ces-memoires-archivees-en-bd-une-education-orientale\/#primaryimage","url":"https:\/\/www.fbdm-mcaf.ca\/wp-content\/uploads\/p8u250925001-640x360-fr-m-6880fb2b.png","contentUrl":"https:\/\/www.fbdm-mcaf.ca\/wp-content\/uploads\/p8u250925001-640x360-fr-m-6880fb2b.png","width":640,"height":360},{"@type":"BreadcrumbList","@id":"https:\/\/www.fbdm-mcaf.ca\/en\/event\/ces-memoires-archivees-en-bd-une-education-orientale\/#breadcrumb","itemListElement":[{"@type":"ListItem","position":1,"name":"Home","item":"https:\/\/www.fbdm-mcaf.ca\/en\/"},{"@type":"ListItem","position":2,"name":"Events","item":"https:\/\/www.fbdm-mcaf.ca\/en\/events\/"},{"@type":"ListItem","position":3,"name":"FR Ces m\u00e9moires archiv\u00e9es en BD : Une \u00e9ducation orientale"}]},{"@type":"WebSite","@id":"https:\/\/www.fbdm-mcaf.ca\/en\/#website","url":"https:\/\/www.fbdm-mcaf.ca\/en\/","name":"MCAF","description":"Montreal Comic Arts Festival","potentialAction":[{"@type":"SearchAction","target":{"@type":"EntryPoint","urlTemplate":"https:\/\/www.fbdm-mcaf.ca\/en\/?s={search_term_string}"},"query-input":{"@type":"PropertyValueSpecification","valueRequired":true,"valueName":"search_term_string"}}],"inLanguage":"en-US"}]}},"ticketed":false,"_links":{"self":[{"href":"https:\/\/www.fbdm-mcaf.ca\/en\/wp-json\/wp\/v2\/tribe_events\/38007","targetHints":{"allow":["GET"]}}],"collection":[{"href":"https:\/\/www.fbdm-mcaf.ca\/en\/wp-json\/wp\/v2\/tribe_events"}],"about":[{"href":"https:\/\/www.fbdm-mcaf.ca\/en\/wp-json\/wp\/v2\/types\/tribe_events"}],"author":[{"embeddable":true,"href":"https:\/\/www.fbdm-mcaf.ca\/en\/wp-json\/wp\/v2\/users\/18"}],"version-history":[{"count":2,"href":"https:\/\/www.fbdm-mcaf.ca\/en\/wp-json\/wp\/v2\/tribe_events\/38007\/revisions"}],"predecessor-version":[{"id":38009,"href":"https:\/\/www.fbdm-mcaf.ca\/en\/wp-json\/wp\/v2\/tribe_events\/38007\/revisions\/38009"}],"wp:featuredmedia":[{"embeddable":true,"href":"https:\/\/www.fbdm-mcaf.ca\/en\/wp-json\/wp\/v2\/media\/37999"}],"wp:attachment":[{"href":"https:\/\/www.fbdm-mcaf.ca\/en\/wp-json\/wp\/v2\/media?parent=38007"}],"wp:term":[{"taxonomy":"post_tag","embeddable":true,"href":"https:\/\/www.fbdm-mcaf.ca\/en\/wp-json\/wp\/v2\/tags?post=38007"},{"taxonomy":"tribe_events_cat","embeddable":true,"href":"https:\/\/www.fbdm-mcaf.ca\/en\/wp-json\/wp\/v2\/tribe_events_cat?post=38007"}],"curies":[{"name":"wp","href":"https:\/\/api.w.org\/{rel}","templated":true}]}}