{"id":37066,"date":"2025-05-01T17:57:47","date_gmt":"2025-05-01T21:57:47","guid":{"rendered":"https:\/\/www.fbdm-mcaf.ca\/event\/les-zines-et-la-bande-dessinee-quebecoise\/"},"modified":"2025-05-01T17:59:07","modified_gmt":"2025-05-01T21:59:07","slug":"les-zines-et-la-bande-dessinee-quebecoise","status":"publish","type":"tribe_events","link":"https:\/\/www.fbdm-mcaf.ca\/en\/event\/les-zines-et-la-bande-dessinee-quebecoise\/","title":{"rendered":"FR Les Zines et la bande dessin\u00e9e qu\u00e9b\u00e9coise"},"content":{"rendered":"<div class=\"lead\">\n<p>Une conf\u00e9rence gratuite \u00e0 la biblioth\u00e8que du Vieux-Saint-Laurent!<\/p>\n<\/div>\n<div class=\"content-modules\">\n<div class=\"content-module-stacked\">\n<p>Avec Izabeau Legendre<\/p>\n<p>Mai, mois de la BD dans les biblioth\u00e8ques de Montr\u00e9al<\/p>\n<p>Les zines \u2013 petits livres ou magazines auto\u00e9dit\u00e9s \u2013 sont une partie importante de la bande dessin\u00e9e au Qu\u00e9bec. Malgr\u00e9 leur caract\u00e8re marginal et alternatif, ils ont accompagn\u00e9 le d\u00e9veloppement d\u2019une bande dessin\u00e9e distincte au Qu\u00e9bec.<\/p>\n<p>Cette conf\u00e9rence vise \u00e0 faire un survol de l\u2019histoire des zines de bande dessin\u00e9e au Qu\u00e9bec des ann\u00e9es 1970 \u00e0 aujourd\u2019hui. Une conf\u00e9rence appuy\u00e9e de pr\u00e9sentations et lectures d\u2019extraits de zines.<\/p>\n<\/div>\n<\/div>\n","protected":false},"excerpt":{"rendered":"<p class=\"post-excerpt\">\n<p>Une conf\u00e9rence gratuite \u00e0 la biblioth\u00e8que du Vieux-Saint-Laurent!<\/p>\n<p>Avec Izabeau Legendre<\/p>\n<p>Mai, mois de la BD dans les biblioth\u00e8ques de Montr\u00e9al<\/p>\n<p>Les zines \u2013 petits livres ou magazines auto\u00e9dit\u00e9s \u2013 sont une partie importante de la bande dessin\u00e9e au Qu\u00e9bec. Malgr\u00e9 leur caract\u00e8re marginal et alternatif,<\/p>\n<p>&#8230;<\/p>\n<p><a class=\"post-learn-more\" href=\"https:\/\/www.fbdm-mcaf.ca\/en\/event\/les-zines-et-la-bande-dessinee-quebecoise\/\">Read more<span>&nbsp;><\/span><\/a><\/p><\/p>\n","protected":false},"author":18,"featured_media":37064,"template":"","meta":{"_acf_changed":false,"_price":"","_stock":"","_tribe_ticket_header":"","_tribe_default_ticket_provider":"","_tribe_ticket_capacity":"0","_ticket_start_date":"","_ticket_end_date":"","_tribe_ticket_show_description":"","_tribe_ticket_show_not_going":false,"_tribe_ticket_use_global_stock":"","_tribe_ticket_global_stock_level":"","_global_stock_mode":"","_global_stock_cap":"","_tribe_rsvp_for_event":"","_tribe_ticket_going_count":"","_tribe_ticket_not_going_count":"","_tribe_tickets_list":"[]","_tribe_ticket_has_attendee_info_fields":false,"_tribe_events_status":"","_tribe_events_status_reason":"","_tribe_events_is_hybrid":"","_tribe_events_is_virtual":"","_tribe_events_virtual_video_source":"","_tribe_events_virtual_embed_video":"","_tribe_events_virtual_linked_button_text":"","_tribe_events_virtual_linked_button":"","_tribe_events_virtual_show_embed_at":"","_tribe_events_virtual_show_embed_to":[],"_tribe_events_virtual_show_on_event":"","_tribe_events_virtual_show_on_views":"","_tribe_events_virtual_url":"","footnotes":"","_tec_slr_enabled":"","_tec_slr_layout":""},"tags":[],"tribe_events_cat":[322,298],"class_list":["post-37066","tribe_events","type-tribe_events","status-publish","has-post-thumbnail","hentry","tribe_events_cat-discussion","tribe_events_cat-mai-mois-bd-en","cat_discussion","cat_mai-mois-bd-en"],"acf":[],"yoast_head":"<!-- This site is optimized with the Yoast SEO plugin v27.5 - https:\/\/yoast.com\/product\/yoast-seo-wordpress\/ -->\n<title>FR Les Zines et la bande dessin\u00e9e qu\u00e9b\u00e9coise &#8226; MCAF<\/title>\n<meta name=\"robots\" content=\"index, follow, max-snippet:-1, max-image-preview:large, max-video-preview:-1\" \/>\n<link rel=\"canonical\" href=\"https:\/\/www.fbdm-mcaf.ca\/en\/event\/les-zines-et-la-bande-dessinee-quebecoise\/\" \/>\n<meta property=\"og:locale\" content=\"en_US\" \/>\n<meta property=\"og:type\" content=\"article\" \/>\n<meta property=\"og:title\" content=\"FR Les Zines et la bande dessin\u00e9e qu\u00e9b\u00e9coise &#8226; MCAF\" \/>\n<meta property=\"og:description\" content=\"Une conf\u00e9rence gratuite \u00e0 la biblioth\u00e8que du Vieux-Saint-Laurent!  Avec Izabeau Legendre Mai, mois de la BD dans les biblioth\u00e8ques de Montr\u00e9al Les zines \u2013 petits livres ou magazines auto\u00e9dit\u00e9s \u2013 sont une partie importante de la bande dessin\u00e9e au Qu\u00e9bec. Malgr\u00e9 leur caract\u00e8re marginal et alternatif,...Read more&nbsp;&gt;\" \/>\n<meta property=\"og:url\" content=\"https:\/\/www.fbdm-mcaf.ca\/en\/event\/les-zines-et-la-bande-dessinee-quebecoise\/\" \/>\n<meta property=\"og:site_name\" content=\"MCAF\" \/>\n<meta property=\"article:publisher\" content=\"https:\/\/www.facebook.com\/FestivalBDMontreal\/\" \/>\n<meta property=\"article:modified_time\" content=\"2025-05-01T21:59:07+00:00\" \/>\n<meta property=\"og:image\" content=\"https:\/\/www.fbdm-mcaf.ca\/wp-content\/uploads\/Conf_zines-bd-queb-.jpg\" \/>\n\t<meta property=\"og:image:width\" content=\"1000\" \/>\n\t<meta property=\"og:image:height\" content=\"525\" \/>\n\t<meta property=\"og:image:type\" content=\"image\/jpeg\" \/>\n<meta name=\"twitter:card\" content=\"summary_large_image\" \/>\n<meta name=\"twitter:site\" content=\"@fbdm_mtl\" \/>\n<meta name=\"twitter:label1\" content=\"Est. reading time\" \/>\n\t<meta name=\"twitter:data1\" content=\"1 minute\" \/>\n<script type=\"application\/ld+json\" class=\"yoast-schema-graph\">{\"@context\":\"https:\\\/\\\/schema.org\",\"@graph\":[{\"@type\":\"WebPage\",\"@id\":\"https:\\\/\\\/www.fbdm-mcaf.ca\\\/en\\\/event\\\/les-zines-et-la-bande-dessinee-quebecoise\\\/\",\"url\":\"https:\\\/\\\/www.fbdm-mcaf.ca\\\/en\\\/event\\\/les-zines-et-la-bande-dessinee-quebecoise\\\/\",\"name\":\"FR Les Zines et la bande dessin\u00e9e qu\u00e9b\u00e9coise &#8226; MCAF\",\"isPartOf\":{\"@id\":\"https:\\\/\\\/www.fbdm-mcaf.ca\\\/en\\\/#website\"},\"primaryImageOfPage\":{\"@id\":\"https:\\\/\\\/www.fbdm-mcaf.ca\\\/en\\\/event\\\/les-zines-et-la-bande-dessinee-quebecoise\\\/#primaryimage\"},\"image\":{\"@id\":\"https:\\\/\\\/www.fbdm-mcaf.ca\\\/en\\\/event\\\/les-zines-et-la-bande-dessinee-quebecoise\\\/#primaryimage\"},\"thumbnailUrl\":\"https:\\\/\\\/www.fbdm-mcaf.ca\\\/wp-content\\\/uploads\\\/Conf_zines-bd-queb-.jpg\",\"datePublished\":\"2025-05-01T21:57:47+00:00\",\"dateModified\":\"2025-05-01T21:59:07+00:00\",\"breadcrumb\":{\"@id\":\"https:\\\/\\\/www.fbdm-mcaf.ca\\\/en\\\/event\\\/les-zines-et-la-bande-dessinee-quebecoise\\\/#breadcrumb\"},\"inLanguage\":\"en-US\",\"potentialAction\":[{\"@type\":\"ReadAction\",\"target\":[\"https:\\\/\\\/www.fbdm-mcaf.ca\\\/en\\\/event\\\/les-zines-et-la-bande-dessinee-quebecoise\\\/\"]}]},{\"@type\":\"ImageObject\",\"inLanguage\":\"en-US\",\"@id\":\"https:\\\/\\\/www.fbdm-mcaf.ca\\\/en\\\/event\\\/les-zines-et-la-bande-dessinee-quebecoise\\\/#primaryimage\",\"url\":\"https:\\\/\\\/www.fbdm-mcaf.ca\\\/wp-content\\\/uploads\\\/Conf_zines-bd-queb-.jpg\",\"contentUrl\":\"https:\\\/\\\/www.fbdm-mcaf.ca\\\/wp-content\\\/uploads\\\/Conf_zines-bd-queb-.jpg\",\"width\":1000,\"height\":525},{\"@type\":\"BreadcrumbList\",\"@id\":\"https:\\\/\\\/www.fbdm-mcaf.ca\\\/en\\\/event\\\/les-zines-et-la-bande-dessinee-quebecoise\\\/#breadcrumb\",\"itemListElement\":[{\"@type\":\"ListItem\",\"position\":1,\"name\":\"Home\",\"item\":\"https:\\\/\\\/www.fbdm-mcaf.ca\\\/en\\\/\"},{\"@type\":\"ListItem\",\"position\":2,\"name\":\"Events\",\"item\":\"https:\\\/\\\/www.fbdm-mcaf.ca\\\/en\\\/events\\\/\"},{\"@type\":\"ListItem\",\"position\":3,\"name\":\"FR Les Zines et la bande dessin\u00e9e qu\u00e9b\u00e9coise\"}]},{\"@type\":\"WebSite\",\"@id\":\"https:\\\/\\\/www.fbdm-mcaf.ca\\\/en\\\/#website\",\"url\":\"https:\\\/\\\/www.fbdm-mcaf.ca\\\/en\\\/\",\"name\":\"MCAF\",\"description\":\"Montreal Comic Arts Festival\",\"potentialAction\":[{\"@type\":\"SearchAction\",\"target\":{\"@type\":\"EntryPoint\",\"urlTemplate\":\"https:\\\/\\\/www.fbdm-mcaf.ca\\\/en\\\/?s={search_term_string}\"},\"query-input\":{\"@type\":\"PropertyValueSpecification\",\"valueRequired\":true,\"valueName\":\"search_term_string\"}}],\"inLanguage\":\"en-US\"}]}<\/script>\n<!-- \/ Yoast SEO plugin. -->","yoast_head_json":{"title":"FR Les Zines et la bande dessin\u00e9e qu\u00e9b\u00e9coise &#8226; MCAF","robots":{"index":"index","follow":"follow","max-snippet":"max-snippet:-1","max-image-preview":"max-image-preview:large","max-video-preview":"max-video-preview:-1"},"canonical":"https:\/\/www.fbdm-mcaf.ca\/en\/event\/les-zines-et-la-bande-dessinee-quebecoise\/","og_locale":"en_US","og_type":"article","og_title":"FR Les Zines et la bande dessin\u00e9e qu\u00e9b\u00e9coise &#8226; MCAF","og_description":"Une conf\u00e9rence gratuite \u00e0 la biblioth\u00e8que du Vieux-Saint-Laurent!  Avec Izabeau Legendre Mai, mois de la BD dans les biblioth\u00e8ques de Montr\u00e9al Les zines \u2013 petits livres ou magazines auto\u00e9dit\u00e9s \u2013 sont une partie importante de la bande dessin\u00e9e au Qu\u00e9bec. Malgr\u00e9 leur caract\u00e8re marginal et alternatif,...Read more&nbsp;>","og_url":"https:\/\/www.fbdm-mcaf.ca\/en\/event\/les-zines-et-la-bande-dessinee-quebecoise\/","og_site_name":"MCAF","article_publisher":"https:\/\/www.facebook.com\/FestivalBDMontreal\/","article_modified_time":"2025-05-01T21:59:07+00:00","og_image":[{"width":1000,"height":525,"url":"https:\/\/www.fbdm-mcaf.ca\/wp-content\/uploads\/Conf_zines-bd-queb-.jpg","type":"image\/jpeg"}],"twitter_card":"summary_large_image","twitter_site":"@fbdm_mtl","twitter_misc":{"Est. reading time":"1 minute"},"schema":{"@context":"https:\/\/schema.org","@graph":[{"@type":"WebPage","@id":"https:\/\/www.fbdm-mcaf.ca\/en\/event\/les-zines-et-la-bande-dessinee-quebecoise\/","url":"https:\/\/www.fbdm-mcaf.ca\/en\/event\/les-zines-et-la-bande-dessinee-quebecoise\/","name":"FR Les Zines et la bande dessin\u00e9e qu\u00e9b\u00e9coise &#8226; MCAF","isPartOf":{"@id":"https:\/\/www.fbdm-mcaf.ca\/en\/#website"},"primaryImageOfPage":{"@id":"https:\/\/www.fbdm-mcaf.ca\/en\/event\/les-zines-et-la-bande-dessinee-quebecoise\/#primaryimage"},"image":{"@id":"https:\/\/www.fbdm-mcaf.ca\/en\/event\/les-zines-et-la-bande-dessinee-quebecoise\/#primaryimage"},"thumbnailUrl":"https:\/\/www.fbdm-mcaf.ca\/wp-content\/uploads\/Conf_zines-bd-queb-.jpg","datePublished":"2025-05-01T21:57:47+00:00","dateModified":"2025-05-01T21:59:07+00:00","breadcrumb":{"@id":"https:\/\/www.fbdm-mcaf.ca\/en\/event\/les-zines-et-la-bande-dessinee-quebecoise\/#breadcrumb"},"inLanguage":"en-US","potentialAction":[{"@type":"ReadAction","target":["https:\/\/www.fbdm-mcaf.ca\/en\/event\/les-zines-et-la-bande-dessinee-quebecoise\/"]}]},{"@type":"ImageObject","inLanguage":"en-US","@id":"https:\/\/www.fbdm-mcaf.ca\/en\/event\/les-zines-et-la-bande-dessinee-quebecoise\/#primaryimage","url":"https:\/\/www.fbdm-mcaf.ca\/wp-content\/uploads\/Conf_zines-bd-queb-.jpg","contentUrl":"https:\/\/www.fbdm-mcaf.ca\/wp-content\/uploads\/Conf_zines-bd-queb-.jpg","width":1000,"height":525},{"@type":"BreadcrumbList","@id":"https:\/\/www.fbdm-mcaf.ca\/en\/event\/les-zines-et-la-bande-dessinee-quebecoise\/#breadcrumb","itemListElement":[{"@type":"ListItem","position":1,"name":"Home","item":"https:\/\/www.fbdm-mcaf.ca\/en\/"},{"@type":"ListItem","position":2,"name":"Events","item":"https:\/\/www.fbdm-mcaf.ca\/en\/events\/"},{"@type":"ListItem","position":3,"name":"FR Les Zines et la bande dessin\u00e9e qu\u00e9b\u00e9coise"}]},{"@type":"WebSite","@id":"https:\/\/www.fbdm-mcaf.ca\/en\/#website","url":"https:\/\/www.fbdm-mcaf.ca\/en\/","name":"MCAF","description":"Montreal Comic Arts Festival","potentialAction":[{"@type":"SearchAction","target":{"@type":"EntryPoint","urlTemplate":"https:\/\/www.fbdm-mcaf.ca\/en\/?s={search_term_string}"},"query-input":{"@type":"PropertyValueSpecification","valueRequired":true,"valueName":"search_term_string"}}],"inLanguage":"en-US"}]}},"ticketed":false,"_links":{"self":[{"href":"https:\/\/www.fbdm-mcaf.ca\/en\/wp-json\/wp\/v2\/tribe_events\/37066","targetHints":{"allow":["GET"]}}],"collection":[{"href":"https:\/\/www.fbdm-mcaf.ca\/en\/wp-json\/wp\/v2\/tribe_events"}],"about":[{"href":"https:\/\/www.fbdm-mcaf.ca\/en\/wp-json\/wp\/v2\/types\/tribe_events"}],"author":[{"embeddable":true,"href":"https:\/\/www.fbdm-mcaf.ca\/en\/wp-json\/wp\/v2\/users\/18"}],"version-history":[{"count":1,"href":"https:\/\/www.fbdm-mcaf.ca\/en\/wp-json\/wp\/v2\/tribe_events\/37066\/revisions"}],"predecessor-version":[{"id":37068,"href":"https:\/\/www.fbdm-mcaf.ca\/en\/wp-json\/wp\/v2\/tribe_events\/37066\/revisions\/37068"}],"wp:featuredmedia":[{"embeddable":true,"href":"https:\/\/www.fbdm-mcaf.ca\/en\/wp-json\/wp\/v2\/media\/37064"}],"wp:attachment":[{"href":"https:\/\/www.fbdm-mcaf.ca\/en\/wp-json\/wp\/v2\/media?parent=37066"}],"wp:term":[{"taxonomy":"post_tag","embeddable":true,"href":"https:\/\/www.fbdm-mcaf.ca\/en\/wp-json\/wp\/v2\/tags?post=37066"},{"taxonomy":"tribe_events_cat","embeddable":true,"href":"https:\/\/www.fbdm-mcaf.ca\/en\/wp-json\/wp\/v2\/tribe_events_cat?post=37066"}],"curies":[{"name":"wp","href":"https:\/\/api.w.org\/{rel}","templated":true}]}}