{"id":37009,"date":"2025-05-01T16:35:48","date_gmt":"2025-05-01T20:35:48","guid":{"rendered":"https:\/\/www.fbdm-mcaf.ca\/?post_type=tribe_events&#038;p=37009"},"modified":"2025-05-01T16:39:11","modified_gmt":"2025-05-01T20:39:11","slug":"fr-lancement-de-lorangeraie-en-compagnie-de-larry-tremblay-et-pierre-lecrenier","status":"publish","type":"tribe_events","link":"https:\/\/www.fbdm-mcaf.ca\/en\/event\/fr-lancement-de-lorangeraie-en-compagnie-de-larry-tremblay-et-pierre-lecrenier\/","title":{"rendered":"FR Lancement de &#8220;L&#8217;orangeraie&#8221; en compagnie de Larry Tremblay et Pierre Lecrenier"},"content":{"rendered":"<div class=\"xdj266r x11i5rnm xat24cr x1mh8g0r x1vvkbs\">\u00c0 l&#8217;occasion du lancement de l&#8217;adaptation en bande-dessin\u00e9e de L&#8217;Orangeraie, \u0153uvre phare de Larry Tremblay, le public est convi\u00e9 \u00e0 une rencontre exceptionnelle.<\/div>\n<div class=\"x11i5rnm xat24cr x1mh8g0r x1vvkbs xtlvy1s\">L&#8217;illustrateur de Wallonie-Bruxelles, Pierre Lecrenier, dont le trait sensible donne vie \u00e0 cette bouleversante histoire, \u00e9changera avec l&#8217;auteur qu\u00e9b\u00e9cois lors d&#8217;une conversation privil\u00e9gi\u00e9e organis\u00e9e par le cercle de lecture Lisez l&#8217;Europe.Cette adaptation, fruit d&#8217;une collaboration artistique transatlantique, illustre parfaitement la richesse des \u00e9changes culturels entre la Belgique et le Qu\u00e9bec.<\/div>\n<div class=\"x11i5rnm xat24cr x1mh8g0r x1vvkbs xtlvy1s\">Rendez-vous le 21 mai, \u00e0 partir de 17h30 \u00e0 la Librairie Gallimard de Montr\u00e9al pour ce moment de partage autour de la litt\u00e9rature francophone contemporaine et de ses multiples expressions.<br class=\"html-br\" \/>_____<br class=\"html-br\" \/>Lisez l\u2019Europe se veut un lieu de rassemblement des diff\u00e9rentes litt\u00e9ratures qui animent les diff\u00e9rentes cultures europ\u00e9ennes. Il est \u00e9galement un point de rencontre avec les lectrices et lecteurs, les autrices et auteurs et les \u00e9ditrices et \u00e9diteurs qu\u00e9b\u00e9cois.e.s.<\/div>\n","protected":false},"excerpt":{"rendered":"<p class=\"post-excerpt\">\u00c0 l&#8217;occasion du lancement de l&#8217;adaptation en bande-dessin\u00e9e de L&#8217;Orangeraie, \u0153uvre phare de Larry Tremblay, le public est convi\u00e9 \u00e0 une rencontre exceptionnelle.<br \/>\nL&#8217;illustrateur de Wallonie-Bruxelles, Pierre Lecrenier, dont le trait sensible donne vie \u00e0 cette bouleversante histoire, \u00e9changera avec l&#8217;auteur qu\u00e9b\u00e9cois lors d&#8217;une conversation privil\u00e9gi\u00e9e organis\u00e9e par le cercle de lecture Lisez l&#8217;Europe.Cette adaptation,&#8230;<\/p>\n<p><a class=\"post-learn-more\" href=\"https:\/\/www.fbdm-mcaf.ca\/en\/event\/fr-lancement-de-lorangeraie-en-compagnie-de-larry-tremblay-et-pierre-lecrenier\/\">Read more<span>&nbsp;><\/span><\/a><\/p><\/p>\n","protected":false},"author":18,"featured_media":37007,"template":"","meta":{"_acf_changed":false,"_price":"","_stock":"","_tribe_ticket_header":"","_tribe_default_ticket_provider":"","_tribe_ticket_capacity":"0","_ticket_start_date":"","_ticket_end_date":"","_tribe_ticket_show_description":"","_tribe_ticket_show_not_going":false,"_tribe_ticket_use_global_stock":"","_tribe_ticket_global_stock_level":"","_global_stock_mode":"","_global_stock_cap":"","_tribe_rsvp_for_event":"","_tribe_ticket_going_count":"","_tribe_ticket_not_going_count":"","_tribe_tickets_list":"[]","_tribe_ticket_has_attendee_info_fields":false,"_tribe_events_status":"","_tribe_events_status_reason":"","_tribe_events_is_hybrid":"","_tribe_events_is_virtual":"","_tribe_events_virtual_video_source":"","_tribe_events_virtual_embed_video":"","_tribe_events_virtual_linked_button_text":"","_tribe_events_virtual_linked_button":"","_tribe_events_virtual_show_embed_at":"","_tribe_events_virtual_show_embed_to":[],"_tribe_events_virtual_show_on_event":"","_tribe_events_virtual_show_on_views":"","_tribe_events_virtual_url":"","footnotes":"","_tec_slr_enabled":"","_tec_slr_layout":""},"tags":[],"tribe_events_cat":[315,298],"class_list":["post-37009","tribe_events","type-tribe_events","status-publish","has-post-thumbnail","hentry","tribe_events_cat-launch","tribe_events_cat-mai-mois-bd-en","cat_launch","cat_mai-mois-bd-en"],"acf":[],"yoast_head":"<!-- This site is optimized with the Yoast SEO plugin v27.5 - https:\/\/yoast.com\/product\/yoast-seo-wordpress\/ -->\n<title>FR Lancement de &quot;L&#039;orangeraie&quot; en compagnie de Larry Tremblay et Pierre Lecrenier &#8226; MCAF<\/title>\n<meta name=\"robots\" content=\"index, follow, max-snippet:-1, max-image-preview:large, max-video-preview:-1\" \/>\n<link rel=\"canonical\" href=\"https:\/\/www.fbdm-mcaf.ca\/en\/event\/fr-lancement-de-lorangeraie-en-compagnie-de-larry-tremblay-et-pierre-lecrenier\/\" \/>\n<meta property=\"og:locale\" content=\"en_US\" \/>\n<meta property=\"og:type\" content=\"article\" \/>\n<meta property=\"og:title\" content=\"FR Lancement de &quot;L&#039;orangeraie&quot; en compagnie de Larry Tremblay et Pierre Lecrenier &#8226; MCAF\" \/>\n<meta property=\"og:description\" content=\"\u00c0 l&#8217;occasion du lancement de l&#8217;adaptation en bande-dessin\u00e9e de L&#8217;Orangeraie, \u0153uvre phare de Larry Tremblay, le public est convi\u00e9 \u00e0 une rencontre exceptionnelle. L&#8217;illustrateur de Wallonie-Bruxelles, Pierre Lecrenier, dont le trait sensible donne vie \u00e0 cette bouleversante histoire, \u00e9changera avec l&#8217;auteur qu\u00e9b\u00e9cois lors d&#8217;une conversation privil\u00e9gi\u00e9e organis\u00e9e par le cercle de lecture Lisez l&#8217;Europe.Cette adaptation,...Read more&nbsp;&gt;\" \/>\n<meta property=\"og:url\" content=\"https:\/\/www.fbdm-mcaf.ca\/en\/event\/fr-lancement-de-lorangeraie-en-compagnie-de-larry-tremblay-et-pierre-lecrenier\/\" \/>\n<meta property=\"og:site_name\" content=\"MCAF\" \/>\n<meta property=\"article:publisher\" content=\"https:\/\/www.facebook.com\/FestivalBDMontreal\/\" \/>\n<meta property=\"article:modified_time\" content=\"2025-05-01T20:39:11+00:00\" \/>\n<meta property=\"og:image\" content=\"https:\/\/www.fbdm-mcaf.ca\/wp-content\/uploads\/Lancement-LarryTremblay2025.jpg\" \/>\n\t<meta property=\"og:image:width\" content=\"2048\" \/>\n\t<meta property=\"og:image:height\" content=\"1072\" \/>\n\t<meta property=\"og:image:type\" content=\"image\/jpeg\" \/>\n<meta name=\"twitter:card\" content=\"summary_large_image\" \/>\n<meta name=\"twitter:site\" content=\"@fbdm_mtl\" \/>\n<meta name=\"twitter:label1\" content=\"Est. reading time\" \/>\n\t<meta name=\"twitter:data1\" content=\"1 minute\" \/>\n<script type=\"application\/ld+json\" class=\"yoast-schema-graph\">{\"@context\":\"https:\\\/\\\/schema.org\",\"@graph\":[{\"@type\":\"WebPage\",\"@id\":\"https:\\\/\\\/www.fbdm-mcaf.ca\\\/en\\\/event\\\/fr-lancement-de-lorangeraie-en-compagnie-de-larry-tremblay-et-pierre-lecrenier\\\/\",\"url\":\"https:\\\/\\\/www.fbdm-mcaf.ca\\\/en\\\/event\\\/fr-lancement-de-lorangeraie-en-compagnie-de-larry-tremblay-et-pierre-lecrenier\\\/\",\"name\":\"FR Lancement de \\\"L'orangeraie\\\" en compagnie de Larry Tremblay et Pierre Lecrenier &#8226; MCAF\",\"isPartOf\":{\"@id\":\"https:\\\/\\\/www.fbdm-mcaf.ca\\\/en\\\/#website\"},\"primaryImageOfPage\":{\"@id\":\"https:\\\/\\\/www.fbdm-mcaf.ca\\\/en\\\/event\\\/fr-lancement-de-lorangeraie-en-compagnie-de-larry-tremblay-et-pierre-lecrenier\\\/#primaryimage\"},\"image\":{\"@id\":\"https:\\\/\\\/www.fbdm-mcaf.ca\\\/en\\\/event\\\/fr-lancement-de-lorangeraie-en-compagnie-de-larry-tremblay-et-pierre-lecrenier\\\/#primaryimage\"},\"thumbnailUrl\":\"https:\\\/\\\/www.fbdm-mcaf.ca\\\/wp-content\\\/uploads\\\/Lancement-LarryTremblay2025.jpg\",\"datePublished\":\"2025-05-01T20:35:48+00:00\",\"dateModified\":\"2025-05-01T20:39:11+00:00\",\"breadcrumb\":{\"@id\":\"https:\\\/\\\/www.fbdm-mcaf.ca\\\/en\\\/event\\\/fr-lancement-de-lorangeraie-en-compagnie-de-larry-tremblay-et-pierre-lecrenier\\\/#breadcrumb\"},\"inLanguage\":\"en-US\",\"potentialAction\":[{\"@type\":\"ReadAction\",\"target\":[\"https:\\\/\\\/www.fbdm-mcaf.ca\\\/en\\\/event\\\/fr-lancement-de-lorangeraie-en-compagnie-de-larry-tremblay-et-pierre-lecrenier\\\/\"]}]},{\"@type\":\"ImageObject\",\"inLanguage\":\"en-US\",\"@id\":\"https:\\\/\\\/www.fbdm-mcaf.ca\\\/en\\\/event\\\/fr-lancement-de-lorangeraie-en-compagnie-de-larry-tremblay-et-pierre-lecrenier\\\/#primaryimage\",\"url\":\"https:\\\/\\\/www.fbdm-mcaf.ca\\\/wp-content\\\/uploads\\\/Lancement-LarryTremblay2025.jpg\",\"contentUrl\":\"https:\\\/\\\/www.fbdm-mcaf.ca\\\/wp-content\\\/uploads\\\/Lancement-LarryTremblay2025.jpg\",\"width\":2048,\"height\":1072},{\"@type\":\"BreadcrumbList\",\"@id\":\"https:\\\/\\\/www.fbdm-mcaf.ca\\\/en\\\/event\\\/fr-lancement-de-lorangeraie-en-compagnie-de-larry-tremblay-et-pierre-lecrenier\\\/#breadcrumb\",\"itemListElement\":[{\"@type\":\"ListItem\",\"position\":1,\"name\":\"Home\",\"item\":\"https:\\\/\\\/www.fbdm-mcaf.ca\\\/en\\\/\"},{\"@type\":\"ListItem\",\"position\":2,\"name\":\"Events\",\"item\":\"https:\\\/\\\/www.fbdm-mcaf.ca\\\/en\\\/events\\\/\"},{\"@type\":\"ListItem\",\"position\":3,\"name\":\"FR Lancement de &#8220;L&#8217;orangeraie&#8221; en compagnie de Larry Tremblay et Pierre Lecrenier\"}]},{\"@type\":\"WebSite\",\"@id\":\"https:\\\/\\\/www.fbdm-mcaf.ca\\\/en\\\/#website\",\"url\":\"https:\\\/\\\/www.fbdm-mcaf.ca\\\/en\\\/\",\"name\":\"MCAF\",\"description\":\"Montreal Comic Arts Festival\",\"potentialAction\":[{\"@type\":\"SearchAction\",\"target\":{\"@type\":\"EntryPoint\",\"urlTemplate\":\"https:\\\/\\\/www.fbdm-mcaf.ca\\\/en\\\/?s={search_term_string}\"},\"query-input\":{\"@type\":\"PropertyValueSpecification\",\"valueRequired\":true,\"valueName\":\"search_term_string\"}}],\"inLanguage\":\"en-US\"}]}<\/script>\n<!-- \/ Yoast SEO plugin. -->","yoast_head_json":{"title":"FR Lancement de \"L'orangeraie\" en compagnie de Larry Tremblay et Pierre Lecrenier &#8226; MCAF","robots":{"index":"index","follow":"follow","max-snippet":"max-snippet:-1","max-image-preview":"max-image-preview:large","max-video-preview":"max-video-preview:-1"},"canonical":"https:\/\/www.fbdm-mcaf.ca\/en\/event\/fr-lancement-de-lorangeraie-en-compagnie-de-larry-tremblay-et-pierre-lecrenier\/","og_locale":"en_US","og_type":"article","og_title":"FR Lancement de \"L'orangeraie\" en compagnie de Larry Tremblay et Pierre Lecrenier &#8226; MCAF","og_description":"\u00c0 l&#8217;occasion du lancement de l&#8217;adaptation en bande-dessin\u00e9e de L&#8217;Orangeraie, \u0153uvre phare de Larry Tremblay, le public est convi\u00e9 \u00e0 une rencontre exceptionnelle. L&#8217;illustrateur de Wallonie-Bruxelles, Pierre Lecrenier, dont le trait sensible donne vie \u00e0 cette bouleversante histoire, \u00e9changera avec l&#8217;auteur qu\u00e9b\u00e9cois lors d&#8217;une conversation privil\u00e9gi\u00e9e organis\u00e9e par le cercle de lecture Lisez l&#8217;Europe.Cette adaptation,...Read more&nbsp;>","og_url":"https:\/\/www.fbdm-mcaf.ca\/en\/event\/fr-lancement-de-lorangeraie-en-compagnie-de-larry-tremblay-et-pierre-lecrenier\/","og_site_name":"MCAF","article_publisher":"https:\/\/www.facebook.com\/FestivalBDMontreal\/","article_modified_time":"2025-05-01T20:39:11+00:00","og_image":[{"width":2048,"height":1072,"url":"https:\/\/www.fbdm-mcaf.ca\/wp-content\/uploads\/Lancement-LarryTremblay2025.jpg","type":"image\/jpeg"}],"twitter_card":"summary_large_image","twitter_site":"@fbdm_mtl","twitter_misc":{"Est. reading time":"1 minute"},"schema":{"@context":"https:\/\/schema.org","@graph":[{"@type":"WebPage","@id":"https:\/\/www.fbdm-mcaf.ca\/en\/event\/fr-lancement-de-lorangeraie-en-compagnie-de-larry-tremblay-et-pierre-lecrenier\/","url":"https:\/\/www.fbdm-mcaf.ca\/en\/event\/fr-lancement-de-lorangeraie-en-compagnie-de-larry-tremblay-et-pierre-lecrenier\/","name":"FR Lancement de \"L'orangeraie\" en compagnie de Larry Tremblay et Pierre Lecrenier &#8226; MCAF","isPartOf":{"@id":"https:\/\/www.fbdm-mcaf.ca\/en\/#website"},"primaryImageOfPage":{"@id":"https:\/\/www.fbdm-mcaf.ca\/en\/event\/fr-lancement-de-lorangeraie-en-compagnie-de-larry-tremblay-et-pierre-lecrenier\/#primaryimage"},"image":{"@id":"https:\/\/www.fbdm-mcaf.ca\/en\/event\/fr-lancement-de-lorangeraie-en-compagnie-de-larry-tremblay-et-pierre-lecrenier\/#primaryimage"},"thumbnailUrl":"https:\/\/www.fbdm-mcaf.ca\/wp-content\/uploads\/Lancement-LarryTremblay2025.jpg","datePublished":"2025-05-01T20:35:48+00:00","dateModified":"2025-05-01T20:39:11+00:00","breadcrumb":{"@id":"https:\/\/www.fbdm-mcaf.ca\/en\/event\/fr-lancement-de-lorangeraie-en-compagnie-de-larry-tremblay-et-pierre-lecrenier\/#breadcrumb"},"inLanguage":"en-US","potentialAction":[{"@type":"ReadAction","target":["https:\/\/www.fbdm-mcaf.ca\/en\/event\/fr-lancement-de-lorangeraie-en-compagnie-de-larry-tremblay-et-pierre-lecrenier\/"]}]},{"@type":"ImageObject","inLanguage":"en-US","@id":"https:\/\/www.fbdm-mcaf.ca\/en\/event\/fr-lancement-de-lorangeraie-en-compagnie-de-larry-tremblay-et-pierre-lecrenier\/#primaryimage","url":"https:\/\/www.fbdm-mcaf.ca\/wp-content\/uploads\/Lancement-LarryTremblay2025.jpg","contentUrl":"https:\/\/www.fbdm-mcaf.ca\/wp-content\/uploads\/Lancement-LarryTremblay2025.jpg","width":2048,"height":1072},{"@type":"BreadcrumbList","@id":"https:\/\/www.fbdm-mcaf.ca\/en\/event\/fr-lancement-de-lorangeraie-en-compagnie-de-larry-tremblay-et-pierre-lecrenier\/#breadcrumb","itemListElement":[{"@type":"ListItem","position":1,"name":"Home","item":"https:\/\/www.fbdm-mcaf.ca\/en\/"},{"@type":"ListItem","position":2,"name":"Events","item":"https:\/\/www.fbdm-mcaf.ca\/en\/events\/"},{"@type":"ListItem","position":3,"name":"FR Lancement de &#8220;L&#8217;orangeraie&#8221; en compagnie de Larry Tremblay et Pierre Lecrenier"}]},{"@type":"WebSite","@id":"https:\/\/www.fbdm-mcaf.ca\/en\/#website","url":"https:\/\/www.fbdm-mcaf.ca\/en\/","name":"MCAF","description":"Montreal Comic Arts Festival","potentialAction":[{"@type":"SearchAction","target":{"@type":"EntryPoint","urlTemplate":"https:\/\/www.fbdm-mcaf.ca\/en\/?s={search_term_string}"},"query-input":{"@type":"PropertyValueSpecification","valueRequired":true,"valueName":"search_term_string"}}],"inLanguage":"en-US"}]}},"ticketed":false,"_links":{"self":[{"href":"https:\/\/www.fbdm-mcaf.ca\/en\/wp-json\/wp\/v2\/tribe_events\/37009","targetHints":{"allow":["GET"]}}],"collection":[{"href":"https:\/\/www.fbdm-mcaf.ca\/en\/wp-json\/wp\/v2\/tribe_events"}],"about":[{"href":"https:\/\/www.fbdm-mcaf.ca\/en\/wp-json\/wp\/v2\/types\/tribe_events"}],"author":[{"embeddable":true,"href":"https:\/\/www.fbdm-mcaf.ca\/en\/wp-json\/wp\/v2\/users\/18"}],"version-history":[{"count":1,"href":"https:\/\/www.fbdm-mcaf.ca\/en\/wp-json\/wp\/v2\/tribe_events\/37009\/revisions"}],"predecessor-version":[{"id":37010,"href":"https:\/\/www.fbdm-mcaf.ca\/en\/wp-json\/wp\/v2\/tribe_events\/37009\/revisions\/37010"}],"wp:featuredmedia":[{"embeddable":true,"href":"https:\/\/www.fbdm-mcaf.ca\/en\/wp-json\/wp\/v2\/media\/37007"}],"wp:attachment":[{"href":"https:\/\/www.fbdm-mcaf.ca\/en\/wp-json\/wp\/v2\/media?parent=37009"}],"wp:term":[{"taxonomy":"post_tag","embeddable":true,"href":"https:\/\/www.fbdm-mcaf.ca\/en\/wp-json\/wp\/v2\/tags?post=37009"},{"taxonomy":"tribe_events_cat","embeddable":true,"href":"https:\/\/www.fbdm-mcaf.ca\/en\/wp-json\/wp\/v2\/tribe_events_cat?post=37009"}],"curies":[{"name":"wp","href":"https:\/\/api.w.org\/{rel}","templated":true}]}}