{"id":32671,"date":"2023-06-29T10:07:54","date_gmt":"2023-06-29T14:07:54","guid":{"rendered":"https:\/\/www.fbdm-mcaf.ca\/?page_id=32671"},"modified":"2023-06-29T11:14:52","modified_gmt":"2023-06-29T15:14:52","slug":"2023-2","status":"publish","type":"page","link":"https:\/\/www.fbdm-mcaf.ca\/en\/comic-arts-festival\/festival-in-pictures\/2023-2\/","title":{"rendered":"2023"},"content":{"rendered":"<div class=\"wc-gallery\"><div id='gallery-1' data-gutter-width='5' data-columns='4' class='gallery wc-gallery-captions-onhover fbdm-photos-gallery gallery-link-file gallery-masonry galleryid-32671 gallery-columns-4 gallery-size-wcstandard wc-gallery-bottomspace-default wc-gallery-clear'><div class='gallery-item gallery-item-position-1 gallery-item-attachment-32682'>\n\t\t\t\t<div class='gallery-icon portrait'>\n\t\t\t\t\t<a href='https:\/\/www.fbdm-mcaf.ca\/wp-content\/uploads\/Benevole-credit-photo-Pauline-Laurent-550x1138.jpeg' data-rel=\"prettyPhoto[32671]\" data-rel=\"prettyPhoto[32671]\" title='B\u00e9n\u00e9vole - cr\u00e9dit photo Pauline Laurent' target='_self'><img loading=\"lazy\" decoding=\"async\" width=\"550\" height=\"1138\" src=\"https:\/\/www.fbdm-mcaf.ca\/wp-content\/uploads\/Benevole-credit-photo-Pauline-Laurent-550x1138.jpeg\" class=\"attachment-wcstandard size-wcstandard\" alt=\"\" srcset=\"https:\/\/www.fbdm-mcaf.ca\/wp-content\/uploads\/Benevole-credit-photo-Pauline-Laurent-550x1138.jpeg 550w, https:\/\/www.fbdm-mcaf.ca\/wp-content\/uploads\/Benevole-credit-photo-Pauline-Laurent-145x300.jpeg 145w, https:\/\/www.fbdm-mcaf.ca\/wp-content\/uploads\/Benevole-credit-photo-Pauline-Laurent-495x1024.jpeg 495w, https:\/\/www.fbdm-mcaf.ca\/wp-content\/uploads\/Benevole-credit-photo-Pauline-Laurent-768x1589.jpeg 768w, https:\/\/www.fbdm-mcaf.ca\/wp-content\/uploads\/Benevole-credit-photo-Pauline-Laurent-743x1536.jpeg 743w, https:\/\/www.fbdm-mcaf.ca\/wp-content\/uploads\/Benevole-credit-photo-Pauline-Laurent-710x1469.jpeg 710w, https:\/\/www.fbdm-mcaf.ca\/wp-content\/uploads\/Benevole-credit-photo-Pauline-Laurent-250x517.jpeg 250w, https:\/\/www.fbdm-mcaf.ca\/wp-content\/uploads\/Benevole-credit-photo-Pauline-Laurent-800x1655.jpeg 800w, https:\/\/www.fbdm-mcaf.ca\/wp-content\/uploads\/Benevole-credit-photo-Pauline-Laurent-87x180.jpeg 87w, https:\/\/www.fbdm-mcaf.ca\/wp-content\/uploads\/Benevole-credit-photo-Pauline-Laurent-242x500.jpeg 242w, https:\/\/www.fbdm-mcaf.ca\/wp-content\/uploads\/Benevole-credit-photo-Pauline-Laurent.jpeg 990w\" sizes=\"auto, (max-width: 550px) 100vw, 550px\" \/><\/a>\n\t\t\t\t<\/div>\n\t\t\t\t\t<div class='wp-caption-text gallery-caption'>\n\t\t\t\t\t\t<p>\n\t\t\t\t\t\tFBDM &#8211; MCAF 2023\n\t\t\t\t\t\t<\/p>\n\t\t\t\t\t<\/div><\/div><div class='gallery-item gallery-item-position-2 gallery-item-attachment-32676'>\n\t\t\t\t<div class='gallery-icon landscape'>\n\t\t\t\t\t<a href='https:\/\/www.fbdm-mcaf.ca\/wp-content\/uploads\/Atelier-Manga-Drawing-1-credit-photo-Louise-Pilon-550x355.jpeg' data-rel=\"prettyPhoto[32671]\" data-rel=\"prettyPhoto[32671]\" title='Atelier Manga Drawing 1 - cr\u00e9dit photo Louise Pilon' target='_self'><img loading=\"lazy\" decoding=\"async\" width=\"550\" height=\"355\" src=\"https:\/\/www.fbdm-mcaf.ca\/wp-content\/uploads\/Atelier-Manga-Drawing-1-credit-photo-Louise-Pilon-550x355.jpeg\" class=\"attachment-wcstandard size-wcstandard\" alt=\"\" srcset=\"https:\/\/www.fbdm-mcaf.ca\/wp-content\/uploads\/Atelier-Manga-Drawing-1-credit-photo-Louise-Pilon-550x355.jpeg 550w, https:\/\/www.fbdm-mcaf.ca\/wp-content\/uploads\/Atelier-Manga-Drawing-1-credit-photo-Louise-Pilon-300x194.jpeg 300w, https:\/\/www.fbdm-mcaf.ca\/wp-content\/uploads\/Atelier-Manga-Drawing-1-credit-photo-Louise-Pilon-1024x661.jpeg 1024w, https:\/\/www.fbdm-mcaf.ca\/wp-content\/uploads\/Atelier-Manga-Drawing-1-credit-photo-Louise-Pilon-768x496.jpeg 768w, https:\/\/www.fbdm-mcaf.ca\/wp-content\/uploads\/Atelier-Manga-Drawing-1-credit-photo-Louise-Pilon-1536x992.jpeg 1536w, https:\/\/www.fbdm-mcaf.ca\/wp-content\/uploads\/Atelier-Manga-Drawing-1-credit-photo-Louise-Pilon-710x458.jpeg 710w, https:\/\/www.fbdm-mcaf.ca\/wp-content\/uploads\/Atelier-Manga-Drawing-1-credit-photo-Louise-Pilon-250x161.jpeg 250w, https:\/\/www.fbdm-mcaf.ca\/wp-content\/uploads\/Atelier-Manga-Drawing-1-credit-photo-Louise-Pilon-800x517.jpeg 800w, https:\/\/www.fbdm-mcaf.ca\/wp-content\/uploads\/Atelier-Manga-Drawing-1-credit-photo-Louise-Pilon-279x180.jpeg 279w, https:\/\/www.fbdm-mcaf.ca\/wp-content\/uploads\/Atelier-Manga-Drawing-1-credit-photo-Louise-Pilon-465x300.jpeg 465w, https:\/\/www.fbdm-mcaf.ca\/wp-content\/uploads\/Atelier-Manga-Drawing-1-credit-photo-Louise-Pilon-774x500.jpeg 774w, https:\/\/www.fbdm-mcaf.ca\/wp-content\/uploads\/Atelier-Manga-Drawing-1-credit-photo-Louise-Pilon.jpeg 1945w\" sizes=\"auto, (max-width: 550px) 100vw, 550px\" \/><\/a>\n\t\t\t\t<\/div>\n\t\t\t\t\t<div class='wp-caption-text gallery-caption'>\n\t\t\t\t\t\t<p>\n\t\t\t\t\t\tFBDM &#8211; MCAF 2023_Workshop Manga Drawing_credit photo Louise Pilon\n\t\t\t\t\t\t<\/p>\n\t\t\t\t\t<\/div><\/div><div class='gallery-item gallery-item-position-3 gallery-item-attachment-32714'>\n\t\t\t\t<div class='gallery-icon landscape'>\n\t\t\t\t\t<a href='https:\/\/www.fbdm-mcaf.ca\/wp-content\/uploads\/Foule-credit-Sebastien-Lavallee-1-550x367.jpg' data-rel=\"prettyPhoto[32671]\" data-rel=\"prettyPhoto[32671]\" title='Foule - cr\u00e9dit S\u00e9bastien Lavall\u00e9e' target='_self'><img loading=\"lazy\" decoding=\"async\" width=\"550\" height=\"367\" src=\"https:\/\/www.fbdm-mcaf.ca\/wp-content\/uploads\/Foule-credit-Sebastien-Lavallee-1-550x367.jpg\" class=\"attachment-wcstandard size-wcstandard\" alt=\"\" srcset=\"https:\/\/www.fbdm-mcaf.ca\/wp-content\/uploads\/Foule-credit-Sebastien-Lavallee-1-550x367.jpg 550w, https:\/\/www.fbdm-mcaf.ca\/wp-content\/uploads\/Foule-credit-Sebastien-Lavallee-1-300x200.jpg 300w, https:\/\/www.fbdm-mcaf.ca\/wp-content\/uploads\/Foule-credit-Sebastien-Lavallee-1-1024x683.jpg 1024w, https:\/\/www.fbdm-mcaf.ca\/wp-content\/uploads\/Foule-credit-Sebastien-Lavallee-1-768x512.jpg 768w, https:\/\/www.fbdm-mcaf.ca\/wp-content\/uploads\/Foule-credit-Sebastien-Lavallee-1-710x473.jpg 710w, https:\/\/www.fbdm-mcaf.ca\/wp-content\/uploads\/Foule-credit-Sebastien-Lavallee-1-250x167.jpg 250w, https:\/\/www.fbdm-mcaf.ca\/wp-content\/uploads\/Foule-credit-Sebastien-Lavallee-1-800x533.jpg 800w, https:\/\/www.fbdm-mcaf.ca\/wp-content\/uploads\/Foule-credit-Sebastien-Lavallee-1-270x180.jpg 270w, https:\/\/www.fbdm-mcaf.ca\/wp-content\/uploads\/Foule-credit-Sebastien-Lavallee-1-450x300.jpg 450w, https:\/\/www.fbdm-mcaf.ca\/wp-content\/uploads\/Foule-credit-Sebastien-Lavallee-1-750x500.jpg 750w, https:\/\/www.fbdm-mcaf.ca\/wp-content\/uploads\/Foule-credit-Sebastien-Lavallee-1.jpg 1500w\" sizes=\"auto, (max-width: 550px) 100vw, 550px\" \/><\/a>\n\t\t\t\t<\/div>\n\t\t\t\t\t<div class='wp-caption-text gallery-caption'>\n\t\t\t\t\t\t<p>\n\t\t\t\t\t\tFBDM &#8211; MCAF 2023_Bienvenue au festival _credit photo Pauline Laurent\n\t\t\t\t\t\t<\/p>\n\t\t\t\t\t<\/div><\/div><div class='gallery-item gallery-item-position-4 gallery-item-attachment-32678'>\n\t\t\t\t<div class='gallery-icon landscape'>\n\t\t\t\t\t<a href='https:\/\/www.fbdm-mcaf.ca\/wp-content\/uploads\/Atelier-MU-1-credit-photo-Jean-Guy-Campeau-550x365.jpeg' data-rel=\"prettyPhoto[32671]\" data-rel=\"prettyPhoto[32671]\" title='Atelier MU 1 - cr\u00e9dit photo Jean-Guy Campeau' target='_self'><img loading=\"lazy\" decoding=\"async\" width=\"550\" height=\"365\" src=\"https:\/\/www.fbdm-mcaf.ca\/wp-content\/uploads\/Atelier-MU-1-credit-photo-Jean-Guy-Campeau-550x365.jpeg\" class=\"attachment-wcstandard size-wcstandard\" alt=\"\" srcset=\"https:\/\/www.fbdm-mcaf.ca\/wp-content\/uploads\/Atelier-MU-1-credit-photo-Jean-Guy-Campeau-550x365.jpeg 550w, https:\/\/www.fbdm-mcaf.ca\/wp-content\/uploads\/Atelier-MU-1-credit-photo-Jean-Guy-Campeau-300x199.jpeg 300w, https:\/\/www.fbdm-mcaf.ca\/wp-content\/uploads\/Atelier-MU-1-credit-photo-Jean-Guy-Campeau-1024x680.jpeg 1024w, https:\/\/www.fbdm-mcaf.ca\/wp-content\/uploads\/Atelier-MU-1-credit-photo-Jean-Guy-Campeau-768x510.jpeg 768w, https:\/\/www.fbdm-mcaf.ca\/wp-content\/uploads\/Atelier-MU-1-credit-photo-Jean-Guy-Campeau-1536x1020.jpeg 1536w, https:\/\/www.fbdm-mcaf.ca\/wp-content\/uploads\/Atelier-MU-1-credit-photo-Jean-Guy-Campeau-710x471.jpeg 710w, https:\/\/www.fbdm-mcaf.ca\/wp-content\/uploads\/Atelier-MU-1-credit-photo-Jean-Guy-Campeau-250x166.jpeg 250w, https:\/\/www.fbdm-mcaf.ca\/wp-content\/uploads\/Atelier-MU-1-credit-photo-Jean-Guy-Campeau-800x531.jpeg 800w, https:\/\/www.fbdm-mcaf.ca\/wp-content\/uploads\/Atelier-MU-1-credit-photo-Jean-Guy-Campeau-271x180.jpeg 271w, https:\/\/www.fbdm-mcaf.ca\/wp-content\/uploads\/Atelier-MU-1-credit-photo-Jean-Guy-Campeau-452x300.jpeg 452w, https:\/\/www.fbdm-mcaf.ca\/wp-content\/uploads\/Atelier-MU-1-credit-photo-Jean-Guy-Campeau-753x500.jpeg 753w, https:\/\/www.fbdm-mcaf.ca\/wp-content\/uploads\/Atelier-MU-1-credit-photo-Jean-Guy-Campeau.jpeg 2048w\" sizes=\"auto, (max-width: 550px) 100vw, 550px\" \/><\/a>\n\t\t\t\t<\/div>\n\t\t\t\t\t<div class='wp-caption-text gallery-caption'>\n\t\t\t\t\t\t<p>\n\t\t\t\t\t\tFBDM &#8211; MCAF 2023_Bienvenue au festival _credit photo Pauline Laurent\n\t\t\t\t\t\t<\/p>\n\t\t\t\t\t<\/div><\/div><div class='gallery-item gallery-item-position-5 gallery-item-attachment-32692'>\n\t\t\t\t<div class='gallery-icon portrait'>\n\t\t\t\t\t<a href='https:\/\/www.fbdm-mcaf.ca\/wp-content\/uploads\/Dedicaces-credit-photo-Jade-Mastowski-550x943.jpeg' data-rel=\"prettyPhoto[32671]\" data-rel=\"prettyPhoto[32671]\" title='D\u00e9dicaces - cr\u00e9dit photo Jade Mastowski' target='_self'><img loading=\"lazy\" decoding=\"async\" width=\"550\" height=\"943\" src=\"https:\/\/www.fbdm-mcaf.ca\/wp-content\/uploads\/Dedicaces-credit-photo-Jade-Mastowski-550x943.jpeg\" class=\"attachment-wcstandard size-wcstandard\" alt=\"\" srcset=\"https:\/\/www.fbdm-mcaf.ca\/wp-content\/uploads\/Dedicaces-credit-photo-Jade-Mastowski-550x943.jpeg 550w, https:\/\/www.fbdm-mcaf.ca\/wp-content\/uploads\/Dedicaces-credit-photo-Jade-Mastowski-175x300.jpeg 175w, https:\/\/www.fbdm-mcaf.ca\/wp-content\/uploads\/Dedicaces-credit-photo-Jade-Mastowski-597x1024.jpeg 597w, https:\/\/www.fbdm-mcaf.ca\/wp-content\/uploads\/Dedicaces-credit-photo-Jade-Mastowski-768x1317.jpeg 768w, https:\/\/www.fbdm-mcaf.ca\/wp-content\/uploads\/Dedicaces-credit-photo-Jade-Mastowski-896x1536.jpeg 896w, https:\/\/www.fbdm-mcaf.ca\/wp-content\/uploads\/Dedicaces-credit-photo-Jade-Mastowski-710x1217.jpeg 710w, https:\/\/www.fbdm-mcaf.ca\/wp-content\/uploads\/Dedicaces-credit-photo-Jade-Mastowski-250x429.jpeg 250w, https:\/\/www.fbdm-mcaf.ca\/wp-content\/uploads\/Dedicaces-credit-photo-Jade-Mastowski-800x1372.jpeg 800w, https:\/\/www.fbdm-mcaf.ca\/wp-content\/uploads\/Dedicaces-credit-photo-Jade-Mastowski-105x180.jpeg 105w, https:\/\/www.fbdm-mcaf.ca\/wp-content\/uploads\/Dedicaces-credit-photo-Jade-Mastowski-292x500.jpeg 292w, https:\/\/www.fbdm-mcaf.ca\/wp-content\/uploads\/Dedicaces-credit-photo-Jade-Mastowski.jpeg 922w\" sizes=\"auto, (max-width: 550px) 100vw, 550px\" \/><\/a>\n\t\t\t\t<\/div>\n\t\t\t\t\t<div class='wp-caption-text gallery-caption'>\n\t\t\t\t\t\t<p>\n\t\t\t\t\t\tFBDM &#8211; MCAF 2023_Signing session with Gabriel B _credit photo Pauline Laurent\n\t\t\t\t\t\t<\/p>\n\t\t\t\t\t<\/div><\/div><div class='gallery-item gallery-item-position-6 gallery-item-attachment-32710'>\n\t\t\t\t<div class='gallery-icon landscape'>\n\t\t\t\t\t<a href='https:\/\/www.fbdm-mcaf.ca\/wp-content\/uploads\/Exposition-Les-metiers-de-la-BD-1-credit-Sebastien-Lavallee-550x459.jpg' data-rel=\"prettyPhoto[32671]\" data-rel=\"prettyPhoto[32671]\" title='Exposition Les m\u00e9tiers de la BD 1 - cr\u00e9dit S\u00e9bastien Lavall\u00e9e' target='_self'><img loading=\"lazy\" decoding=\"async\" width=\"550\" height=\"459\" src=\"https:\/\/www.fbdm-mcaf.ca\/wp-content\/uploads\/Exposition-Les-metiers-de-la-BD-1-credit-Sebastien-Lavallee-550x459.jpg\" class=\"attachment-wcstandard size-wcstandard\" alt=\"\" srcset=\"https:\/\/www.fbdm-mcaf.ca\/wp-content\/uploads\/Exposition-Les-metiers-de-la-BD-1-credit-Sebastien-Lavallee-550x459.jpg 550w, https:\/\/www.fbdm-mcaf.ca\/wp-content\/uploads\/Exposition-Les-metiers-de-la-BD-1-credit-Sebastien-Lavallee-300x250.jpg 300w, https:\/\/www.fbdm-mcaf.ca\/wp-content\/uploads\/Exposition-Les-metiers-de-la-BD-1-credit-Sebastien-Lavallee-1024x854.jpg 1024w, https:\/\/www.fbdm-mcaf.ca\/wp-content\/uploads\/Exposition-Les-metiers-de-la-BD-1-credit-Sebastien-Lavallee-768x641.jpg 768w, https:\/\/www.fbdm-mcaf.ca\/wp-content\/uploads\/Exposition-Les-metiers-de-la-BD-1-credit-Sebastien-Lavallee-710x592.jpg 710w, https:\/\/www.fbdm-mcaf.ca\/wp-content\/uploads\/Exposition-Les-metiers-de-la-BD-1-credit-Sebastien-Lavallee-250x209.jpg 250w, https:\/\/www.fbdm-mcaf.ca\/wp-content\/uploads\/Exposition-Les-metiers-de-la-BD-1-credit-Sebastien-Lavallee-800x667.jpg 800w, https:\/\/www.fbdm-mcaf.ca\/wp-content\/uploads\/Exposition-Les-metiers-de-la-BD-1-credit-Sebastien-Lavallee-216x180.jpg 216w, https:\/\/www.fbdm-mcaf.ca\/wp-content\/uploads\/Exposition-Les-metiers-de-la-BD-1-credit-Sebastien-Lavallee-360x300.jpg 360w, https:\/\/www.fbdm-mcaf.ca\/wp-content\/uploads\/Exposition-Les-metiers-de-la-BD-1-credit-Sebastien-Lavallee-600x500.jpg 600w, https:\/\/www.fbdm-mcaf.ca\/wp-content\/uploads\/Exposition-Les-metiers-de-la-BD-1-credit-Sebastien-Lavallee.jpg 1199w\" sizes=\"auto, (max-width: 550px) 100vw, 550px\" \/><\/a>\n\t\t\t\t<\/div>\n\t\t\t\t\t<div class='wp-caption-text gallery-caption'>\n\t\t\t\t\t\t<p>\n\t\t\t\t\t\tFBDM &#8211; MCAF 2023_Bienvenue au festival _credit photo Pauline Laurent\n\t\t\t\t\t\t<\/p>\n\t\t\t\t\t<\/div><\/div><div class='gallery-item gallery-item-position-7 gallery-item-attachment-32720'>\n\t\t\t\t<div class='gallery-icon landscape'>\n\t\t\t\t\t<a href='https:\/\/www.fbdm-mcaf.ca\/wp-content\/uploads\/Table-ronde-_A-Whole-New-World_-3-credit-Sebastien-Lavallee-550x393.jpg' data-rel=\"prettyPhoto[32671]\" data-rel=\"prettyPhoto[32671]\" title='Table ronde _A Whole New World_ 3 - cr\u00e9dit S\u00e9bastien Lavall\u00e9e' target='_self'><img loading=\"lazy\" decoding=\"async\" width=\"550\" height=\"393\" src=\"https:\/\/www.fbdm-mcaf.ca\/wp-content\/uploads\/Table-ronde-_A-Whole-New-World_-3-credit-Sebastien-Lavallee-550x393.jpg\" class=\"attachment-wcstandard size-wcstandard\" alt=\"\" srcset=\"https:\/\/www.fbdm-mcaf.ca\/wp-content\/uploads\/Table-ronde-_A-Whole-New-World_-3-credit-Sebastien-Lavallee-550x393.jpg 550w, https:\/\/www.fbdm-mcaf.ca\/wp-content\/uploads\/Table-ronde-_A-Whole-New-World_-3-credit-Sebastien-Lavallee-300x215.jpg 300w, https:\/\/www.fbdm-mcaf.ca\/wp-content\/uploads\/Table-ronde-_A-Whole-New-World_-3-credit-Sebastien-Lavallee-1024x732.jpg 1024w, https:\/\/www.fbdm-mcaf.ca\/wp-content\/uploads\/Table-ronde-_A-Whole-New-World_-3-credit-Sebastien-Lavallee-768x549.jpg 768w, https:\/\/www.fbdm-mcaf.ca\/wp-content\/uploads\/Table-ronde-_A-Whole-New-World_-3-credit-Sebastien-Lavallee-710x508.jpg 710w, https:\/\/www.fbdm-mcaf.ca\/wp-content\/uploads\/Table-ronde-_A-Whole-New-World_-3-credit-Sebastien-Lavallee-250x179.jpg 250w, https:\/\/www.fbdm-mcaf.ca\/wp-content\/uploads\/Table-ronde-_A-Whole-New-World_-3-credit-Sebastien-Lavallee-800x572.jpg 800w, https:\/\/www.fbdm-mcaf.ca\/wp-content\/uploads\/Table-ronde-_A-Whole-New-World_-3-credit-Sebastien-Lavallee-252x180.jpg 252w, https:\/\/www.fbdm-mcaf.ca\/wp-content\/uploads\/Table-ronde-_A-Whole-New-World_-3-credit-Sebastien-Lavallee-419x300.jpg 419w, https:\/\/www.fbdm-mcaf.ca\/wp-content\/uploads\/Table-ronde-_A-Whole-New-World_-3-credit-Sebastien-Lavallee-699x500.jpg 699w, https:\/\/www.fbdm-mcaf.ca\/wp-content\/uploads\/Table-ronde-_A-Whole-New-World_-3-credit-Sebastien-Lavallee-210x150.jpg 210w, https:\/\/www.fbdm-mcaf.ca\/wp-content\/uploads\/Table-ronde-_A-Whole-New-World_-3-credit-Sebastien-Lavallee-400x285.jpg 400w, https:\/\/www.fbdm-mcaf.ca\/wp-content\/uploads\/Table-ronde-_A-Whole-New-World_-3-credit-Sebastien-Lavallee.jpg 1398w\" sizes=\"auto, (max-width: 550px) 100vw, 550px\" \/><\/a>\n\t\t\t\t<\/div>\n\t\t\t\t\t<div class='wp-caption-text gallery-caption'>\n\t\t\t\t\t\t<p>\n\t\t\t\t\t\tFBDM &#8211; MCAF 2023_Conversation Mythes Lovecraftiens_credit photo S\u00e9bastien Lavall\u00e9e\n\t\t\t\t\t\t<\/p>\n\t\t\t\t\t<\/div><\/div><div class='gallery-item gallery-item-position-8 gallery-item-attachment-32680'>\n\t\t\t\t<div class='gallery-icon landscape'>\n\t\t\t\t\t<a href='https:\/\/www.fbdm-mcaf.ca\/wp-content\/uploads\/BD-improvisee-Ariane-Cloutier_Zovi-1-credit-photo-Blaise-Cronimus-550x413.jpeg' data-rel=\"prettyPhoto[32671]\" data-rel=\"prettyPhoto[32671]\" title='BD improvis\u00e9e Ariane Cloutier_Zovi 1 - cr\u00e9dit photo Blaise Cronimus' target='_self'><img loading=\"lazy\" decoding=\"async\" width=\"550\" height=\"413\" src=\"https:\/\/www.fbdm-mcaf.ca\/wp-content\/uploads\/BD-improvisee-Ariane-Cloutier_Zovi-1-credit-photo-Blaise-Cronimus-550x413.jpeg\" class=\"attachment-wcstandard size-wcstandard\" alt=\"\" srcset=\"https:\/\/www.fbdm-mcaf.ca\/wp-content\/uploads\/BD-improvisee-Ariane-Cloutier_Zovi-1-credit-photo-Blaise-Cronimus-550x413.jpeg 550w, https:\/\/www.fbdm-mcaf.ca\/wp-content\/uploads\/BD-improvisee-Ariane-Cloutier_Zovi-1-credit-photo-Blaise-Cronimus-300x225.jpeg 300w, https:\/\/www.fbdm-mcaf.ca\/wp-content\/uploads\/BD-improvisee-Ariane-Cloutier_Zovi-1-credit-photo-Blaise-Cronimus-1024x768.jpeg 1024w, https:\/\/www.fbdm-mcaf.ca\/wp-content\/uploads\/BD-improvisee-Ariane-Cloutier_Zovi-1-credit-photo-Blaise-Cronimus-768x576.jpeg 768w, https:\/\/www.fbdm-mcaf.ca\/wp-content\/uploads\/BD-improvisee-Ariane-Cloutier_Zovi-1-credit-photo-Blaise-Cronimus-1536x1152.jpeg 1536w, https:\/\/www.fbdm-mcaf.ca\/wp-content\/uploads\/BD-improvisee-Ariane-Cloutier_Zovi-1-credit-photo-Blaise-Cronimus-710x533.jpeg 710w, https:\/\/www.fbdm-mcaf.ca\/wp-content\/uploads\/BD-improvisee-Ariane-Cloutier_Zovi-1-credit-photo-Blaise-Cronimus-250x188.jpeg 250w, https:\/\/www.fbdm-mcaf.ca\/wp-content\/uploads\/BD-improvisee-Ariane-Cloutier_Zovi-1-credit-photo-Blaise-Cronimus-800x600.jpeg 800w, https:\/\/www.fbdm-mcaf.ca\/wp-content\/uploads\/BD-improvisee-Ariane-Cloutier_Zovi-1-credit-photo-Blaise-Cronimus-240x180.jpeg 240w, https:\/\/www.fbdm-mcaf.ca\/wp-content\/uploads\/BD-improvisee-Ariane-Cloutier_Zovi-1-credit-photo-Blaise-Cronimus-400x300.jpeg 400w, https:\/\/www.fbdm-mcaf.ca\/wp-content\/uploads\/BD-improvisee-Ariane-Cloutier_Zovi-1-credit-photo-Blaise-Cronimus-667x500.jpeg 667w, https:\/\/www.fbdm-mcaf.ca\/wp-content\/uploads\/BD-improvisee-Ariane-Cloutier_Zovi-1-credit-photo-Blaise-Cronimus.jpeg 2048w\" sizes=\"auto, (max-width: 550px) 100vw, 550px\" \/><\/a>\n\t\t\t\t<\/div>\n\t\t\t\t\t<div class='wp-caption-text gallery-caption'>\n\t\t\t\t\t\t<p>\n\t\t\t\t\t\tFBDM &#8211; MCAF 2023_BD improvis\u00e9e Ariane Cloutier_Zovi 1 &#8211; credit photo Blaise Cronimus\n\t\t\t\t\t\t<\/p>\n\t\t\t\t\t<\/div><\/div><div class='gallery-item gallery-item-position-9 gallery-item-attachment-32684'>\n\t\t\t\t<div class='gallery-icon portrait'>\n\t\t\t\t\t<a href='https:\/\/www.fbdm-mcaf.ca\/wp-content\/uploads\/Combat-de-personnages-El-Diablo_Steph-Dumais-2-credit-photo-Festival-BD-de-Montreal.jpeg-550x733.jpeg' title='Combat de personnages El Diablo_Steph Dumais 2 - cr\u00e9dit photo Festival BD de Montr\u00e9al.jpeg' data-rel=\"prettyPhoto[32671]\" data-rel=\"prettyPhoto[32671]\" target='_self'><img loading=\"lazy\" decoding=\"async\" width=\"550\" height=\"733\" src=\"https:\/\/www.fbdm-mcaf.ca\/wp-content\/uploads\/Combat-de-personnages-El-Diablo_Steph-Dumais-2-credit-photo-Festival-BD-de-Montreal.jpeg-550x733.jpeg\" class=\"attachment-wcstandard size-wcstandard\" alt=\"\" srcset=\"https:\/\/www.fbdm-mcaf.ca\/wp-content\/uploads\/Combat-de-personnages-El-Diablo_Steph-Dumais-2-credit-photo-Festival-BD-de-Montreal.jpeg-550x733.jpeg 550w, https:\/\/www.fbdm-mcaf.ca\/wp-content\/uploads\/Combat-de-personnages-El-Diablo_Steph-Dumais-2-credit-photo-Festival-BD-de-Montreal.jpeg-225x300.jpeg 225w, https:\/\/www.fbdm-mcaf.ca\/wp-content\/uploads\/Combat-de-personnages-El-Diablo_Steph-Dumais-2-credit-photo-Festival-BD-de-Montreal.jpeg-768x1024.jpeg 768w, https:\/\/www.fbdm-mcaf.ca\/wp-content\/uploads\/Combat-de-personnages-El-Diablo_Steph-Dumais-2-credit-photo-Festival-BD-de-Montreal.jpeg-1152x1536.jpeg 1152w, https:\/\/www.fbdm-mcaf.ca\/wp-content\/uploads\/Combat-de-personnages-El-Diablo_Steph-Dumais-2-credit-photo-Festival-BD-de-Montreal.jpeg-710x947.jpeg 710w, https:\/\/www.fbdm-mcaf.ca\/wp-content\/uploads\/Combat-de-personnages-El-Diablo_Steph-Dumais-2-credit-photo-Festival-BD-de-Montreal.jpeg-250x333.jpeg 250w, https:\/\/www.fbdm-mcaf.ca\/wp-content\/uploads\/Combat-de-personnages-El-Diablo_Steph-Dumais-2-credit-photo-Festival-BD-de-Montreal.jpeg-800x1067.jpeg 800w, https:\/\/www.fbdm-mcaf.ca\/wp-content\/uploads\/Combat-de-personnages-El-Diablo_Steph-Dumais-2-credit-photo-Festival-BD-de-Montreal.jpeg-135x180.jpeg 135w, https:\/\/www.fbdm-mcaf.ca\/wp-content\/uploads\/Combat-de-personnages-El-Diablo_Steph-Dumais-2-credit-photo-Festival-BD-de-Montreal.jpeg-375x500.jpeg 375w, https:\/\/www.fbdm-mcaf.ca\/wp-content\/uploads\/Combat-de-personnages-El-Diablo_Steph-Dumais-2-credit-photo-Festival-BD-de-Montreal.jpeg.jpeg 1536w\" sizes=\"auto, (max-width: 550px) 100vw, 550px\" \/><\/a>\n\t\t\t\t<\/div>\n\t\t\t\t\t<div class='wp-caption-text gallery-caption'>\n\t\t\t\t\t\t<p>\n\t\t\t\t\t\tFBDM &#8211; MCAF 2023_Combat de personnages avec El Diablo et Steph Dumais_credit photo \n\t\t\t\t\t\t<\/p>\n\t\t\t\t\t<\/div><\/div><div class='gallery-item gallery-item-position-10 gallery-item-attachment-32694'>\n\t\t\t\t<div class='gallery-icon landscape'>\n\t\t\t\t\t<a href='https:\/\/www.fbdm-mcaf.ca\/wp-content\/uploads\/Dedicaces-credit-Sebastien-Lavallee-550x367.jpg' data-rel=\"prettyPhoto[32671]\" data-rel=\"prettyPhoto[32671]\" title='D\u00e9dicaces - cr\u00e9dit S\u00e9bastien Lavall\u00e9e' target='_self'><img loading=\"lazy\" decoding=\"async\" width=\"550\" height=\"367\" src=\"https:\/\/www.fbdm-mcaf.ca\/wp-content\/uploads\/Dedicaces-credit-Sebastien-Lavallee-550x367.jpg\" class=\"attachment-wcstandard size-wcstandard\" alt=\"\" srcset=\"https:\/\/www.fbdm-mcaf.ca\/wp-content\/uploads\/Dedicaces-credit-Sebastien-Lavallee-550x367.jpg 550w, https:\/\/www.fbdm-mcaf.ca\/wp-content\/uploads\/Dedicaces-credit-Sebastien-Lavallee-300x200.jpg 300w, https:\/\/www.fbdm-mcaf.ca\/wp-content\/uploads\/Dedicaces-credit-Sebastien-Lavallee-1024x683.jpg 1024w, https:\/\/www.fbdm-mcaf.ca\/wp-content\/uploads\/Dedicaces-credit-Sebastien-Lavallee-768x512.jpg 768w, https:\/\/www.fbdm-mcaf.ca\/wp-content\/uploads\/Dedicaces-credit-Sebastien-Lavallee-710x473.jpg 710w, https:\/\/www.fbdm-mcaf.ca\/wp-content\/uploads\/Dedicaces-credit-Sebastien-Lavallee-250x167.jpg 250w, https:\/\/www.fbdm-mcaf.ca\/wp-content\/uploads\/Dedicaces-credit-Sebastien-Lavallee-800x533.jpg 800w, https:\/\/www.fbdm-mcaf.ca\/wp-content\/uploads\/Dedicaces-credit-Sebastien-Lavallee-270x180.jpg 270w, https:\/\/www.fbdm-mcaf.ca\/wp-content\/uploads\/Dedicaces-credit-Sebastien-Lavallee-450x300.jpg 450w, https:\/\/www.fbdm-mcaf.ca\/wp-content\/uploads\/Dedicaces-credit-Sebastien-Lavallee-750x500.jpg 750w, https:\/\/www.fbdm-mcaf.ca\/wp-content\/uploads\/Dedicaces-credit-Sebastien-Lavallee.jpg 1500w\" sizes=\"auto, (max-width: 550px) 100vw, 550px\" \/><\/a>\n\t\t\t\t<\/div>\n\t\t\t\t\t<div class='wp-caption-text gallery-caption'>\n\t\t\t\t\t\t<p>\n\t\t\t\t\t\tFBDM-MCAF 2023_D\u00e9dicace \n\t\t\t\t\t\t<\/p>\n\t\t\t\t\t<\/div><\/div><div class='gallery-item gallery-item-position-11 gallery-item-attachment-32688'>\n\t\t\t\t<div class='gallery-icon landscape'>\n\t\t\t\t\t<a href='https:\/\/www.fbdm-mcaf.ca\/wp-content\/uploads\/Combat-de-personnages-Sophie-Escabasse_Alex-A.-1-credit-photo-Stephanie-Lariviere-550x413.jpeg' data-rel=\"prettyPhoto[32671]\" data-rel=\"prettyPhoto[32671]\" title='Combat de personnages Sophie Escabasse_Alex A. 1 - cr\u00e9dit photo St\u00e9phanie Larivi\u00e8re' target='_self'><img loading=\"lazy\" decoding=\"async\" width=\"550\" height=\"413\" src=\"https:\/\/www.fbdm-mcaf.ca\/wp-content\/uploads\/Combat-de-personnages-Sophie-Escabasse_Alex-A.-1-credit-photo-Stephanie-Lariviere-550x413.jpeg\" class=\"attachment-wcstandard size-wcstandard\" alt=\"\" srcset=\"https:\/\/www.fbdm-mcaf.ca\/wp-content\/uploads\/Combat-de-personnages-Sophie-Escabasse_Alex-A.-1-credit-photo-Stephanie-Lariviere-550x413.jpeg 550w, https:\/\/www.fbdm-mcaf.ca\/wp-content\/uploads\/Combat-de-personnages-Sophie-Escabasse_Alex-A.-1-credit-photo-Stephanie-Lariviere-300x225.jpeg 300w, https:\/\/www.fbdm-mcaf.ca\/wp-content\/uploads\/Combat-de-personnages-Sophie-Escabasse_Alex-A.-1-credit-photo-Stephanie-Lariviere-1024x768.jpeg 1024w, https:\/\/www.fbdm-mcaf.ca\/wp-content\/uploads\/Combat-de-personnages-Sophie-Escabasse_Alex-A.-1-credit-photo-Stephanie-Lariviere-768x576.jpeg 768w, https:\/\/www.fbdm-mcaf.ca\/wp-content\/uploads\/Combat-de-personnages-Sophie-Escabasse_Alex-A.-1-credit-photo-Stephanie-Lariviere-1536x1152.jpeg 1536w, https:\/\/www.fbdm-mcaf.ca\/wp-content\/uploads\/Combat-de-personnages-Sophie-Escabasse_Alex-A.-1-credit-photo-Stephanie-Lariviere-710x533.jpeg 710w, https:\/\/www.fbdm-mcaf.ca\/wp-content\/uploads\/Combat-de-personnages-Sophie-Escabasse_Alex-A.-1-credit-photo-Stephanie-Lariviere-250x188.jpeg 250w, https:\/\/www.fbdm-mcaf.ca\/wp-content\/uploads\/Combat-de-personnages-Sophie-Escabasse_Alex-A.-1-credit-photo-Stephanie-Lariviere-800x600.jpeg 800w, https:\/\/www.fbdm-mcaf.ca\/wp-content\/uploads\/Combat-de-personnages-Sophie-Escabasse_Alex-A.-1-credit-photo-Stephanie-Lariviere-240x180.jpeg 240w, https:\/\/www.fbdm-mcaf.ca\/wp-content\/uploads\/Combat-de-personnages-Sophie-Escabasse_Alex-A.-1-credit-photo-Stephanie-Lariviere-400x300.jpeg 400w, https:\/\/www.fbdm-mcaf.ca\/wp-content\/uploads\/Combat-de-personnages-Sophie-Escabasse_Alex-A.-1-credit-photo-Stephanie-Lariviere-667x500.jpeg 667w, https:\/\/www.fbdm-mcaf.ca\/wp-content\/uploads\/Combat-de-personnages-Sophie-Escabasse_Alex-A.-1-credit-photo-Stephanie-Lariviere.jpeg 2048w\" sizes=\"auto, (max-width: 550px) 100vw, 550px\" \/><\/a>\n\t\t\t\t<\/div>\n\t\t\t\t\t<div class='wp-caption-text gallery-caption'>\n\t\t\t\t\t\t<p>\n\t\t\t\t\t\tFBDM-MCAF 2023_Combat de personnages avec Sophie Escabasse et Alex A._photo St\u00e9phanie Larivi\u00e8re\n\t\t\t\t\t\t<\/p>\n\t\t\t\t\t<\/div><\/div><div class='gallery-item gallery-item-position-12 gallery-item-attachment-32686'>\n\t\t\t\t<div class='gallery-icon landscape'>\n\t\t\t\t\t<a href='https:\/\/www.fbdm-mcaf.ca\/wp-content\/uploads\/Combat-de-personnages-Sophie-Escabasse_Alex-A.-credit-photo-Festival-BD-de-Montreal-550x413.jpeg' data-rel=\"prettyPhoto[32671]\" data-rel=\"prettyPhoto[32671]\" title='Combat de personnages Sophie Escabasse_Alex A. - cr\u00e9dit photo Festival BD de Montr\u00e9al' target='_self'><img loading=\"lazy\" decoding=\"async\" width=\"550\" height=\"413\" src=\"https:\/\/www.fbdm-mcaf.ca\/wp-content\/uploads\/Combat-de-personnages-Sophie-Escabasse_Alex-A.-credit-photo-Festival-BD-de-Montreal-550x413.jpeg\" class=\"attachment-wcstandard size-wcstandard\" alt=\"\" srcset=\"https:\/\/www.fbdm-mcaf.ca\/wp-content\/uploads\/Combat-de-personnages-Sophie-Escabasse_Alex-A.-credit-photo-Festival-BD-de-Montreal-550x413.jpeg 550w, https:\/\/www.fbdm-mcaf.ca\/wp-content\/uploads\/Combat-de-personnages-Sophie-Escabasse_Alex-A.-credit-photo-Festival-BD-de-Montreal-300x225.jpeg 300w, https:\/\/www.fbdm-mcaf.ca\/wp-content\/uploads\/Combat-de-personnages-Sophie-Escabasse_Alex-A.-credit-photo-Festival-BD-de-Montreal-768x576.jpeg 768w, https:\/\/www.fbdm-mcaf.ca\/wp-content\/uploads\/Combat-de-personnages-Sophie-Escabasse_Alex-A.-credit-photo-Festival-BD-de-Montreal-710x533.jpeg 710w, https:\/\/www.fbdm-mcaf.ca\/wp-content\/uploads\/Combat-de-personnages-Sophie-Escabasse_Alex-A.-credit-photo-Festival-BD-de-Montreal-250x188.jpeg 250w, https:\/\/www.fbdm-mcaf.ca\/wp-content\/uploads\/Combat-de-personnages-Sophie-Escabasse_Alex-A.-credit-photo-Festival-BD-de-Montreal-800x600.jpeg 800w, https:\/\/www.fbdm-mcaf.ca\/wp-content\/uploads\/Combat-de-personnages-Sophie-Escabasse_Alex-A.-credit-photo-Festival-BD-de-Montreal-240x180.jpeg 240w, https:\/\/www.fbdm-mcaf.ca\/wp-content\/uploads\/Combat-de-personnages-Sophie-Escabasse_Alex-A.-credit-photo-Festival-BD-de-Montreal-400x300.jpeg 400w, https:\/\/www.fbdm-mcaf.ca\/wp-content\/uploads\/Combat-de-personnages-Sophie-Escabasse_Alex-A.-credit-photo-Festival-BD-de-Montreal-667x500.jpeg 667w, https:\/\/www.fbdm-mcaf.ca\/wp-content\/uploads\/Combat-de-personnages-Sophie-Escabasse_Alex-A.-credit-photo-Festival-BD-de-Montreal.jpeg 1008w\" sizes=\"auto, (max-width: 550px) 100vw, 550px\" \/><\/a>\n\t\t\t\t<\/div>\n\t\t\t\t\t<div class='wp-caption-text gallery-caption'>\n\t\t\t\t\t\t<p>\n\t\t\t\t\t\tFBDM-MCAF 2023_Combat de personnages avec Sophie Escabasse et Alex A._photo St\u00e9phanie Larivi\u00e8re\n\t\t\t\t\t\t<\/p>\n\t\t\t\t\t<\/div><\/div><div class='gallery-item gallery-item-position-13 gallery-item-attachment-32696'>\n\t\t\t\t<div class='gallery-icon landscape'>\n\t\t\t\t\t<a href='https:\/\/www.fbdm-mcaf.ca\/wp-content\/uploads\/Dedicaces-1-credit-photo-Jean-Guy-Campeau-550x365.jpeg' data-rel=\"prettyPhoto[32671]\" data-rel=\"prettyPhoto[32671]\" title='D\u00e9dicaces 1 - cr\u00e9dit photo Jean-Guy Campeau' target='_self'><img loading=\"lazy\" decoding=\"async\" width=\"550\" height=\"365\" src=\"https:\/\/www.fbdm-mcaf.ca\/wp-content\/uploads\/Dedicaces-1-credit-photo-Jean-Guy-Campeau-550x365.jpeg\" class=\"attachment-wcstandard size-wcstandard\" alt=\"\" srcset=\"https:\/\/www.fbdm-mcaf.ca\/wp-content\/uploads\/Dedicaces-1-credit-photo-Jean-Guy-Campeau-550x365.jpeg 550w, https:\/\/www.fbdm-mcaf.ca\/wp-content\/uploads\/Dedicaces-1-credit-photo-Jean-Guy-Campeau-300x199.jpeg 300w, https:\/\/www.fbdm-mcaf.ca\/wp-content\/uploads\/Dedicaces-1-credit-photo-Jean-Guy-Campeau-1024x680.jpeg 1024w, https:\/\/www.fbdm-mcaf.ca\/wp-content\/uploads\/Dedicaces-1-credit-photo-Jean-Guy-Campeau-768x510.jpeg 768w, https:\/\/www.fbdm-mcaf.ca\/wp-content\/uploads\/Dedicaces-1-credit-photo-Jean-Guy-Campeau-1536x1020.jpeg 1536w, https:\/\/www.fbdm-mcaf.ca\/wp-content\/uploads\/Dedicaces-1-credit-photo-Jean-Guy-Campeau-710x471.jpeg 710w, https:\/\/www.fbdm-mcaf.ca\/wp-content\/uploads\/Dedicaces-1-credit-photo-Jean-Guy-Campeau-250x166.jpeg 250w, https:\/\/www.fbdm-mcaf.ca\/wp-content\/uploads\/Dedicaces-1-credit-photo-Jean-Guy-Campeau-800x531.jpeg 800w, https:\/\/www.fbdm-mcaf.ca\/wp-content\/uploads\/Dedicaces-1-credit-photo-Jean-Guy-Campeau-271x180.jpeg 271w, https:\/\/www.fbdm-mcaf.ca\/wp-content\/uploads\/Dedicaces-1-credit-photo-Jean-Guy-Campeau-452x300.jpeg 452w, https:\/\/www.fbdm-mcaf.ca\/wp-content\/uploads\/Dedicaces-1-credit-photo-Jean-Guy-Campeau-753x500.jpeg 753w, https:\/\/www.fbdm-mcaf.ca\/wp-content\/uploads\/Dedicaces-1-credit-photo-Jean-Guy-Campeau.jpeg 2048w\" sizes=\"auto, (max-width: 550px) 100vw, 550px\" \/><\/a>\n\t\t\t\t<\/div>\n\t\t\t\t\t<div class='wp-caption-text gallery-caption'>\n\t\t\t\t\t\t<p>\n\t\t\t\t\t\tFBDM-MCAF 2023_D\u00e9dicaces avec Sarah Lavergne Combat de personnages avec Sophie Escabasse et Alex A._photo St\u00e9phanie Larivi\u00e8re\n\t\t\t\t\t\t<\/p>\n\t\t\t\t\t<\/div><\/div><div class='gallery-item gallery-item-position-14 gallery-item-attachment-32690'>\n\t\t\t\t<div class='gallery-icon landscape'>\n\t\t\t\t\t<a href='https:\/\/www.fbdm-mcaf.ca\/wp-content\/uploads\/Conversation-_Mythes-Lovecraftien_-credit-Sebastien-Lavallee-550x367.jpg' data-rel=\"prettyPhoto[32671]\" data-rel=\"prettyPhoto[32671]\" title='Conversation _Mythes Lovecraftien_ - cr\u00e9dit S\u00e9bastien Lavall\u00e9e' target='_self'><img loading=\"lazy\" decoding=\"async\" width=\"550\" height=\"367\" src=\"https:\/\/www.fbdm-mcaf.ca\/wp-content\/uploads\/Conversation-_Mythes-Lovecraftien_-credit-Sebastien-Lavallee-550x367.jpg\" class=\"attachment-wcstandard size-wcstandard\" alt=\"\" srcset=\"https:\/\/www.fbdm-mcaf.ca\/wp-content\/uploads\/Conversation-_Mythes-Lovecraftien_-credit-Sebastien-Lavallee-550x367.jpg 550w, https:\/\/www.fbdm-mcaf.ca\/wp-content\/uploads\/Conversation-_Mythes-Lovecraftien_-credit-Sebastien-Lavallee-300x200.jpg 300w, https:\/\/www.fbdm-mcaf.ca\/wp-content\/uploads\/Conversation-_Mythes-Lovecraftien_-credit-Sebastien-Lavallee-1024x683.jpg 1024w, https:\/\/www.fbdm-mcaf.ca\/wp-content\/uploads\/Conversation-_Mythes-Lovecraftien_-credit-Sebastien-Lavallee-768x512.jpg 768w, https:\/\/www.fbdm-mcaf.ca\/wp-content\/uploads\/Conversation-_Mythes-Lovecraftien_-credit-Sebastien-Lavallee-710x473.jpg 710w, https:\/\/www.fbdm-mcaf.ca\/wp-content\/uploads\/Conversation-_Mythes-Lovecraftien_-credit-Sebastien-Lavallee-250x167.jpg 250w, https:\/\/www.fbdm-mcaf.ca\/wp-content\/uploads\/Conversation-_Mythes-Lovecraftien_-credit-Sebastien-Lavallee-800x533.jpg 800w, https:\/\/www.fbdm-mcaf.ca\/wp-content\/uploads\/Conversation-_Mythes-Lovecraftien_-credit-Sebastien-Lavallee-270x180.jpg 270w, https:\/\/www.fbdm-mcaf.ca\/wp-content\/uploads\/Conversation-_Mythes-Lovecraftien_-credit-Sebastien-Lavallee-450x300.jpg 450w, https:\/\/www.fbdm-mcaf.ca\/wp-content\/uploads\/Conversation-_Mythes-Lovecraftien_-credit-Sebastien-Lavallee-750x500.jpg 750w, https:\/\/www.fbdm-mcaf.ca\/wp-content\/uploads\/Conversation-_Mythes-Lovecraftien_-credit-Sebastien-Lavallee.jpg 1500w\" sizes=\"auto, (max-width: 550px) 100vw, 550px\" \/><\/a>\n\t\t\t\t<\/div>\n\t\t\t\t\t<div class='wp-caption-text gallery-caption'>\n\t\t\t\t\t\t<p>\n\t\t\t\t\t\tFBDM-MCAF 2023_Conversation Mythe Lovecraftien_photo S\u00e9bastien Lavall\u00e9e\n\t\t\t\t\t\t<\/p>\n\t\t\t\t\t<\/div><\/div><div class='gallery-item gallery-item-position-15 gallery-item-attachment-32702'>\n\t\t\t\t<div class='gallery-icon portrait'>\n\t\t\t\t\t<a href='https:\/\/www.fbdm-mcaf.ca\/wp-content\/uploads\/Exposants-4-credit-photo-Festival-BD-de-Montreal-550x733.jpeg' data-rel=\"prettyPhoto[32671]\" data-rel=\"prettyPhoto[32671]\" title='Exposants 4 - cr\u00e9dit photo Festival BD de Montr\u00e9al' target='_self'><img loading=\"lazy\" decoding=\"async\" width=\"550\" height=\"733\" src=\"https:\/\/www.fbdm-mcaf.ca\/wp-content\/uploads\/Exposants-4-credit-photo-Festival-BD-de-Montreal-550x733.jpeg\" class=\"attachment-wcstandard size-wcstandard\" alt=\"\" srcset=\"https:\/\/www.fbdm-mcaf.ca\/wp-content\/uploads\/Exposants-4-credit-photo-Festival-BD-de-Montreal-550x733.jpeg 550w, https:\/\/www.fbdm-mcaf.ca\/wp-content\/uploads\/Exposants-4-credit-photo-Festival-BD-de-Montreal-225x300.jpeg 225w, https:\/\/www.fbdm-mcaf.ca\/wp-content\/uploads\/Exposants-4-credit-photo-Festival-BD-de-Montreal-768x1024.jpeg 768w, https:\/\/www.fbdm-mcaf.ca\/wp-content\/uploads\/Exposants-4-credit-photo-Festival-BD-de-Montreal-1152x1536.jpeg 1152w, https:\/\/www.fbdm-mcaf.ca\/wp-content\/uploads\/Exposants-4-credit-photo-Festival-BD-de-Montreal-710x947.jpeg 710w, https:\/\/www.fbdm-mcaf.ca\/wp-content\/uploads\/Exposants-4-credit-photo-Festival-BD-de-Montreal-250x333.jpeg 250w, https:\/\/www.fbdm-mcaf.ca\/wp-content\/uploads\/Exposants-4-credit-photo-Festival-BD-de-Montreal-800x1067.jpeg 800w, https:\/\/www.fbdm-mcaf.ca\/wp-content\/uploads\/Exposants-4-credit-photo-Festival-BD-de-Montreal-135x180.jpeg 135w, https:\/\/www.fbdm-mcaf.ca\/wp-content\/uploads\/Exposants-4-credit-photo-Festival-BD-de-Montreal-375x500.jpeg 375w, https:\/\/www.fbdm-mcaf.ca\/wp-content\/uploads\/Exposants-4-credit-photo-Festival-BD-de-Montreal.jpeg 1536w\" sizes=\"auto, (max-width: 550px) 100vw, 550px\" \/><\/a>\n\t\t\t\t<\/div>\n\t\t\t\t\t<div class='wp-caption-text gallery-caption'>\n\t\t\t\t\t\t<p>\n\t\t\t\t\t\tFBDM-MCAF 2023_D\u00e9dicaces avec Caroline Lavergne_photo Jean-Guy Campeau\n\t\t\t\t\t\t<\/p>\n\t\t\t\t\t<\/div><\/div><div class='gallery-item gallery-item-position-16 gallery-item-attachment-32712'>\n\t\t\t\t<div class='gallery-icon landscape'>\n\t\t\t\t\t<a href='https:\/\/www.fbdm-mcaf.ca\/wp-content\/uploads\/Exposition-Les-metiers-de-la-BD-2-credit-Sebastien-Lavallee-550x367.jpg' data-rel=\"prettyPhoto[32671]\" data-rel=\"prettyPhoto[32671]\" title='Exposition Les m\u00e9tiers de la BD 2 - cr\u00e9dit S\u00e9bastien Lavall\u00e9e' target='_self'><img loading=\"lazy\" decoding=\"async\" width=\"550\" height=\"367\" src=\"https:\/\/www.fbdm-mcaf.ca\/wp-content\/uploads\/Exposition-Les-metiers-de-la-BD-2-credit-Sebastien-Lavallee-550x367.jpg\" class=\"attachment-wcstandard size-wcstandard\" alt=\"\" srcset=\"https:\/\/www.fbdm-mcaf.ca\/wp-content\/uploads\/Exposition-Les-metiers-de-la-BD-2-credit-Sebastien-Lavallee-550x367.jpg 550w, https:\/\/www.fbdm-mcaf.ca\/wp-content\/uploads\/Exposition-Les-metiers-de-la-BD-2-credit-Sebastien-Lavallee-300x200.jpg 300w, https:\/\/www.fbdm-mcaf.ca\/wp-content\/uploads\/Exposition-Les-metiers-de-la-BD-2-credit-Sebastien-Lavallee-1024x683.jpg 1024w, https:\/\/www.fbdm-mcaf.ca\/wp-content\/uploads\/Exposition-Les-metiers-de-la-BD-2-credit-Sebastien-Lavallee-768x512.jpg 768w, https:\/\/www.fbdm-mcaf.ca\/wp-content\/uploads\/Exposition-Les-metiers-de-la-BD-2-credit-Sebastien-Lavallee-710x473.jpg 710w, https:\/\/www.fbdm-mcaf.ca\/wp-content\/uploads\/Exposition-Les-metiers-de-la-BD-2-credit-Sebastien-Lavallee-250x167.jpg 250w, https:\/\/www.fbdm-mcaf.ca\/wp-content\/uploads\/Exposition-Les-metiers-de-la-BD-2-credit-Sebastien-Lavallee-800x533.jpg 800w, https:\/\/www.fbdm-mcaf.ca\/wp-content\/uploads\/Exposition-Les-metiers-de-la-BD-2-credit-Sebastien-Lavallee-270x180.jpg 270w, https:\/\/www.fbdm-mcaf.ca\/wp-content\/uploads\/Exposition-Les-metiers-de-la-BD-2-credit-Sebastien-Lavallee-450x300.jpg 450w, https:\/\/www.fbdm-mcaf.ca\/wp-content\/uploads\/Exposition-Les-metiers-de-la-BD-2-credit-Sebastien-Lavallee-750x500.jpg 750w, https:\/\/www.fbdm-mcaf.ca\/wp-content\/uploads\/Exposition-Les-metiers-de-la-BD-2-credit-Sebastien-Lavallee.jpg 1500w\" sizes=\"auto, (max-width: 550px) 100vw, 550px\" \/><\/a>\n\t\t\t\t<\/div>\n\t\t\t\t\t<div class='wp-caption-text gallery-caption'>\n\t\t\t\t\t\t<p>\n\t\t\t\t\t\tFBDM-MCAF 2023_Exposition Les m\u00e9tiers de la BD_photo S\u00e9bastien Lavall\u00e9e\n\t\t\t\t\t\t<\/p>\n\t\t\t\t\t<\/div><\/div><div class='gallery-item gallery-item-position-17 gallery-item-attachment-32700'>\n\t\t\t\t<div class='gallery-icon portrait'>\n\t\t\t\t\t<a href='https:\/\/www.fbdm-mcaf.ca\/wp-content\/uploads\/Exposants-1-credit-photo-Stephanie-Lariviere-550x825.jpeg' data-rel=\"prettyPhoto[32671]\" data-rel=\"prettyPhoto[32671]\" title='Exposants 1 - cr\u00e9dit photo St\u00e9phanie Larivi\u00e8re' target='_self'><img loading=\"lazy\" decoding=\"async\" width=\"550\" height=\"825\" src=\"https:\/\/www.fbdm-mcaf.ca\/wp-content\/uploads\/Exposants-1-credit-photo-Stephanie-Lariviere-550x825.jpeg\" class=\"attachment-wcstandard size-wcstandard\" alt=\"\" srcset=\"https:\/\/www.fbdm-mcaf.ca\/wp-content\/uploads\/Exposants-1-credit-photo-Stephanie-Lariviere-550x825.jpeg 550w, https:\/\/www.fbdm-mcaf.ca\/wp-content\/uploads\/Exposants-1-credit-photo-Stephanie-Lariviere-200x300.jpeg 200w, https:\/\/www.fbdm-mcaf.ca\/wp-content\/uploads\/Exposants-1-credit-photo-Stephanie-Lariviere-683x1024.jpeg 683w, https:\/\/www.fbdm-mcaf.ca\/wp-content\/uploads\/Exposants-1-credit-photo-Stephanie-Lariviere-768x1152.jpeg 768w, https:\/\/www.fbdm-mcaf.ca\/wp-content\/uploads\/Exposants-1-credit-photo-Stephanie-Lariviere-1024x1536.jpeg 1024w, https:\/\/www.fbdm-mcaf.ca\/wp-content\/uploads\/Exposants-1-credit-photo-Stephanie-Lariviere-710x1065.jpeg 710w, https:\/\/www.fbdm-mcaf.ca\/wp-content\/uploads\/Exposants-1-credit-photo-Stephanie-Lariviere-250x375.jpeg 250w, https:\/\/www.fbdm-mcaf.ca\/wp-content\/uploads\/Exposants-1-credit-photo-Stephanie-Lariviere-800x1200.jpeg 800w, https:\/\/www.fbdm-mcaf.ca\/wp-content\/uploads\/Exposants-1-credit-photo-Stephanie-Lariviere-120x180.jpeg 120w, https:\/\/www.fbdm-mcaf.ca\/wp-content\/uploads\/Exposants-1-credit-photo-Stephanie-Lariviere-333x500.jpeg 333w, https:\/\/www.fbdm-mcaf.ca\/wp-content\/uploads\/Exposants-1-credit-photo-Stephanie-Lariviere.jpeg 1184w\" sizes=\"auto, (max-width: 550px) 100vw, 550px\" \/><\/a>\n\t\t\t\t<\/div>\n\t\t\t\t\t<div class='wp-caption-text gallery-caption'>\n\t\t\t\t\t\t<p>\n\t\t\t\t\t\tFBDM-MCAF 2023_D\u00e9dicaces avec Jeik Dion_photo St\u00e9phanie Larivi\u00e8re\n\t\t\t\t\t\t<\/p>\n\t\t\t\t\t<\/div><\/div><div class='gallery-item gallery-item-position-18 gallery-item-attachment-32704'>\n\t\t\t\t<div class='gallery-icon landscape'>\n\t\t\t\t\t<a href='https:\/\/www.fbdm-mcaf.ca\/wp-content\/uploads\/Exposants-5-credit-photo-Blaise-Cronimus-550x438.jpeg' data-rel=\"prettyPhoto[32671]\" data-rel=\"prettyPhoto[32671]\" title='Exposants 5 - cr\u00e9dit photo Blaise Cronimus' target='_self'><img loading=\"lazy\" decoding=\"async\" width=\"550\" height=\"438\" src=\"https:\/\/www.fbdm-mcaf.ca\/wp-content\/uploads\/Exposants-5-credit-photo-Blaise-Cronimus-550x438.jpeg\" class=\"attachment-wcstandard size-wcstandard\" alt=\"\" srcset=\"https:\/\/www.fbdm-mcaf.ca\/wp-content\/uploads\/Exposants-5-credit-photo-Blaise-Cronimus-550x438.jpeg 550w, https:\/\/www.fbdm-mcaf.ca\/wp-content\/uploads\/Exposants-5-credit-photo-Blaise-Cronimus-300x239.jpeg 300w, https:\/\/www.fbdm-mcaf.ca\/wp-content\/uploads\/Exposants-5-credit-photo-Blaise-Cronimus-768x611.jpeg 768w, https:\/\/www.fbdm-mcaf.ca\/wp-content\/uploads\/Exposants-5-credit-photo-Blaise-Cronimus-710x565.jpeg 710w, https:\/\/www.fbdm-mcaf.ca\/wp-content\/uploads\/Exposants-5-credit-photo-Blaise-Cronimus-250x199.jpeg 250w, https:\/\/www.fbdm-mcaf.ca\/wp-content\/uploads\/Exposants-5-credit-photo-Blaise-Cronimus-800x636.jpeg 800w, https:\/\/www.fbdm-mcaf.ca\/wp-content\/uploads\/Exposants-5-credit-photo-Blaise-Cronimus-226x180.jpeg 226w, https:\/\/www.fbdm-mcaf.ca\/wp-content\/uploads\/Exposants-5-credit-photo-Blaise-Cronimus-377x300.jpeg 377w, https:\/\/www.fbdm-mcaf.ca\/wp-content\/uploads\/Exposants-5-credit-photo-Blaise-Cronimus-628x500.jpeg 628w, https:\/\/www.fbdm-mcaf.ca\/wp-content\/uploads\/Exposants-5-credit-photo-Blaise-Cronimus.jpeg 905w\" sizes=\"auto, (max-width: 550px) 100vw, 550px\" \/><\/a>\n\t\t\t\t<\/div>\n\t\t\t\t\t<div class='wp-caption-text gallery-caption'>\n\t\t\t\t\t\t<p>\n\t\t\t\t\t\tFBDM-MCAF\n\t\t\t\t\t\t<\/p>\n\t\t\t\t\t<\/div><\/div><div class='gallery-item gallery-item-position-19 gallery-item-attachment-32718'>\n\t\t\t\t<div class='gallery-icon landscape'>\n\t\t\t\t\t<a href='https:\/\/www.fbdm-mcaf.ca\/wp-content\/uploads\/Matinee-Manga-O-Taku-2-credit-photo-Marion-550x413.jpeg' data-rel=\"prettyPhoto[32671]\" data-rel=\"prettyPhoto[32671]\" title='Matin\u00e9e Manga O-Taku 2 - cr\u00e9dit photo Marion' target='_self'><img loading=\"lazy\" decoding=\"async\" width=\"550\" height=\"413\" src=\"https:\/\/www.fbdm-mcaf.ca\/wp-content\/uploads\/Matinee-Manga-O-Taku-2-credit-photo-Marion-550x413.jpeg\" class=\"attachment-wcstandard size-wcstandard\" alt=\"\" srcset=\"https:\/\/www.fbdm-mcaf.ca\/wp-content\/uploads\/Matinee-Manga-O-Taku-2-credit-photo-Marion-550x413.jpeg 550w, https:\/\/www.fbdm-mcaf.ca\/wp-content\/uploads\/Matinee-Manga-O-Taku-2-credit-photo-Marion-300x225.jpeg 300w, https:\/\/www.fbdm-mcaf.ca\/wp-content\/uploads\/Matinee-Manga-O-Taku-2-credit-photo-Marion-1024x768.jpeg 1024w, https:\/\/www.fbdm-mcaf.ca\/wp-content\/uploads\/Matinee-Manga-O-Taku-2-credit-photo-Marion-768x576.jpeg 768w, https:\/\/www.fbdm-mcaf.ca\/wp-content\/uploads\/Matinee-Manga-O-Taku-2-credit-photo-Marion-1536x1152.jpeg 1536w, https:\/\/www.fbdm-mcaf.ca\/wp-content\/uploads\/Matinee-Manga-O-Taku-2-credit-photo-Marion-710x533.jpeg 710w, https:\/\/www.fbdm-mcaf.ca\/wp-content\/uploads\/Matinee-Manga-O-Taku-2-credit-photo-Marion-250x188.jpeg 250w, https:\/\/www.fbdm-mcaf.ca\/wp-content\/uploads\/Matinee-Manga-O-Taku-2-credit-photo-Marion-800x600.jpeg 800w, https:\/\/www.fbdm-mcaf.ca\/wp-content\/uploads\/Matinee-Manga-O-Taku-2-credit-photo-Marion-240x180.jpeg 240w, https:\/\/www.fbdm-mcaf.ca\/wp-content\/uploads\/Matinee-Manga-O-Taku-2-credit-photo-Marion-400x300.jpeg 400w, https:\/\/www.fbdm-mcaf.ca\/wp-content\/uploads\/Matinee-Manga-O-Taku-2-credit-photo-Marion-667x500.jpeg 667w, https:\/\/www.fbdm-mcaf.ca\/wp-content\/uploads\/Matinee-Manga-O-Taku-2-credit-photo-Marion.jpeg 2048w\" sizes=\"auto, (max-width: 550px) 100vw, 550px\" \/><\/a>\n\t\t\t\t<\/div>\n\t\t\t\t\t<div class='wp-caption-text gallery-caption'>\n\t\t\t\t\t\t<p>\n\t\t\t\t\t\tFBDM-MCAF 2023_Matin\u00e9e manga_photo Marion\n\t\t\t\t\t\t<\/p>\n\t\t\t\t\t<\/div><\/div><div class='gallery-item gallery-item-position-20 gallery-item-attachment-32706'>\n\t\t\t\t<div class='gallery-icon landscape'>\n\t\t\t\t\t<a href='https:\/\/www.fbdm-mcaf.ca\/wp-content\/uploads\/Exposants-6-credit-photo-Jean-Guy-Campeau-550x392.jpeg' data-rel=\"prettyPhoto[32671]\" data-rel=\"prettyPhoto[32671]\" title='Exposants 6 - cr\u00e9dit photo Jean-Guy Campeau' target='_self'><img loading=\"lazy\" decoding=\"async\" width=\"550\" height=\"392\" src=\"https:\/\/www.fbdm-mcaf.ca\/wp-content\/uploads\/Exposants-6-credit-photo-Jean-Guy-Campeau-550x392.jpeg\" class=\"attachment-wcstandard size-wcstandard\" alt=\"\" srcset=\"https:\/\/www.fbdm-mcaf.ca\/wp-content\/uploads\/Exposants-6-credit-photo-Jean-Guy-Campeau-550x392.jpeg 550w, https:\/\/www.fbdm-mcaf.ca\/wp-content\/uploads\/Exposants-6-credit-photo-Jean-Guy-Campeau-300x214.jpeg 300w, https:\/\/www.fbdm-mcaf.ca\/wp-content\/uploads\/Exposants-6-credit-photo-Jean-Guy-Campeau-1024x730.jpeg 1024w, https:\/\/www.fbdm-mcaf.ca\/wp-content\/uploads\/Exposants-6-credit-photo-Jean-Guy-Campeau-768x548.jpeg 768w, https:\/\/www.fbdm-mcaf.ca\/wp-content\/uploads\/Exposants-6-credit-photo-Jean-Guy-Campeau-1536x1095.jpeg 1536w, https:\/\/www.fbdm-mcaf.ca\/wp-content\/uploads\/Exposants-6-credit-photo-Jean-Guy-Campeau-710x506.jpeg 710w, https:\/\/www.fbdm-mcaf.ca\/wp-content\/uploads\/Exposants-6-credit-photo-Jean-Guy-Campeau-250x178.jpeg 250w, https:\/\/www.fbdm-mcaf.ca\/wp-content\/uploads\/Exposants-6-credit-photo-Jean-Guy-Campeau-800x571.jpeg 800w, https:\/\/www.fbdm-mcaf.ca\/wp-content\/uploads\/Exposants-6-credit-photo-Jean-Guy-Campeau-252x180.jpeg 252w, https:\/\/www.fbdm-mcaf.ca\/wp-content\/uploads\/Exposants-6-credit-photo-Jean-Guy-Campeau-421x300.jpeg 421w, https:\/\/www.fbdm-mcaf.ca\/wp-content\/uploads\/Exposants-6-credit-photo-Jean-Guy-Campeau-701x500.jpeg 701w, https:\/\/www.fbdm-mcaf.ca\/wp-content\/uploads\/Exposants-6-credit-photo-Jean-Guy-Campeau-210x150.jpeg 210w, https:\/\/www.fbdm-mcaf.ca\/wp-content\/uploads\/Exposants-6-credit-photo-Jean-Guy-Campeau-400x285.jpeg 400w, https:\/\/www.fbdm-mcaf.ca\/wp-content\/uploads\/Exposants-6-credit-photo-Jean-Guy-Campeau.jpeg 1907w\" sizes=\"auto, (max-width: 550px) 100vw, 550px\" \/><\/a>\n\t\t\t\t<\/div>\n\t\t\t\t\t<div class='wp-caption-text gallery-caption'>\n\t\t\t\t\t\t<p>\n\t\t\t\t\t\tFBDM-MCAF 2023_Exposante April\n\t\t\t\t\t\t<\/p>\n\t\t\t\t\t<\/div><\/div><div class='gallery-item gallery-item-position-21 gallery-item-attachment-32698'>\n\t\t\t\t<div class='gallery-icon portrait'>\n\t\t\t\t\t<a href='https:\/\/www.fbdm-mcaf.ca\/wp-content\/uploads\/Demontage-festival-1-credit-photo-Camille-Blondiaux-550x733.jpeg' data-rel=\"prettyPhoto[32671]\" data-rel=\"prettyPhoto[32671]\" title='D\u00e9montage festival 1 - cr\u00e9dit photo Camille Blondiaux' target='_self'><img loading=\"lazy\" decoding=\"async\" width=\"550\" height=\"733\" src=\"https:\/\/www.fbdm-mcaf.ca\/wp-content\/uploads\/Demontage-festival-1-credit-photo-Camille-Blondiaux-550x733.jpeg\" class=\"attachment-wcstandard size-wcstandard\" alt=\"\" srcset=\"https:\/\/www.fbdm-mcaf.ca\/wp-content\/uploads\/Demontage-festival-1-credit-photo-Camille-Blondiaux-550x733.jpeg 550w, https:\/\/www.fbdm-mcaf.ca\/wp-content\/uploads\/Demontage-festival-1-credit-photo-Camille-Blondiaux-225x300.jpeg 225w, https:\/\/www.fbdm-mcaf.ca\/wp-content\/uploads\/Demontage-festival-1-credit-photo-Camille-Blondiaux-768x1024.jpeg 768w, https:\/\/www.fbdm-mcaf.ca\/wp-content\/uploads\/Demontage-festival-1-credit-photo-Camille-Blondiaux-1152x1536.jpeg 1152w, https:\/\/www.fbdm-mcaf.ca\/wp-content\/uploads\/Demontage-festival-1-credit-photo-Camille-Blondiaux-710x947.jpeg 710w, https:\/\/www.fbdm-mcaf.ca\/wp-content\/uploads\/Demontage-festival-1-credit-photo-Camille-Blondiaux-250x333.jpeg 250w, https:\/\/www.fbdm-mcaf.ca\/wp-content\/uploads\/Demontage-festival-1-credit-photo-Camille-Blondiaux-800x1067.jpeg 800w, https:\/\/www.fbdm-mcaf.ca\/wp-content\/uploads\/Demontage-festival-1-credit-photo-Camille-Blondiaux-135x180.jpeg 135w, https:\/\/www.fbdm-mcaf.ca\/wp-content\/uploads\/Demontage-festival-1-credit-photo-Camille-Blondiaux-375x500.jpeg 375w, https:\/\/www.fbdm-mcaf.ca\/wp-content\/uploads\/Demontage-festival-1-credit-photo-Camille-Blondiaux.jpeg 1536w\" sizes=\"auto, (max-width: 550px) 100vw, 550px\" \/><\/a>\n\t\t\t\t<\/div>\n\t\t\t\t\t<div class='wp-caption-text gallery-caption'>\n\t\t\t\t\t\t<p>\n\t\t\t\t\t\tFBDM-MCAF 2023_\u00c0 l&#8217;ann\u00e9e prochaine_Camille\n\t\t\t\t\t\t<\/p>\n\t\t\t\t\t<\/div><\/div><div class='gallery-item gallery-item-position-22 gallery-item-attachment-32708'>\n\t\t\t\t<div class='gallery-icon landscape'>\n\t\t\t\t\t<a href='https:\/\/www.fbdm-mcaf.ca\/wp-content\/uploads\/Exposants-9-credit-photo-Blaise-Cronimus-1-550x413.jpeg' data-rel=\"prettyPhoto[32671]\" data-rel=\"prettyPhoto[32671]\" title='Exposants 9 - cr\u00e9dit photo Blaise Cronimus' target='_self'><img loading=\"lazy\" decoding=\"async\" width=\"550\" height=\"413\" src=\"https:\/\/www.fbdm-mcaf.ca\/wp-content\/uploads\/Exposants-9-credit-photo-Blaise-Cronimus-1-550x413.jpeg\" class=\"attachment-wcstandard size-wcstandard\" alt=\"\" srcset=\"https:\/\/www.fbdm-mcaf.ca\/wp-content\/uploads\/Exposants-9-credit-photo-Blaise-Cronimus-1-550x413.jpeg 550w, https:\/\/www.fbdm-mcaf.ca\/wp-content\/uploads\/Exposants-9-credit-photo-Blaise-Cronimus-1-300x225.jpeg 300w, https:\/\/www.fbdm-mcaf.ca\/wp-content\/uploads\/Exposants-9-credit-photo-Blaise-Cronimus-1-1024x768.jpeg 1024w, https:\/\/www.fbdm-mcaf.ca\/wp-content\/uploads\/Exposants-9-credit-photo-Blaise-Cronimus-1-768x576.jpeg 768w, https:\/\/www.fbdm-mcaf.ca\/wp-content\/uploads\/Exposants-9-credit-photo-Blaise-Cronimus-1-1536x1152.jpeg 1536w, https:\/\/www.fbdm-mcaf.ca\/wp-content\/uploads\/Exposants-9-credit-photo-Blaise-Cronimus-1-710x533.jpeg 710w, https:\/\/www.fbdm-mcaf.ca\/wp-content\/uploads\/Exposants-9-credit-photo-Blaise-Cronimus-1-250x188.jpeg 250w, https:\/\/www.fbdm-mcaf.ca\/wp-content\/uploads\/Exposants-9-credit-photo-Blaise-Cronimus-1-800x600.jpeg 800w, https:\/\/www.fbdm-mcaf.ca\/wp-content\/uploads\/Exposants-9-credit-photo-Blaise-Cronimus-1-240x180.jpeg 240w, https:\/\/www.fbdm-mcaf.ca\/wp-content\/uploads\/Exposants-9-credit-photo-Blaise-Cronimus-1-400x300.jpeg 400w, https:\/\/www.fbdm-mcaf.ca\/wp-content\/uploads\/Exposants-9-credit-photo-Blaise-Cronimus-1-667x500.jpeg 667w, https:\/\/www.fbdm-mcaf.ca\/wp-content\/uploads\/Exposants-9-credit-photo-Blaise-Cronimus-1.jpeg 2048w\" sizes=\"auto, (max-width: 550px) 100vw, 550px\" \/><\/a>\n\t\t\t\t<\/div>\n\t\t\t\t\t<div class='wp-caption-text gallery-caption'>\n\t\t\t\t\t\t<p>\n\t\t\t\t\t\tFBDM-MCAF 2023_Exposant Otaku\n\t\t\t\t\t\t<\/p>\n\t\t\t\t\t<\/div><\/div><div class='gallery-item gallery-item-position-23 gallery-item-attachment-32716'>\n\t\t\t\t<div class='gallery-icon landscape'>\n\t\t\t\t\t<a href='https:\/\/www.fbdm-mcaf.ca\/wp-content\/uploads\/Foule-1-credit-photo-Jean-Guy-Campeau-550x508.jpeg' data-rel=\"prettyPhoto[32671]\" data-rel=\"prettyPhoto[32671]\" title='Foule 1 - cr\u00e9dit photo Jean-Guy Campeau' target='_self'><img loading=\"lazy\" decoding=\"async\" width=\"550\" height=\"508\" src=\"https:\/\/www.fbdm-mcaf.ca\/wp-content\/uploads\/Foule-1-credit-photo-Jean-Guy-Campeau-550x508.jpeg\" class=\"attachment-wcstandard size-wcstandard\" alt=\"\" srcset=\"https:\/\/www.fbdm-mcaf.ca\/wp-content\/uploads\/Foule-1-credit-photo-Jean-Guy-Campeau-550x508.jpeg 550w, https:\/\/www.fbdm-mcaf.ca\/wp-content\/uploads\/Foule-1-credit-photo-Jean-Guy-Campeau-300x277.jpeg 300w, https:\/\/www.fbdm-mcaf.ca\/wp-content\/uploads\/Foule-1-credit-photo-Jean-Guy-Campeau-1024x946.jpeg 1024w, https:\/\/www.fbdm-mcaf.ca\/wp-content\/uploads\/Foule-1-credit-photo-Jean-Guy-Campeau-768x710.jpeg 768w, https:\/\/www.fbdm-mcaf.ca\/wp-content\/uploads\/Foule-1-credit-photo-Jean-Guy-Campeau-710x656.jpeg 710w, https:\/\/www.fbdm-mcaf.ca\/wp-content\/uploads\/Foule-1-credit-photo-Jean-Guy-Campeau-250x231.jpeg 250w, https:\/\/www.fbdm-mcaf.ca\/wp-content\/uploads\/Foule-1-credit-photo-Jean-Guy-Campeau-800x739.jpeg 800w, https:\/\/www.fbdm-mcaf.ca\/wp-content\/uploads\/Foule-1-credit-photo-Jean-Guy-Campeau-195x180.jpeg 195w, https:\/\/www.fbdm-mcaf.ca\/wp-content\/uploads\/Foule-1-credit-photo-Jean-Guy-Campeau-325x300.jpeg 325w, https:\/\/www.fbdm-mcaf.ca\/wp-content\/uploads\/Foule-1-credit-photo-Jean-Guy-Campeau-541x500.jpeg 541w, https:\/\/www.fbdm-mcaf.ca\/wp-content\/uploads\/Foule-1-credit-photo-Jean-Guy-Campeau.jpeg 1472w\" sizes=\"auto, (max-width: 550px) 100vw, 550px\" \/><\/a>\n\t\t\t\t<\/div>\n\t\t\t\t\t<div class='wp-caption-text gallery-caption'>\n\t\t\t\t\t\t<p>\n\t\t\t\t\t\tFBDM-MCAF 2023_Ambiance Rue Stain-Denis_Jean-Guy Campeau\n\t\t\t\t\t\t<\/p>\n\t\t\t\t\t<\/div><\/div><\/div>\n<\/div>\n","protected":false},"excerpt":{"rendered":"<p class=\"post-excerpt\">&#8230;<\/p>\n<p><a class=\"post-learn-more\" href=\"https:\/\/www.fbdm-mcaf.ca\/en\/comic-arts-festival\/festival-in-pictures\/2023-2\/\">Read more<span>&nbsp;><\/span><\/a><\/p><\/p>\n","protected":false},"author":2,"featured_media":32673,"parent":18269,"menu_order":41,"comment_status":"closed","ping_status":"closed","template":"page-templates\/template-a-propos-gallerie.php","meta":{"_acf_changed":false,"_price":"","_stock":"","_tribe_ticket_header":"","_tribe_default_ticket_provider":"","_tribe_ticket_capacity":"0","_ticket_start_date":"","_ticket_end_date":"","_tribe_ticket_show_description":"","_tribe_ticket_show_not_going":false,"_tribe_ticket_use_global_stock":"","_tribe_ticket_global_stock_level":"","_global_stock_mode":"","_global_stock_cap":"","_tribe_rsvp_for_event":"","_tribe_ticket_going_count":"","_tribe_ticket_not_going_count":"","_tribe_tickets_list":"[]","_tribe_ticket_has_attendee_info_fields":false,"footnotes":"","_tec_slr_enabled":"","_tec_slr_layout":""},"class_list":["post-32671","page","type-page","status-publish","has-post-thumbnail","hentry"],"acf":[],"yoast_head":"<!-- This site is optimized with the Yoast SEO plugin v27.5 - https:\/\/yoast.com\/product\/yoast-seo-wordpress\/ -->\n<title>2023 &#8226; MCAF<\/title>\n<meta name=\"robots\" content=\"index, follow, max-snippet:-1, max-image-preview:large, max-video-preview:-1\" \/>\n<link rel=\"canonical\" href=\"https:\/\/www.fbdm-mcaf.ca\/en\/comic-arts-festival\/festival-in-pictures\/2023-2\/\" \/>\n<meta property=\"og:locale\" content=\"en_US\" \/>\n<meta property=\"og:type\" content=\"article\" \/>\n<meta property=\"og:title\" content=\"2023 &#8226; MCAF\" \/>\n<meta property=\"og:description\" content=\"...Read more&nbsp;&gt;\" \/>\n<meta property=\"og:url\" content=\"https:\/\/www.fbdm-mcaf.ca\/en\/comic-arts-festival\/festival-in-pictures\/2023-2\/\" \/>\n<meta property=\"og:site_name\" content=\"MCAF\" \/>\n<meta property=\"article:publisher\" content=\"https:\/\/www.facebook.com\/FestivalBDMontreal\/\" \/>\n<meta property=\"article:modified_time\" content=\"2023-06-29T15:14:52+00:00\" \/>\n<meta property=\"og:image\" content=\"https:\/\/www.fbdm-mcaf.ca\/wp-content\/uploads\/Exposants-9-credit-photo-Blaise-Cronimus.jpeg\" \/>\n\t<meta property=\"og:image:width\" content=\"2048\" \/>\n\t<meta property=\"og:image:height\" content=\"1536\" \/>\n\t<meta property=\"og:image:type\" content=\"image\/jpeg\" \/>\n<meta name=\"twitter:card\" content=\"summary_large_image\" \/>\n<meta name=\"twitter:site\" content=\"@fbdm_mtl\" \/>\n<meta name=\"twitter:label1\" content=\"Est. reading time\" \/>\n\t<meta name=\"twitter:data1\" content=\"1 minute\" \/>\n<script type=\"application\/ld+json\" class=\"yoast-schema-graph\">{\"@context\":\"https:\\\/\\\/schema.org\",\"@graph\":[{\"@type\":\"WebPage\",\"@id\":\"https:\\\/\\\/www.fbdm-mcaf.ca\\\/en\\\/comic-arts-festival\\\/festival-in-pictures\\\/2023-2\\\/\",\"url\":\"https:\\\/\\\/www.fbdm-mcaf.ca\\\/en\\\/comic-arts-festival\\\/festival-in-pictures\\\/2023-2\\\/\",\"name\":\"2023 &#8226; MCAF\",\"isPartOf\":{\"@id\":\"https:\\\/\\\/www.fbdm-mcaf.ca\\\/en\\\/#website\"},\"primaryImageOfPage\":{\"@id\":\"https:\\\/\\\/www.fbdm-mcaf.ca\\\/en\\\/comic-arts-festival\\\/festival-in-pictures\\\/2023-2\\\/#primaryimage\"},\"image\":{\"@id\":\"https:\\\/\\\/www.fbdm-mcaf.ca\\\/en\\\/comic-arts-festival\\\/festival-in-pictures\\\/2023-2\\\/#primaryimage\"},\"thumbnailUrl\":\"https:\\\/\\\/www.fbdm-mcaf.ca\\\/wp-content\\\/uploads\\\/Exposants-9-credit-photo-Blaise-Cronimus.jpeg\",\"datePublished\":\"2023-06-29T14:07:54+00:00\",\"dateModified\":\"2023-06-29T15:14:52+00:00\",\"breadcrumb\":{\"@id\":\"https:\\\/\\\/www.fbdm-mcaf.ca\\\/en\\\/comic-arts-festival\\\/festival-in-pictures\\\/2023-2\\\/#breadcrumb\"},\"inLanguage\":\"en-US\",\"potentialAction\":[{\"@type\":\"ReadAction\",\"target\":[\"https:\\\/\\\/www.fbdm-mcaf.ca\\\/en\\\/comic-arts-festival\\\/festival-in-pictures\\\/2023-2\\\/\"]}]},{\"@type\":\"ImageObject\",\"inLanguage\":\"en-US\",\"@id\":\"https:\\\/\\\/www.fbdm-mcaf.ca\\\/en\\\/comic-arts-festival\\\/festival-in-pictures\\\/2023-2\\\/#primaryimage\",\"url\":\"https:\\\/\\\/www.fbdm-mcaf.ca\\\/wp-content\\\/uploads\\\/Exposants-9-credit-photo-Blaise-Cronimus.jpeg\",\"contentUrl\":\"https:\\\/\\\/www.fbdm-mcaf.ca\\\/wp-content\\\/uploads\\\/Exposants-9-credit-photo-Blaise-Cronimus.jpeg\",\"width\":2048,\"height\":1536},{\"@type\":\"BreadcrumbList\",\"@id\":\"https:\\\/\\\/www.fbdm-mcaf.ca\\\/en\\\/comic-arts-festival\\\/festival-in-pictures\\\/2023-2\\\/#breadcrumb\",\"itemListElement\":[{\"@type\":\"ListItem\",\"position\":1,\"name\":\"Home\",\"item\":\"https:\\\/\\\/www.fbdm-mcaf.ca\\\/en\\\/\"},{\"@type\":\"ListItem\",\"position\":2,\"name\":\"The Festival\",\"item\":\"https:\\\/\\\/www.fbdm-mcaf.ca\\\/en\\\/comic-arts-festival\\\/\"},{\"@type\":\"ListItem\",\"position\":3,\"name\":\"Festival in Pictures\",\"item\":\"https:\\\/\\\/www.fbdm-mcaf.ca\\\/en\\\/comic-arts-festival\\\/festival-in-pictures\\\/\"},{\"@type\":\"ListItem\",\"position\":4,\"name\":\"2023\"}]},{\"@type\":\"WebSite\",\"@id\":\"https:\\\/\\\/www.fbdm-mcaf.ca\\\/en\\\/#website\",\"url\":\"https:\\\/\\\/www.fbdm-mcaf.ca\\\/en\\\/\",\"name\":\"MCAF\",\"description\":\"Montreal Comic Arts Festival\",\"potentialAction\":[{\"@type\":\"SearchAction\",\"target\":{\"@type\":\"EntryPoint\",\"urlTemplate\":\"https:\\\/\\\/www.fbdm-mcaf.ca\\\/en\\\/?s={search_term_string}\"},\"query-input\":{\"@type\":\"PropertyValueSpecification\",\"valueRequired\":true,\"valueName\":\"search_term_string\"}}],\"inLanguage\":\"en-US\"}]}<\/script>\n<!-- \/ Yoast SEO plugin. -->","yoast_head_json":{"title":"2023 &#8226; MCAF","robots":{"index":"index","follow":"follow","max-snippet":"max-snippet:-1","max-image-preview":"max-image-preview:large","max-video-preview":"max-video-preview:-1"},"canonical":"https:\/\/www.fbdm-mcaf.ca\/en\/comic-arts-festival\/festival-in-pictures\/2023-2\/","og_locale":"en_US","og_type":"article","og_title":"2023 &#8226; MCAF","og_description":"...Read more&nbsp;>","og_url":"https:\/\/www.fbdm-mcaf.ca\/en\/comic-arts-festival\/festival-in-pictures\/2023-2\/","og_site_name":"MCAF","article_publisher":"https:\/\/www.facebook.com\/FestivalBDMontreal\/","article_modified_time":"2023-06-29T15:14:52+00:00","og_image":[{"width":2048,"height":1536,"url":"https:\/\/www.fbdm-mcaf.ca\/wp-content\/uploads\/Exposants-9-credit-photo-Blaise-Cronimus.jpeg","type":"image\/jpeg"}],"twitter_card":"summary_large_image","twitter_site":"@fbdm_mtl","twitter_misc":{"Est. reading time":"1 minute"},"schema":{"@context":"https:\/\/schema.org","@graph":[{"@type":"WebPage","@id":"https:\/\/www.fbdm-mcaf.ca\/en\/comic-arts-festival\/festival-in-pictures\/2023-2\/","url":"https:\/\/www.fbdm-mcaf.ca\/en\/comic-arts-festival\/festival-in-pictures\/2023-2\/","name":"2023 &#8226; MCAF","isPartOf":{"@id":"https:\/\/www.fbdm-mcaf.ca\/en\/#website"},"primaryImageOfPage":{"@id":"https:\/\/www.fbdm-mcaf.ca\/en\/comic-arts-festival\/festival-in-pictures\/2023-2\/#primaryimage"},"image":{"@id":"https:\/\/www.fbdm-mcaf.ca\/en\/comic-arts-festival\/festival-in-pictures\/2023-2\/#primaryimage"},"thumbnailUrl":"https:\/\/www.fbdm-mcaf.ca\/wp-content\/uploads\/Exposants-9-credit-photo-Blaise-Cronimus.jpeg","datePublished":"2023-06-29T14:07:54+00:00","dateModified":"2023-06-29T15:14:52+00:00","breadcrumb":{"@id":"https:\/\/www.fbdm-mcaf.ca\/en\/comic-arts-festival\/festival-in-pictures\/2023-2\/#breadcrumb"},"inLanguage":"en-US","potentialAction":[{"@type":"ReadAction","target":["https:\/\/www.fbdm-mcaf.ca\/en\/comic-arts-festival\/festival-in-pictures\/2023-2\/"]}]},{"@type":"ImageObject","inLanguage":"en-US","@id":"https:\/\/www.fbdm-mcaf.ca\/en\/comic-arts-festival\/festival-in-pictures\/2023-2\/#primaryimage","url":"https:\/\/www.fbdm-mcaf.ca\/wp-content\/uploads\/Exposants-9-credit-photo-Blaise-Cronimus.jpeg","contentUrl":"https:\/\/www.fbdm-mcaf.ca\/wp-content\/uploads\/Exposants-9-credit-photo-Blaise-Cronimus.jpeg","width":2048,"height":1536},{"@type":"BreadcrumbList","@id":"https:\/\/www.fbdm-mcaf.ca\/en\/comic-arts-festival\/festival-in-pictures\/2023-2\/#breadcrumb","itemListElement":[{"@type":"ListItem","position":1,"name":"Home","item":"https:\/\/www.fbdm-mcaf.ca\/en\/"},{"@type":"ListItem","position":2,"name":"The Festival","item":"https:\/\/www.fbdm-mcaf.ca\/en\/comic-arts-festival\/"},{"@type":"ListItem","position":3,"name":"Festival in Pictures","item":"https:\/\/www.fbdm-mcaf.ca\/en\/comic-arts-festival\/festival-in-pictures\/"},{"@type":"ListItem","position":4,"name":"2023"}]},{"@type":"WebSite","@id":"https:\/\/www.fbdm-mcaf.ca\/en\/#website","url":"https:\/\/www.fbdm-mcaf.ca\/en\/","name":"MCAF","description":"Montreal Comic Arts Festival","potentialAction":[{"@type":"SearchAction","target":{"@type":"EntryPoint","urlTemplate":"https:\/\/www.fbdm-mcaf.ca\/en\/?s={search_term_string}"},"query-input":{"@type":"PropertyValueSpecification","valueRequired":true,"valueName":"search_term_string"}}],"inLanguage":"en-US"}]}},"ticketed":false,"_links":{"self":[{"href":"https:\/\/www.fbdm-mcaf.ca\/en\/wp-json\/wp\/v2\/pages\/32671","targetHints":{"allow":["GET"]}}],"collection":[{"href":"https:\/\/www.fbdm-mcaf.ca\/en\/wp-json\/wp\/v2\/pages"}],"about":[{"href":"https:\/\/www.fbdm-mcaf.ca\/en\/wp-json\/wp\/v2\/types\/page"}],"author":[{"embeddable":true,"href":"https:\/\/www.fbdm-mcaf.ca\/en\/wp-json\/wp\/v2\/users\/2"}],"replies":[{"embeddable":true,"href":"https:\/\/www.fbdm-mcaf.ca\/en\/wp-json\/wp\/v2\/comments?post=32671"}],"version-history":[{"count":1,"href":"https:\/\/www.fbdm-mcaf.ca\/en\/wp-json\/wp\/v2\/pages\/32671\/revisions"}],"predecessor-version":[{"id":32725,"href":"https:\/\/www.fbdm-mcaf.ca\/en\/wp-json\/wp\/v2\/pages\/32671\/revisions\/32725"}],"up":[{"embeddable":true,"href":"https:\/\/www.fbdm-mcaf.ca\/en\/wp-json\/wp\/v2\/pages\/18269"}],"wp:featuredmedia":[{"embeddable":true,"href":"https:\/\/www.fbdm-mcaf.ca\/en\/wp-json\/wp\/v2\/media\/32673"}],"wp:attachment":[{"href":"https:\/\/www.fbdm-mcaf.ca\/en\/wp-json\/wp\/v2\/media?parent=32671"}],"curies":[{"name":"wp","href":"https:\/\/api.w.org\/{rel}","templated":true}]}}