{"id":25836,"date":"2021-03-28T17:41:35","date_gmt":"2021-03-28T21:41:35","guid":{"rendered":"https:\/\/www.fbdm-mcaf.ca\/projects\/colloque-bd\/"},"modified":"2023-10-27T11:25:39","modified_gmt":"2023-10-27T15:25:39","slug":"international-comic-arts-conference","status":"publish","type":"page","link":"https:\/\/www.fbdm-mcaf.ca\/en\/about-us\/archives\/international-comic-arts-conference\/","title":{"rendered":"Comic Arts International Conference"},"content":{"rendered":"\n<h2 class=\"wp-block-heading\">Comic Arts International Conference: <em>Beyond Borders<\/em><\/h2>\n\n\n\n<p>The 2nd <strong>International Comic Arts Conference<\/strong>, held from October 19 to 21 in Montreal, offered an insight into the role of borders in the comic arts.<\/p>\n\n\n\n<p>Participants from the academic and comics worlds, and comic arts enthusiasts, from Quebec and other Canadian provinces as well as from abroad, immersed themselves in the rich and diverse world of comics through 15 research presentations by researchers.<\/p>\n\n\n\n<p>The conferences were filmed and will be posted online with translated subtitles in the coming weeks on MCAF\u2019s Youtube channel.&nbsp;<\/p>\n\n\n\n<p>In the meantime, we invite you to check out the list of comic books studied discussed during these three days:<\/p>\n\n\n\n<ul class=\"wp-block-list\">\n<li>\u00c9tienne Davodeau. <em>Les ignorants : R\u00e9cit d&#8217;une initiation crois<\/em>\u00e9e (Futuropolis)<\/li>\n\n\n\n<li>Emmanuel Guibert, Didier Lef\u00e8vre, Fr\u00e9d\u00e9ric Lemercier. <em>Le photographe T.1<\/em> (Dupuis)<\/li>\n\n\n\n<li>Jean-Marc Reiser. <em>On vit une \u00e9poque formidable<\/em> (Albin Michel)<\/li>\n\n\n\n<li>Keum-Suk Kim, Myungsuk Yun. <em>Les mauvaises herbes <\/em>(Encrages)<\/li>\n\n\n\n<li>Nora Krug. <em>Belonging<\/em> (Scribner)<\/li>\n\n\n\n<li>Guy Delisle. <em>Chroniques de J\u00e9rusalem<\/em> (Delcourt)<\/li>\n\n\n\n<li>Philippe Otie, Li Kunwu.<em> A Chinese life <\/em>(Harry N. Abrams)<\/li>\n\n\n\n<li>Djibril Morissette-Phan, Yasmine Phan-Morissette. <em>Khiem, terres maternelles<\/em> (Gl\u00e9nat Qu\u00e9bec)<\/li>\n\n\n\n<li>Art Spiegelman. <em>Maus<\/em> (Flammarion)<\/li>\n\n\n\n<li>Simon Hureau. <em>Sermilk, l\u00e0 o\u00f9 naissent les glaces<\/em> (Dargaud)<\/li>\n\n\n\n<li>Sonja Eismann, Ingo Sch\u00f6ningh &amp; Maya Sch\u00f6ningh (dir.). <em>Movements and Moments<\/em> (Drawn and Quarterly)<\/li>\n\n\n\n<li>Sylvia Ofili, Birgit Weyhe. <em>German Calendar, No december <\/em>(Cassava Republic)<\/li>\n\n\n\n<li>Sarah Glidden. <em>How to understand Israel in 60 days or less <\/em>(Vertigo)<\/li>\n\n\n\n<li>Tian. <em>L&#8217;ann\u00e9e du li\u00e8vre T.1 : Au revoir Phnom Penh<\/em> (Gallimard)<\/li>\n\n\n\n<li>Jean-S\u00e9bastien B\u00e9rub\u00e9. <em>Comment je ne suis pas devenu moine<\/em> (Futuropolis)<\/li>\n\n\n\n<li>Real Godbout. <em>Amerika: The Man Who Disappeared<\/em> (Conundrum Press)<\/li>\n\n\n\n<li>Jordan Crane. <em>Keeping Two<\/em> (Fantagraphics books)<\/li>\n\n\n\n<li>Jiro Taniguchi. <em>L\u2019homme qui marche<\/em> (Casterman)<\/li>\n\n\n\n<li>Malik Sajad. <em>Munnu: A Boy from Kashmir<\/em> (Fourth Estate)<\/li>\n\n\n\n<li>Julio Ribera. <em>Mon crayon et moi&nbsp;<\/em>(Bamboo)<\/li>\n\n\n\n<li>Cyrille Pom\u00e8s. <em>Calais, Terminus<\/em> (La Revue dessin\u00e9e n\u00b013)<\/li>\n\n\n\n<li>Jean-Marc Troubs, Edmond Baudoin. <em>Humains, la roya est un fleuve<\/em> (L\u2019Association)<\/li>\n\n\n\n<li>Michel Bussi, Fred Duval, Didier Cassegrain. <em>Nymph\u00e9as noirs<\/em> (Dupuis)<\/li>\n\n\n\n<li>Nicole Lapointe. <em>Jani, h\u00f4tesse de l\u2019air<\/em> (Claire)<\/li>\n\n\n\n<li>Budjette Tan, Kajo Baldisimo. <em>Trese<\/em> (Ablaze)<\/li>\n\n\n\n<li>Salim Zerrouki. <em>Comment r\u00e9ussir sa migration clandestine<\/em> (Encre De Nuit)<\/li>\n\n\n\n<li>Riad Sattouf. <em>L\u2019arabe du futur. Tome 1<\/em> (Allary Editions)<\/li>\n\n\n\n<li>Sarah Leavitt. <em>Tangles: A Story of Alzheimer&#8217;s, My Mother, And Me<\/em> (Skyhorse)<\/li>\n\n\n\n<li>Bishakh Som. <em>Swandive <\/em>in<em> Apsara Engine<\/em> (Feminist Press)<\/li>\n\n\n\n<li>Zeina Abirached. <em>[Beyrouth] Catharsis<\/em> (Cambourakis)<\/li>\n\n\n\n<li>Zeina Abirached. <em>38, rue Youssef Semaani<\/em> (Cambourakis)<\/li>\n\n\n\n<li>Zeina Abirached. <em>Mourir, partir, revenir &#8211; Le jeu des hirondelles<\/em> (Cambourakis)<\/li>\n\n\n\n<li>Zeina Abirached. <em>Je me souviens. Beyrouth<\/em> (Cambourakis)<\/li>\n<\/ul>\n\n\n\n<div class=\"wp-block-buttons is-layout-flex wp-block-buttons-is-layout-flex\">\n<div class=\"wp-block-button\"><a class=\"wp-block-button__link wp-element-button\" href=\"https:\/\/www.colloque-bd.ca\/en\/\" target=\"_blank\" rel=\"noreferrer noopener\">Visit the website: <em>Beyond Borders<\/em><\/a><\/div>\n<\/div>\n\n\n\n<h2 class=\"wp-block-heading\">A Renewed Partnership<\/h2>\n\n\n\n<p>The <em>Beyond Borders<\/em> conference was organized by Montreal Comic Arts Festival in collaboration with the Center for Interdisciplinary Research in Montreal Studies (CIRM).<\/p>\n\n\n\n<p>MCAF would like to thank the Canada Council for the Arts and the Conseil des arts de Montr\u00e9al.<\/p>\n\n\n\n<p>Thanks also to our service partner the Quartier des spectacles Partnership and Armada Film.<\/p>\n\n\n\n<p>Thanks to Catherine Emmanuel Brunet, M\u00e9lanie Proulx, Fran\u00e7ois Lemay, Cab and l\u2019Atelier d\u2019histoire Mercier-Hochelaga-Maisonneuve and to Jacques Goldstyn for his magnificent illustration work and the opening talk.<\/p>\n\n\n\n<p>And finally, thanks to Anna Giaufret, director of the scientific committee and to the members of the committee: Chedly Belkhodja, Thara Charland, Johanne Desrochers, Emanuelle Dufour, Michel Hellman and Laura Madokoro.<\/p>\n\n\n\n<h2 class=\"wp-block-heading\"><strong>Contact<\/strong><\/h2>\n\n\n\n<p>For information concerning the conference, please contact the organizing committee at the following email address: <a href=\"mailto:colloquebd@fbdm-mcaf.ca\">colloquebd@fbdm-mcaf.ca<\/a><\/p>\n","protected":false},"excerpt":{"rendered":"<p class=\"post-excerpt\">Comic Arts International Conference: <em>Beyond Borders<\/em><\/p>\n<p>The 2nd <strong>International Comic Arts Conference<\/strong>, held from October 19 to 21 in Montreal, offered an insight into the role of borders in the comic arts.<\/p>\n<p>Participants from the academic and comics worlds, and comic arts enthusiasts,<\/p>\n<p>&#8230;<\/p>\n<p><a class=\"post-learn-more\" href=\"https:\/\/www.fbdm-mcaf.ca\/en\/about-us\/archives\/international-comic-arts-conference\/\">Read more<span>&nbsp;><\/span><\/a><\/p><\/p>\n","protected":false},"author":2,"featured_media":32790,"parent":36759,"menu_order":220,"comment_status":"closed","ping_status":"closed","template":"page-templates\/template-festival-content-column.php","meta":{"_acf_changed":false,"_price":"","_stock":"","_tribe_ticket_header":"","_tribe_default_ticket_provider":"","_tribe_ticket_capacity":"0","_ticket_start_date":"","_ticket_end_date":"","_tribe_ticket_show_description":"","_tribe_ticket_show_not_going":false,"_tribe_ticket_use_global_stock":"","_tribe_ticket_global_stock_level":"","_global_stock_mode":"","_global_stock_cap":"","_tribe_rsvp_for_event":"","_tribe_ticket_going_count":"","_tribe_ticket_not_going_count":"","_tribe_tickets_list":"[]","_tribe_ticket_has_attendee_info_fields":false,"footnotes":"","_tec_slr_enabled":"","_tec_slr_layout":""},"class_list":["post-25836","page","type-page","status-publish","has-post-thumbnail","hentry"],"acf":[],"yoast_head":"<!-- This site is optimized with the Yoast SEO plugin v27.5 - https:\/\/yoast.com\/product\/yoast-seo-wordpress\/ -->\n<title>Comic Arts International Conference &#8226; MCAF<\/title>\n<meta name=\"robots\" content=\"index, follow, max-snippet:-1, max-image-preview:large, max-video-preview:-1\" \/>\n<link rel=\"canonical\" href=\"https:\/\/www.fbdm-mcaf.ca\/en\/about-us\/archives\/international-comic-arts-conference\/\" \/>\n<meta property=\"og:locale\" content=\"en_US\" \/>\n<meta property=\"og:type\" content=\"article\" \/>\n<meta property=\"og:title\" content=\"Comic Arts International Conference &#8226; MCAF\" \/>\n<meta property=\"og:description\" content=\"Comic Arts International Conference: Beyond Borders  The 2nd International Comic Arts Conference, held from October 19 to 21 in Montreal, offered an insight into the role of borders in the comic arts.  Participants from the academic and comics worlds, and comic arts enthusiasts,...Read more&nbsp;&gt;\" \/>\n<meta property=\"og:url\" content=\"https:\/\/www.fbdm-mcaf.ca\/en\/about-us\/archives\/international-comic-arts-conference\/\" \/>\n<meta property=\"og:site_name\" content=\"MCAF\" \/>\n<meta property=\"article:publisher\" content=\"https:\/\/www.facebook.com\/FestivalBDMontreal\/\" \/>\n<meta property=\"article:modified_time\" content=\"2023-10-27T15:25:39+00:00\" \/>\n<meta property=\"og:image\" content=\"https:\/\/www.fbdm-mcaf.ca\/wp-content\/uploads\/FBDM_logo_WEB.png\" \/>\n\t<meta property=\"og:image:width\" content=\"390\" \/>\n\t<meta property=\"og:image:height\" content=\"317\" \/>\n\t<meta property=\"og:image:type\" content=\"image\/png\" \/>\n<meta name=\"twitter:card\" content=\"summary_large_image\" \/>\n<meta name=\"twitter:site\" content=\"@fbdm_mtl\" \/>\n<meta name=\"twitter:label1\" content=\"Est. reading time\" \/>\n\t<meta name=\"twitter:data1\" content=\"3 minutes\" \/>\n<script type=\"application\/ld+json\" class=\"yoast-schema-graph\">{\"@context\":\"https:\\\/\\\/schema.org\",\"@graph\":[{\"@type\":\"WebPage\",\"@id\":\"https:\\\/\\\/www.fbdm-mcaf.ca\\\/en\\\/about-us\\\/archives\\\/international-comic-arts-conference\\\/\",\"url\":\"https:\\\/\\\/www.fbdm-mcaf.ca\\\/en\\\/about-us\\\/archives\\\/international-comic-arts-conference\\\/\",\"name\":\"Comic Arts International Conference &#8226; MCAF\",\"isPartOf\":{\"@id\":\"https:\\\/\\\/www.fbdm-mcaf.ca\\\/en\\\/#website\"},\"primaryImageOfPage\":{\"@id\":\"https:\\\/\\\/www.fbdm-mcaf.ca\\\/en\\\/about-us\\\/archives\\\/international-comic-arts-conference\\\/#primaryimage\"},\"image\":{\"@id\":\"https:\\\/\\\/www.fbdm-mcaf.ca\\\/en\\\/about-us\\\/archives\\\/international-comic-arts-conference\\\/#primaryimage\"},\"thumbnailUrl\":\"https:\\\/\\\/www.fbdm-mcaf.ca\\\/wp-content\\\/uploads\\\/FBDM23_activites-tableronde.jpg\",\"datePublished\":\"2021-03-28T21:41:35+00:00\",\"dateModified\":\"2023-10-27T15:25:39+00:00\",\"breadcrumb\":{\"@id\":\"https:\\\/\\\/www.fbdm-mcaf.ca\\\/en\\\/about-us\\\/archives\\\/international-comic-arts-conference\\\/#breadcrumb\"},\"inLanguage\":\"en-US\",\"potentialAction\":[{\"@type\":\"ReadAction\",\"target\":[\"https:\\\/\\\/www.fbdm-mcaf.ca\\\/en\\\/about-us\\\/archives\\\/international-comic-arts-conference\\\/\"]}]},{\"@type\":\"ImageObject\",\"inLanguage\":\"en-US\",\"@id\":\"https:\\\/\\\/www.fbdm-mcaf.ca\\\/en\\\/about-us\\\/archives\\\/international-comic-arts-conference\\\/#primaryimage\",\"url\":\"https:\\\/\\\/www.fbdm-mcaf.ca\\\/wp-content\\\/uploads\\\/FBDM23_activites-tableronde.jpg\",\"contentUrl\":\"https:\\\/\\\/www.fbdm-mcaf.ca\\\/wp-content\\\/uploads\\\/FBDM23_activites-tableronde.jpg\",\"width\":1080,\"height\":1080},{\"@type\":\"BreadcrumbList\",\"@id\":\"https:\\\/\\\/www.fbdm-mcaf.ca\\\/en\\\/about-us\\\/archives\\\/international-comic-arts-conference\\\/#breadcrumb\",\"itemListElement\":[{\"@type\":\"ListItem\",\"position\":1,\"name\":\"Home\",\"item\":\"https:\\\/\\\/www.fbdm-mcaf.ca\\\/en\\\/\"},{\"@type\":\"ListItem\",\"position\":2,\"name\":\"About Us\",\"item\":\"https:\\\/\\\/www.fbdm-mcaf.ca\\\/en\\\/about-us\\\/\"},{\"@type\":\"ListItem\",\"position\":3,\"name\":\"Archives\",\"item\":\"https:\\\/\\\/www.fbdm-mcaf.ca\\\/en\\\/about-us\\\/archives\\\/\"},{\"@type\":\"ListItem\",\"position\":4,\"name\":\"Comic Arts International Conference\"}]},{\"@type\":\"WebSite\",\"@id\":\"https:\\\/\\\/www.fbdm-mcaf.ca\\\/en\\\/#website\",\"url\":\"https:\\\/\\\/www.fbdm-mcaf.ca\\\/en\\\/\",\"name\":\"MCAF\",\"description\":\"Montreal Comic Arts Festival\",\"potentialAction\":[{\"@type\":\"SearchAction\",\"target\":{\"@type\":\"EntryPoint\",\"urlTemplate\":\"https:\\\/\\\/www.fbdm-mcaf.ca\\\/en\\\/?s={search_term_string}\"},\"query-input\":{\"@type\":\"PropertyValueSpecification\",\"valueRequired\":true,\"valueName\":\"search_term_string\"}}],\"inLanguage\":\"en-US\"}]}<\/script>\n<!-- \/ Yoast SEO plugin. -->","yoast_head_json":{"title":"Comic Arts International Conference &#8226; MCAF","robots":{"index":"index","follow":"follow","max-snippet":"max-snippet:-1","max-image-preview":"max-image-preview:large","max-video-preview":"max-video-preview:-1"},"canonical":"https:\/\/www.fbdm-mcaf.ca\/en\/about-us\/archives\/international-comic-arts-conference\/","og_locale":"en_US","og_type":"article","og_title":"Comic Arts International Conference &#8226; MCAF","og_description":"Comic Arts International Conference: Beyond Borders  The 2nd International Comic Arts Conference, held from October 19 to 21 in Montreal, offered an insight into the role of borders in the comic arts.  Participants from the academic and comics worlds, and comic arts enthusiasts,...Read more&nbsp;>","og_url":"https:\/\/www.fbdm-mcaf.ca\/en\/about-us\/archives\/international-comic-arts-conference\/","og_site_name":"MCAF","article_publisher":"https:\/\/www.facebook.com\/FestivalBDMontreal\/","article_modified_time":"2023-10-27T15:25:39+00:00","og_image":[{"width":390,"height":317,"url":"https:\/\/www.fbdm-mcaf.ca\/wp-content\/uploads\/FBDM_logo_WEB.png","type":"image\/png"}],"twitter_card":"summary_large_image","twitter_site":"@fbdm_mtl","twitter_misc":{"Est. reading time":"3 minutes"},"schema":{"@context":"https:\/\/schema.org","@graph":[{"@type":"WebPage","@id":"https:\/\/www.fbdm-mcaf.ca\/en\/about-us\/archives\/international-comic-arts-conference\/","url":"https:\/\/www.fbdm-mcaf.ca\/en\/about-us\/archives\/international-comic-arts-conference\/","name":"Comic Arts International Conference &#8226; MCAF","isPartOf":{"@id":"https:\/\/www.fbdm-mcaf.ca\/en\/#website"},"primaryImageOfPage":{"@id":"https:\/\/www.fbdm-mcaf.ca\/en\/about-us\/archives\/international-comic-arts-conference\/#primaryimage"},"image":{"@id":"https:\/\/www.fbdm-mcaf.ca\/en\/about-us\/archives\/international-comic-arts-conference\/#primaryimage"},"thumbnailUrl":"https:\/\/www.fbdm-mcaf.ca\/wp-content\/uploads\/FBDM23_activites-tableronde.jpg","datePublished":"2021-03-28T21:41:35+00:00","dateModified":"2023-10-27T15:25:39+00:00","breadcrumb":{"@id":"https:\/\/www.fbdm-mcaf.ca\/en\/about-us\/archives\/international-comic-arts-conference\/#breadcrumb"},"inLanguage":"en-US","potentialAction":[{"@type":"ReadAction","target":["https:\/\/www.fbdm-mcaf.ca\/en\/about-us\/archives\/international-comic-arts-conference\/"]}]},{"@type":"ImageObject","inLanguage":"en-US","@id":"https:\/\/www.fbdm-mcaf.ca\/en\/about-us\/archives\/international-comic-arts-conference\/#primaryimage","url":"https:\/\/www.fbdm-mcaf.ca\/wp-content\/uploads\/FBDM23_activites-tableronde.jpg","contentUrl":"https:\/\/www.fbdm-mcaf.ca\/wp-content\/uploads\/FBDM23_activites-tableronde.jpg","width":1080,"height":1080},{"@type":"BreadcrumbList","@id":"https:\/\/www.fbdm-mcaf.ca\/en\/about-us\/archives\/international-comic-arts-conference\/#breadcrumb","itemListElement":[{"@type":"ListItem","position":1,"name":"Home","item":"https:\/\/www.fbdm-mcaf.ca\/en\/"},{"@type":"ListItem","position":2,"name":"About Us","item":"https:\/\/www.fbdm-mcaf.ca\/en\/about-us\/"},{"@type":"ListItem","position":3,"name":"Archives","item":"https:\/\/www.fbdm-mcaf.ca\/en\/about-us\/archives\/"},{"@type":"ListItem","position":4,"name":"Comic Arts International Conference"}]},{"@type":"WebSite","@id":"https:\/\/www.fbdm-mcaf.ca\/en\/#website","url":"https:\/\/www.fbdm-mcaf.ca\/en\/","name":"MCAF","description":"Montreal Comic Arts Festival","potentialAction":[{"@type":"SearchAction","target":{"@type":"EntryPoint","urlTemplate":"https:\/\/www.fbdm-mcaf.ca\/en\/?s={search_term_string}"},"query-input":{"@type":"PropertyValueSpecification","valueRequired":true,"valueName":"search_term_string"}}],"inLanguage":"en-US"}]}},"ticketed":false,"_links":{"self":[{"href":"https:\/\/www.fbdm-mcaf.ca\/en\/wp-json\/wp\/v2\/pages\/25836","targetHints":{"allow":["GET"]}}],"collection":[{"href":"https:\/\/www.fbdm-mcaf.ca\/en\/wp-json\/wp\/v2\/pages"}],"about":[{"href":"https:\/\/www.fbdm-mcaf.ca\/en\/wp-json\/wp\/v2\/types\/page"}],"author":[{"embeddable":true,"href":"https:\/\/www.fbdm-mcaf.ca\/en\/wp-json\/wp\/v2\/users\/2"}],"replies":[{"embeddable":true,"href":"https:\/\/www.fbdm-mcaf.ca\/en\/wp-json\/wp\/v2\/comments?post=25836"}],"version-history":[{"count":5,"href":"https:\/\/www.fbdm-mcaf.ca\/en\/wp-json\/wp\/v2\/pages\/25836\/revisions"}],"predecessor-version":[{"id":33223,"href":"https:\/\/www.fbdm-mcaf.ca\/en\/wp-json\/wp\/v2\/pages\/25836\/revisions\/33223"}],"up":[{"embeddable":true,"href":"https:\/\/www.fbdm-mcaf.ca\/en\/wp-json\/wp\/v2\/pages\/36759"}],"wp:featuredmedia":[{"embeddable":true,"href":"https:\/\/www.fbdm-mcaf.ca\/en\/wp-json\/wp\/v2\/media\/32790"}],"wp:attachment":[{"href":"https:\/\/www.fbdm-mcaf.ca\/en\/wp-json\/wp\/v2\/media?parent=25836"}],"curies":[{"name":"wp","href":"https:\/\/api.w.org\/{rel}","templated":true}]}}